{"id":15912,"date":"2023-06-08T10:11:41","date_gmt":"2023-06-08T08:11:41","guid":{"rendered":"https:\/\/agbw.org\/?page_id=15912"},"modified":"2023-09-07T07:43:55","modified_gmt":"2023-09-07T05:43:55","slug":"kinder","status":"publish","type":"page","link":"https:\/\/agbw.org\/am\/kinder\/","title":{"rendered":"Kinder"},"content":{"rendered":"<p><div class=\"fusion-fullwidth fullwidth-box fusion-builder-row-1 fusion-flex-container has-pattern-background has-mask-background nonhundred-percent-fullwidth non-hundred-percent-height-scrolling\" style=\"--awb-border-radius-top-left:0px;--awb-border-radius-top-right:0px;--awb-border-radius-bottom-right:0px;--awb-border-radius-bottom-left:0px;--awb-flex-wrap:wrap;\" ><div class=\"fusion-builder-row fusion-row fusion-flex-align-items-flex-start fusion-flex-content-wrap\" style=\"max-width:1248px;margin-left: calc(-4% \/ 2 );margin-right: calc(-4% \/ 2 );\"><div class=\"fusion-layout-column fusion_builder_column fusion-builder-column-0 fusion_builder_column_1_1 1_1 fusion-flex-column\" style=\"--awb-bg-size:cover;--awb-width-large:100%;--awb-margin-top-large:0px;--awb-spacing-right-large:1.92%;--awb-margin-bottom-large:20px;--awb-spacing-left-large:1.92%;--awb-width-medium:100%;--awb-order-medium:0;--awb-spacing-right-medium:1.92%;--awb-spacing-left-medium:1.92%;--awb-width-small:100%;--awb-order-small:0;--awb-spacing-right-small:1.92%;--awb-spacing-left-small:1.92%;\"><div class=\"fusion-column-wrapper fusion-column-has-shadow fusion-flex-justify-content-flex-start fusion-content-layout-column\"><div class=\"fusion-title title fusion-title-1 fusion-sep-none fusion-title-center fusion-title-text fusion-title-size-one\" style=\"--awb-margin-top-small:10px;--awb-margin-right-small:0px;--awb-margin-bottom-small:10px;--awb-margin-left-small:0px;\"><h1 class=\"fusion-title-heading title-heading-center fusion-responsive-typography-calculated\" style=\"margin:0;--fontSize:35;line-height:1.2;\"><span style=\"font-size: 36pt;\"><span style=\"color: #ff0000;\">AGBW<\/span> <span style=\"color: #003366;\">F\u00dcR<\/span> <span style=\"color: #ff6600;\">KINDER<\/span><\/span><\/h1><\/div><div class=\"fusion-image-element \" style=\"text-align:center;--awb-caption-title-font-family:var(--h2_typography-font-family);--awb-caption-title-font-weight:var(--h2_typography-font-weight);--awb-caption-title-font-style:var(--h2_typography-font-style);--awb-caption-title-size:var(--h2_typography-font-size);--awb-caption-title-transform:var(--h2_typography-text-transform);--awb-caption-title-line-height:var(--h2_typography-line-height);--awb-caption-title-letter-spacing:var(--h2_typography-letter-spacing);\"><span class=\" fusion-imageframe imageframe-none imageframe-1 hover-type-none\"><img decoding=\"async\" width=\"300\" height=\"86\" title=\"newone\" src=\"https:\/\/agbw.org\/wp-content\/uploads\/2023\/06\/newone-300x86.png\" alt class=\"img-responsive wp-image-16015\" srcset=\"https:\/\/agbw.org\/wp-content\/uploads\/2023\/06\/newone-200x57.png 200w, https:\/\/agbw.org\/wp-content\/uploads\/2023\/06\/newone-400x114.png 400w, https:\/\/agbw.org\/wp-content\/uploads\/2023\/06\/newone-600x171.png 600w, https:\/\/agbw.org\/wp-content\/uploads\/2023\/06\/newone.png 700w\" sizes=\"(max-width: 1024px) 100vw, (max-width: 640px) 100vw, 300px\" \/><\/span><\/div><\/div><\/div><\/div><\/div><div class=\"fusion-fullwidth fullwidth-box fusion-builder-row-2 fusion-flex-container has-pattern-background has-mask-background nonhundred-percent-fullwidth non-hundred-percent-height-scrolling\" style=\"--awb-border-radius-top-left:0px;--awb-border-radius-top-right:0px;--awb-border-radius-bottom-right:0px;--awb-border-radius-bottom-left:0px;--awb-flex-wrap:wrap;\" ><div class=\"fusion-builder-row fusion-row fusion-flex-align-items-flex-start fusion-flex-content-wrap\" style=\"max-width:1248px;margin-left: calc(-4% \/ 2 );margin-right: calc(-4% \/ 2 );\"><div class=\"fusion-layout-column fusion_builder_column fusion-builder-column-1 fusion_builder_column_1_1 1_1 fusion-flex-column\" style=\"--awb-bg-color:var(--awb-color4);--awb-bg-color-hover:var(--awb-color4);--awb-bg-size:cover;--awb-width-large:100%;--awb-margin-top-large:0px;--awb-spacing-right-large:1.92%;--awb-margin-bottom-large:20px;--awb-spacing-left-large:1.92%;--awb-width-medium:100%;--awb-order-medium:0;--awb-spacing-right-medium:1.92%;--awb-spacing-left-medium:1.92%;--awb-width-small:100%;--awb-order-small:0;--awb-spacing-right-small:1.92%;--awb-spacing-left-small:1.92%;\" data-scroll-devices=\"small-visibility,medium-visibility,large-visibility\"><div class=\"fusion-column-wrapper fusion-column-has-shadow fusion-flex-justify-content-flex-start fusion-content-layout-column\"><div class=\"fusion-title title fusion-title-2 fusion-sep-none fusion-title-center fusion-title-text fusion-title-size-two\" style=\"--awb-text-color:#ffffff;--awb-margin-top-small:10px;--awb-margin-right-small:0px;--awb-margin-bottom-small:10px;--awb-margin-left-small:0px;--awb-sep-color:var(--awb-color4);\"><h2 class=\"fusion-title-heading title-heading-center fusion-responsive-typography-calculated\" style=\"margin:0;--fontSize:28;line-height:1.2;\"><span style=\"font-family: 'comic sans ms', sans-serif; font-size: 18pt; color: #ffffff;\">Gute Nachrichten f\u00fcr Kinder!<\/span><\/h2><\/div><\/div><\/div><div class=\"fusion-layout-column fusion_builder_column fusion-builder-column-2 fusion_builder_column_1_1 1_1 fusion-flex-column\" style=\"--awb-bg-size:cover;--awb-width-large:100%;--awb-margin-top-large:20px;--awb-spacing-right-large:1.92%;--awb-margin-bottom-large:20px;--awb-spacing-left-large:1.92%;--awb-width-medium:100%;--awb-order-medium:0;--awb-spacing-right-medium:1.92%;--awb-spacing-left-medium:1.92%;--awb-width-small:100%;--awb-order-small:0;--awb-spacing-right-small:1.92%;--awb-spacing-left-small:1.92%;\" data-scroll-devices=\"small-visibility,medium-visibility,large-visibility\"><div class=\"fusion-column-wrapper fusion-column-has-shadow fusion-flex-justify-content-flex-start fusion-content-layout-column\"><div class=\"fusion-separator fusion-full-width-sep\" style=\"align-self: center;margin-left: auto;margin-right: auto;margin-top:15px;margin-bottom:15px;width:100%;\"><\/div><div class=\"fusion-blog-shortcode fusion-blog-shortcode-1 fusion-blog-archive fusion-blog-layout-grid-wrapper fusion-blog-pagination\"><style type=\"text\/css\">.fusion-blog-shortcode-1 .fusion-blog-layout-grid .fusion-post-grid{padding:20px;}.fusion-blog-shortcode-1 .fusion-posts-container{margin-left: -20px !important; margin-right:-20px !important;}<\/style><div class=\"fusion-posts-container fusion-posts-container-pagination fusion-blog-rollover fusion-blog-layout-grid fusion-blog-layout-grid-3 isotope\" data-pages=\"9\" data-grid-col-space=\"40\" style=\"margin: -20px -20px 0;min-height:500px;\"><article id=\"blog-1-post-22107\" class=\"fusion-post-grid post-22107 post type-post status-publish format-standard has-post-thumbnail hentry category-allgemein category-jugend tag-christliche-erziehung tag-kindererziehung\">\n<div class=\"fusion-post-wrapper\" style=\"background-color:rgba(255,255,255,0);border:1px solid #f2f3f5;border-bottom-width:3px;\">\n\n\t\t\t<div class=\"fusion-flexslider flexslider fusion-flexslider-loading fusion-post-slideshow\" style=\"border-color:#f2f3f5;\">\n\t\t<ul class=\"slides\">\n\t\t\t\n\t\t\t\t\t\t\t\t\t\t\t\t\t\t<li><div  class=\"fusion-image-wrapper\" aria-haspopup=\"true\">\n\t\t\t\t<img decoding=\"async\" width=\"1448\" height=\"1086\" src=\"https:\/\/agbw.org\/wp-content\/uploads\/2026\/04\/ChatGPT-Image-17.-Apr.-2026-08_55_49.png\" class=\"attachment-full size-full wp-post-image\" alt=\"\" srcset=\"https:\/\/agbw.org\/wp-content\/uploads\/2026\/04\/ChatGPT-Image-17.-Apr.-2026-08_55_49-200x150.png 200w, https:\/\/agbw.org\/wp-content\/uploads\/2026\/04\/ChatGPT-Image-17.-Apr.-2026-08_55_49-400x300.png 400w, https:\/\/agbw.org\/wp-content\/uploads\/2026\/04\/ChatGPT-Image-17.-Apr.-2026-08_55_49-600x450.png 600w, https:\/\/agbw.org\/wp-content\/uploads\/2026\/04\/ChatGPT-Image-17.-Apr.-2026-08_55_49-800x600.png 800w, https:\/\/agbw.org\/wp-content\/uploads\/2026\/04\/ChatGPT-Image-17.-Apr.-2026-08_55_49-1200x900.png 1200w, https:\/\/agbw.org\/wp-content\/uploads\/2026\/04\/ChatGPT-Image-17.-Apr.-2026-08_55_49.png 1448w\" sizes=\"(min-width: 2200px) 100vw, (min-width: 784px) 373px, (min-width: 712px) 560px, (min-width: 640px) 712px, \" \/><div class=\"fusion-rollover\">\n\t<div class=\"fusion-rollover-content\">\n\n\t\t\t\t\t\t\t\t\t\t\t\t\t\t<a class=\"fusion-rollover-link\" href=\"https:\/\/agbw.org\/am\/2026\/erziehung-ist-herzenssache\/\">Erziehung ist Herzenssache<\/a>\n\t\t\t\n\t\t\t\t\t\t\t\t\t\t\t\t\t\t\n\t\t\t\t\t\t\t\t\n\t\t\t\t\t\t\t\t\t\t\t\t\t<div class=\"fusion-rollover-sep\"><\/div>\n\t\t\t\t\n\t\t\t\t\t\t\t\t\t\t\t\t\t\t\t\t\t\t<a class=\"fusion-rollover-gallery\" href=\"https:\/\/agbw.org\/wp-content\/uploads\/2026\/04\/ChatGPT-Image-17.-Apr.-2026-08_55_49.png\" data-options=\"\" data-id=\"22107\" data-rel=\"iLightbox[gallery]\" data-title=\"17. Apr. 2026, Karikatur. PDS. Erstellt durch Chat GPT unter Anweisung.\" data-caption=\"\">\n\t\t\t\t\t\tGallery\t\t\t\t\t<\/a>\n\t\t\t\t\t\t\t\t\t\t\t\t\t\t\n\t\t\n\t\t\t\t\t\t\t\t\t\t\t\t<h4 class=\"fusion-rollover-title\">\n\t\t\t\t\t<a class=\"fusion-rollover-title-link\" href=\"https:\/\/agbw.org\/am\/2026\/erziehung-ist-herzenssache\/\">\n\t\t\t\t\t\tErziehung ist Herzenssache\t\t\t\t\t<\/a>\n\t\t\t\t<\/h4>\n\t\t\t\n\t\t\t\t\t\t\t\t\t\t<div class=\"fusion-rollover-categories\"><a href=\"https:\/\/agbw.org\/am\/category\/allgemein\/\" rel=\"tag\">Allgemein<\/a>, <a href=\"https:\/\/agbw.org\/am\/category\/jugend\/\" rel=\"tag\">Jugend<\/a><\/div>\t\t\t\t\t\n\t\t\n\t\t\t\t\t\t<a class=\"fusion-link-wrapper\" href=\"https:\/\/agbw.org\/am\/2026\/erziehung-ist-herzenssache\/\" aria-label=\"Erziehung ist Herzenssache\"><\/a>\n\t<\/div>\n<\/div>\n<\/div>\n<\/li>\n\t\t\t\n\t\t\t\n\t\t\t\t\t\t\t\t\t\t\t\t\t\t\t\t\t\t\t\t\t\t\t\t\t\t\t\t\t\t\t\t\t\t\t\t\t\t\t\t\t\t\t\t\t\t\t\t\t\t\t\t\t\t\t\t\t\t\t\t\t\t\t\t\t\t\t\t<\/ul>\n\t<\/div>\n\t<div class=\"fusion-post-content-wrapper\" style=\"padding:30px 25px 25px 25px;\"><div class=\"fusion-post-content post-content\"><h2 class=\"blog-shortcode-post-title entry-title\"><a href=\"https:\/\/agbw.org\/am\/2026\/erziehung-ist-herzenssache\/\">Erziehung ist Herzenssache<\/a><\/h2><p class=\"fusion-single-line-meta\">By <span><a href=\"https:\/\/agbw.org\/am\/author\/pfarrer\/\" title=\"AGBW-\u056b \u0563\u0580\u0561\u057c\u0578\u0582\u0574\u0576\u0565\u0580\u0568\" rel=\"author\">AGBW<\/a><\/span><span class=\"fusion-inline-sep\">|<\/span><span class=\"updated\" style=\"display:none;\">2026-04-17T08:59:47+02:00<\/span><span>17. \u0531\u057a\u0580\u056b\u056c\u056b 2026<\/span><span class=\"fusion-inline-sep\">|<\/span>Categories: <a href=\"https:\/\/agbw.org\/am\/category\/allgemein\/\" rel=\"category tag\">Allgemein<\/a>, <a href=\"https:\/\/agbw.org\/am\/category\/jugend\/\" rel=\"category tag\">Jugend<\/a><span class=\"fusion-inline-sep\">|<\/span><span class=\"meta-tags\">Tags: <a href=\"https:\/\/agbw.org\/am\/tag\/christliche-erziehung\/\" rel=\"tag\">Christliche Erziehung<\/a>, <a href=\"https:\/\/agbw.org\/am\/tag\/kindererziehung\/\" rel=\"tag\">Kindererziehung<\/a><\/span><span class=\"fusion-inline-sep\">|<\/span><\/p><div class=\"fusion-content-sep sep-double sep-solid\"><\/div><div class=\"fusion-post-content-container\"><p> Erziehung ist Herzenssache  Ein Gespr\u00e4ch zwischen AGBW und [...]<\/p><\/div><\/div><div class=\"fusion-meta-info\"><div class=\"fusion-alignleft\"><a class=\"fusion-read-more\" href=\"https:\/\/agbw.org\/am\/2026\/erziehung-ist-herzenssache\/\" aria-label=\"More on Erziehung ist Herzenssache\">Read More<\/a><\/div><div class=\"fusion-alignright\"><span>\u0544\u0565\u056f\u0576\u0561\u0562\u0561\u0576\u0578\u0582\u0569\u0575\u0578\u0582\u0576\u0576\u0565\u0580\u0568 \u056f\u0561\u057d\u0565\u0581\u057e\u0561\u056e \u0565\u0576 <span class=\"screen-reader-text\">Erziehung ist Herzenssache-\u0578\u0582\u0574<\/span><\/span><\/div><\/div><\/div><div class=\"fusion-clearfix\"><\/div><\/div>\n<\/article>\n<article id=\"blog-1-post-18853\" class=\"fusion-post-grid post-18853 post type-post status-publish format-standard has-post-thumbnail hentry category-allgemein category-ja-agbw category-jugend category-jugendausschuss tag-palmsonntag tag-palmsonntag-fuer-eltern-und-kinder\">\n<div class=\"fusion-post-wrapper\" style=\"background-color:rgba(255,255,255,0);border:1px solid #f2f3f5;border-bottom-width:3px;\">\n\n\t\t\t<div class=\"fusion-flexslider flexslider fusion-flexslider-loading fusion-post-slideshow\" style=\"border-color:#f2f3f5;\">\n\t\t<ul class=\"slides\">\n\t\t\t\n\t\t\t\t\t\t\t\t\t\t\t\t\t\t<li><div  class=\"fusion-image-wrapper\" aria-haspopup=\"true\">\n\t\t\t\t<img decoding=\"async\" width=\"900\" height=\"600\" src=\"https:\/\/agbw.org\/wp-content\/uploads\/2024\/03\/Palmsonntag_EuK.png\" class=\"attachment-full size-full wp-post-image\" alt=\"\" srcset=\"https:\/\/agbw.org\/wp-content\/uploads\/2024\/03\/Palmsonntag_EuK-200x133.png 200w, https:\/\/agbw.org\/wp-content\/uploads\/2024\/03\/Palmsonntag_EuK-400x267.png 400w, https:\/\/agbw.org\/wp-content\/uploads\/2024\/03\/Palmsonntag_EuK-600x400.png 600w, https:\/\/agbw.org\/wp-content\/uploads\/2024\/03\/Palmsonntag_EuK-800x533.png 800w, https:\/\/agbw.org\/wp-content\/uploads\/2024\/03\/Palmsonntag_EuK.png 900w\" sizes=\"(min-width: 2200px) 100vw, (min-width: 784px) 373px, (min-width: 712px) 560px, (min-width: 640px) 712px, \" \/><div class=\"fusion-rollover\">\n\t<div class=\"fusion-rollover-content\">\n\n\t\t\t\t\t\t\t\t\t\t\t\t\t\t<a class=\"fusion-rollover-link\" href=\"https:\/\/agbw.org\/am\/2026\/palsmontag-eltern-kinder\/\">Palmsonntag f\u00fcr Eltern und Kinder<\/a>\n\t\t\t\n\t\t\t\t\t\t\t\t\t\t\t\t\t\t\n\t\t\t\t\t\t\t\t\n\t\t\t\t\t\t\t\t\t\t\t\t\t<div class=\"fusion-rollover-sep\"><\/div>\n\t\t\t\t\n\t\t\t\t\t\t\t\t\t\t\t\t\t\t\t\t\t\t<a class=\"fusion-rollover-gallery\" href=\"https:\/\/agbw.org\/wp-content\/uploads\/2024\/03\/Palmsonntag_EuK.png\" data-options=\"\" data-id=\"18853\" data-rel=\"iLightbox[gallery]\" data-title=\"Palmsonntag_EuK\" data-caption=\"\">\n\t\t\t\t\t\tGallery\t\t\t\t\t<\/a>\n\t\t\t\t\t\t\t\t\t\t\t\t\t\t\n\t\t\n\t\t\t\t\t\t\t\t\t\t\t\t<h4 class=\"fusion-rollover-title\">\n\t\t\t\t\t<a class=\"fusion-rollover-title-link\" href=\"https:\/\/agbw.org\/am\/2026\/palsmontag-eltern-kinder\/\">\n\t\t\t\t\t\tPalmsonntag f\u00fcr Eltern und Kinder\t\t\t\t\t<\/a>\n\t\t\t\t<\/h4>\n\t\t\t\n\t\t\t\t\t\t\t\t\t\t<div class=\"fusion-rollover-categories\"><a href=\"https:\/\/agbw.org\/am\/category\/allgemein\/\" rel=\"tag\">Allgemein<\/a>, <a href=\"https:\/\/agbw.org\/am\/category\/ja-agbw\/\" rel=\"tag\">JA AGBW<\/a>, <a href=\"https:\/\/agbw.org\/am\/category\/jugend\/\" rel=\"tag\">Jugend<\/a>, <a href=\"https:\/\/agbw.org\/am\/category\/jugendausschuss\/\" rel=\"tag\">Jugendausschuss<\/a><\/div>\t\t\t\t\t\n\t\t\n\t\t\t\t\t\t<a class=\"fusion-link-wrapper\" href=\"https:\/\/agbw.org\/am\/2026\/palsmontag-eltern-kinder\/\" aria-label=\"Palmsonntag f\u00fcr Eltern und Kinder\"><\/a>\n\t<\/div>\n<\/div>\n<\/div>\n<\/li>\n\t\t\t\n\t\t\t\n\t\t\t\t\t\t\t\t\t\t\t\t\t\t\t\t\t\t\t\t\t\t\t\t\t\t\t\t\t\t\t\t\t\t\t\t\t\t\t\t\t\t\t\t\t\t\t\t\t\t\t\t\t\t\t\t\t\t\t\t\t\t\t\t\t\t\t\t<\/ul>\n\t<\/div>\n\t<div class=\"fusion-post-content-wrapper\" style=\"padding:30px 25px 25px 25px;\"><div class=\"fusion-post-content post-content\"><h2 class=\"blog-shortcode-post-title entry-title\"><a href=\"https:\/\/agbw.org\/am\/2026\/palsmontag-eltern-kinder\/\">Palmsonntag f\u00fcr Eltern und Kinder<\/a><\/h2><p class=\"fusion-single-line-meta\">By <span><a href=\"https:\/\/agbw.org\/am\/author\/pfarrer\/\" title=\"AGBW-\u056b \u0563\u0580\u0561\u057c\u0578\u0582\u0574\u0576\u0565\u0580\u0568\" rel=\"author\">AGBW<\/a><\/span><span class=\"fusion-inline-sep\">|<\/span><span class=\"updated\" style=\"display:none;\">2026-03-29T08:42:40+02:00<\/span><span>29. \u0544\u0561\u0580\u057f\u056b 2026<\/span><span class=\"fusion-inline-sep\">|<\/span>Categories: <a href=\"https:\/\/agbw.org\/am\/category\/allgemein\/\" rel=\"category tag\">Allgemein<\/a>, <a href=\"https:\/\/agbw.org\/am\/category\/ja-agbw\/\" rel=\"category tag\">JA AGBW<\/a>, <a href=\"https:\/\/agbw.org\/am\/category\/jugend\/\" rel=\"category tag\">Jugend<\/a>, <a href=\"https:\/\/agbw.org\/am\/category\/jugendausschuss\/\" rel=\"category tag\">Jugendausschuss<\/a><span class=\"fusion-inline-sep\">|<\/span><span class=\"meta-tags\">Tags: <a href=\"https:\/\/agbw.org\/am\/tag\/palmsonntag\/\" rel=\"tag\">Palmsonntag<\/a>, <a href=\"https:\/\/agbw.org\/am\/tag\/palmsonntag-fuer-eltern-und-kinder\/\" rel=\"tag\">Palmsonntag f\u00fcr Eltern und Kinder<\/a><\/span><span class=\"fusion-inline-sep\">|<\/span><\/p><div class=\"fusion-content-sep sep-double sep-solid\"><\/div><div class=\"fusion-post-content-container\"><p> Palmsonntag (Tsaghkazard)  F\u00fcr Eltern und Kinder erkl\u00e4rt  [...]<\/p><\/div><\/div><div class=\"fusion-meta-info\"><div class=\"fusion-alignleft\"><a class=\"fusion-read-more\" href=\"https:\/\/agbw.org\/am\/2026\/palsmontag-eltern-kinder\/\" aria-label=\"More on Palmsonntag f\u00fcr Eltern und Kinder\">Read More<\/a><\/div><div class=\"fusion-alignright\"><span>\u0544\u0565\u056f\u0576\u0561\u0562\u0561\u0576\u0578\u0582\u0569\u0575\u0578\u0582\u0576\u0576\u0565\u0580\u0568 \u056f\u0561\u057d\u0565\u0581\u057e\u0561\u056e \u0565\u0576 <span class=\"screen-reader-text\">Palmsonntag f\u00fcr Eltern und Kinder-\u0578\u0582\u0574<\/span><\/span><\/div><\/div><\/div><div class=\"fusion-clearfix\"><\/div><\/div>\n<\/article>\n<article id=\"blog-1-post-21964\" class=\"fusion-post-grid post-21964 post type-post status-publish format-standard has-post-thumbnail hentry category-abt1 category-allgemein category-jugend tag-patarag-mit-kindern\">\n<div class=\"fusion-post-wrapper\" style=\"background-color:rgba(255,255,255,0);border:1px solid #f2f3f5;border-bottom-width:3px;\">\n\n\t\t\t<div class=\"fusion-flexslider flexslider fusion-flexslider-loading fusion-post-slideshow\" style=\"border-color:#f2f3f5;\">\n\t\t<ul class=\"slides\">\n\t\t\t\n\t\t\t\t\t\t\t\t\t\t\t\t\t\t<li><div  class=\"fusion-image-wrapper\" aria-haspopup=\"true\">\n\t\t\t\t<img decoding=\"async\" width=\"1536\" height=\"1024\" src=\"https:\/\/agbw.org\/wp-content\/uploads\/2026\/03\/ChatGPT-Image-17.-Jan.-2026-14_53_41.png\" class=\"attachment-full size-full wp-post-image\" alt=\"\" srcset=\"https:\/\/agbw.org\/wp-content\/uploads\/2026\/03\/ChatGPT-Image-17.-Jan.-2026-14_53_41-200x133.png 200w, https:\/\/agbw.org\/wp-content\/uploads\/2026\/03\/ChatGPT-Image-17.-Jan.-2026-14_53_41-400x267.png 400w, https:\/\/agbw.org\/wp-content\/uploads\/2026\/03\/ChatGPT-Image-17.-Jan.-2026-14_53_41-600x400.png 600w, https:\/\/agbw.org\/wp-content\/uploads\/2026\/03\/ChatGPT-Image-17.-Jan.-2026-14_53_41-800x533.png 800w, https:\/\/agbw.org\/wp-content\/uploads\/2026\/03\/ChatGPT-Image-17.-Jan.-2026-14_53_41-1200x800.png 1200w, https:\/\/agbw.org\/wp-content\/uploads\/2026\/03\/ChatGPT-Image-17.-Jan.-2026-14_53_41.png 1536w\" sizes=\"(min-width: 2200px) 100vw, (min-width: 784px) 373px, (min-width: 712px) 560px, (min-width: 640px) 712px, \" \/><div class=\"fusion-rollover\">\n\t<div class=\"fusion-rollover-content\">\n\n\t\t\t\t\t\t\t\t\t\t\t\t\t\t<a class=\"fusion-rollover-link\" href=\"https:\/\/agbw.org\/am\/2026\/surb-patarag-erleben-ein-begleiter-fuer-familien\/\">Surb Patarag erleben: Ein Begleiter f\u00fcr Familien<\/a>\n\t\t\t\n\t\t\t\t\t\t\t\t\t\t\t\t\t\t\n\t\t\t\t\t\t\t\t\n\t\t\t\t\t\t\t\t\t\t\t\t\t<div class=\"fusion-rollover-sep\"><\/div>\n\t\t\t\t\n\t\t\t\t\t\t\t\t\t\t\t\t\t\t\t\t\t\t<a class=\"fusion-rollover-gallery\" href=\"https:\/\/agbw.org\/wp-content\/uploads\/2026\/03\/ChatGPT-Image-17.-Jan.-2026-14_53_41.png\" data-options=\"\" data-id=\"21964\" data-rel=\"iLightbox[gallery]\" data-title=\"Image 17. Jan. 2026, 14_53_41\" data-caption=\"\">\n\t\t\t\t\t\tGallery\t\t\t\t\t<\/a>\n\t\t\t\t\t\t\t\t\t\t\t\t\t\t\n\t\t\n\t\t\t\t\t\t\t\t\t\t\t\t<h4 class=\"fusion-rollover-title\">\n\t\t\t\t\t<a class=\"fusion-rollover-title-link\" href=\"https:\/\/agbw.org\/am\/2026\/surb-patarag-erleben-ein-begleiter-fuer-familien\/\">\n\t\t\t\t\t\tSurb Patarag erleben: Ein Begleiter f\u00fcr Familien\t\t\t\t\t<\/a>\n\t\t\t\t<\/h4>\n\t\t\t\n\t\t\t\t\t\t\t\t\t\t<div class=\"fusion-rollover-categories\"><a href=\"https:\/\/agbw.org\/am\/category\/abt1\/\" rel=\"tag\">Abteilung Glaube<\/a>, <a href=\"https:\/\/agbw.org\/am\/category\/allgemein\/\" rel=\"tag\">Allgemein<\/a>, <a href=\"https:\/\/agbw.org\/am\/category\/jugend\/\" rel=\"tag\">Jugend<\/a><\/div>\t\t\t\t\t\n\t\t\n\t\t\t\t\t\t<a class=\"fusion-link-wrapper\" href=\"https:\/\/agbw.org\/am\/2026\/surb-patarag-erleben-ein-begleiter-fuer-familien\/\" aria-label=\"Surb Patarag erleben: Ein Begleiter f\u00fcr Familien\"><\/a>\n\t<\/div>\n<\/div>\n<\/div>\n<\/li>\n\t\t\t\n\t\t\t\n\t\t\t\t\t\t\t\t\t\t\t\t\t\t\t\t\t\t\t\t\t\t\t\t\t\t\t\t\t\t\t\t\t\t\t\t\t\t\t\t\t\t\t\t\t\t\t\t\t\t\t\t\t\t\t\t\t\t\t\t\t\t\t\t\t\t\t\t<\/ul>\n\t<\/div>\n\t<div class=\"fusion-post-content-wrapper\" style=\"padding:30px 25px 25px 25px;\"><div class=\"fusion-post-content post-content\"><h2 class=\"blog-shortcode-post-title entry-title\"><a href=\"https:\/\/agbw.org\/am\/2026\/surb-patarag-erleben-ein-begleiter-fuer-familien\/\">Surb Patarag erleben: Ein Begleiter f\u00fcr Familien<\/a><\/h2><p class=\"fusion-single-line-meta\">By <span><a href=\"https:\/\/agbw.org\/am\/author\/pfarrer\/\" title=\"AGBW-\u056b \u0563\u0580\u0561\u057c\u0578\u0582\u0574\u0576\u0565\u0580\u0568\" rel=\"author\">AGBW<\/a><\/span><span class=\"fusion-inline-sep\">|<\/span><span class=\"updated\" style=\"display:none;\">2026-03-15T10:46:36+01:00<\/span><span>15. \u0544\u0561\u0580\u057f\u056b 2026<\/span><span class=\"fusion-inline-sep\">|<\/span>Categories: <a href=\"https:\/\/agbw.org\/am\/category\/abt1\/\" rel=\"category tag\">Abteilung Glaube<\/a>, <a href=\"https:\/\/agbw.org\/am\/category\/allgemein\/\" rel=\"category tag\">Allgemein<\/a>, <a href=\"https:\/\/agbw.org\/am\/category\/jugend\/\" rel=\"category tag\">Jugend<\/a><span class=\"fusion-inline-sep\">|<\/span><span class=\"meta-tags\">Tags: <a href=\"https:\/\/agbw.org\/am\/tag\/patarag-mit-kindern\/\" rel=\"tag\">Patarag mit Kindern<\/a><\/span><span class=\"fusion-inline-sep\">|<\/span><\/p><div class=\"fusion-content-sep sep-double sep-solid\"><\/div><div class=\"fusion-post-content-container\"><p> Surb Patarag erleben: Ein Begleiter f\u00fcr Familien  Wie [...]<\/p><\/div><\/div><div class=\"fusion-meta-info\"><div class=\"fusion-alignleft\"><a class=\"fusion-read-more\" href=\"https:\/\/agbw.org\/am\/2026\/surb-patarag-erleben-ein-begleiter-fuer-familien\/\" aria-label=\"More on Surb Patarag erleben: Ein Begleiter f\u00fcr Familien\">Read More<\/a><\/div><div class=\"fusion-alignright\"><span>\u0544\u0565\u056f\u0576\u0561\u0562\u0561\u0576\u0578\u0582\u0569\u0575\u0578\u0582\u0576\u0576\u0565\u0580\u0568 \u056f\u0561\u057d\u0565\u0581\u057e\u0561\u056e \u0565\u0576 <span class=\"screen-reader-text\">Surb Patarag erleben: Ein Begleiter f\u00fcr Familien-\u0578\u0582\u0574<\/span><\/span><\/div><\/div><\/div><div class=\"fusion-clearfix\"><\/div><\/div>\n<\/article>\n<div class=\"fusion-clearfix\"><\/div><\/div><div class=\"pagination clearfix\"><span class=\"current\">1<\/span><a href=\"https:\/\/agbw.org\/am\/wp-json\/wp\/v2\/pages\/15912\/page\/2\/\" class=\"inactive\">2<\/a><a class=\"pagination-next\" rel=\"next\" href=\"https:\/\/agbw.org\/am\/wp-json\/wp\/v2\/pages\/15912\/page\/2\/\"><span class=\"page-text\">Next<\/span><span class=\"page-next\"><\/span><\/a><\/div><div class=\"fusion-clearfix\"><\/div><\/div><\/div><\/div><\/div><\/div><div class=\"fusion-fullwidth fullwidth-box fusion-builder-row-3 fusion-flex-container has-pattern-background has-mask-background nonhundred-percent-fullwidth non-hundred-percent-height-scrolling fusion-no-small-visibility\" style=\"--awb-border-sizes-top:0px;--awb-border-sizes-bottom:0px;--awb-border-sizes-left:0px;--awb-border-sizes-right:0px;--awb-border-radius-top-left:0px;--awb-border-radius-top-right:0px;--awb-border-radius-bottom-right:0px;--awb-border-radius-bottom-left:0px;--awb-padding-top:0%;--awb-padding-right:30px;--awb-padding-bottom:1%;--awb-padding-left:30px;--awb-padding-right-medium:60px;--awb-padding-left-medium:60px;--awb-padding-top-small:90px;--awb-padding-right-small:90px;--awb-padding-bottom-small:90px;--awb-padding-left-small:90px;--awb-margin-top:0px;--awb-margin-bottom:0px;--awb-background-color:var(--awb-color8);--awb-flex-wrap:wrap;\" ><div class=\"fusion-builder-row fusion-row fusion-flex-align-items-center fusion-flex-content-wrap\" style=\"max-width:1248px;margin-left: calc(-4% \/ 2 );margin-right: calc(-4% \/ 2 );\"><div class=\"fusion-layout-column fusion_builder_column fusion-builder-column-3 fusion_builder_column_1_2 1_2 fusion-flex-column fusion-animated\" style=\"--awb-padding-right-medium:54px;--awb-bg-size:cover;--awb-width-large:50%;--awb-margin-top-large:0px;--awb-spacing-right-large:19.2%;--awb-margin-bottom-large:0px;--awb-spacing-left-large:3.84%;--awb-width-medium:50%;--awb-spacing-right-medium:0%;--awb-spacing-left-medium:7.68%;--awb-width-small:100%;--awb-order-small:0;--awb-spacing-right-small:1.92%;--awb-margin-bottom-small:34px;--awb-spacing-left-small:1.92%;\" data-animationType=\"fadeInRight\" data-animationDuration=\"1.6\" data-animationOffset=\"top-into-view\"><div class=\"fusion-column-wrapper fusion-column-has-shadow fusion-flex-justify-content-flex-start fusion-content-layout-column\"><div class=\"fusion-title title fusion-title-3 fusion-sep-none fusion-title-text fusion-title-size-one\" style=\"--awb-text-color:var(--awb-color1);--awb-margin-top:0px;--awb-margin-bottom:0px;--awb-margin-top-small:10px;--awb-margin-right-small:0px;--awb-margin-bottom-small:10px;--awb-margin-left-small:0px;--awb-font-size:124px;\"><h1 class=\"fusion-title-heading title-heading-left fusion-responsive-typography-calculated\" style=\"font-family:&quot;Work Sans&quot;;font-style:normal;font-weight:800;margin:0;letter-spacing:-0.012em;text-transform:var(--awb-typography1-text-transform);font-size:1em;--fontSize:124;line-height:1;\"><span style=\"font-family: 'comic sans ms', sans-serif; font-size: 18pt; font-weight: normal;\">Damit sie entdecken, lernen, wachsen!<\/span><\/h1><\/div><div class=\"fusion-text fusion-text-1\" style=\"--awb-content-alignment:left;--awb-font-size:var(--awb-typography4-font-size);--awb-line-height:var(--awb-typography4-line-height);--awb-letter-spacing:var(--awb-typography4-letter-spacing);--awb-text-transform:var(--awb-typography4-text-transform);--awb-text-color:hsla(var(--awb-color1-h),var(--awb-color1-s),var(--awb-color1-l),calc(var(--awb-color1-a) - 20%));--awb-text-font-family:var(--awb-typography4-font-family);--awb-text-font-weight:var(--awb-typography4-font-weight);--awb-text-font-style:var(--awb-typography4-font-style);\"><p><span style=\"font-size: 12pt;\"><em>Jesus aber rief die Kinder zu sich und sagte:<br \/>\nLasst die Kinder zu mir kommen und hindert sie nicht daran!<br \/>\nDenn solchen wie ihnen geh\u00f6rt das Reich Gottes. <a href=\"https:\/\/www.bibleserver.com\/EU\/Lukas18%2C16\" class=\"bibleserver extern\" target=\"_blank\" rel=\"noopener\">Lk 18, 16<\/a><\/em><\/span><\/p>\n<\/div><div class=\"fusion-separator fusion-full-width-sep\" style=\"align-self: center;margin-left: auto;margin-right: auto;margin-bottom:15px;width:100%;\"><\/div><div class=\"fusion-text fusion-text-2 fusion-text-no-margin\" style=\"--awb-font-size:var(--awb-typography4-font-size);--awb-line-height:var(--awb-typography4-line-height);--awb-letter-spacing:var(--awb-typography4-letter-spacing);--awb-text-transform:var(--awb-typography4-text-transform);--awb-text-color:hsla(var(--awb-color1-h),var(--awb-color1-s),var(--awb-color1-l),calc(var(--awb-color1-a) - 20%));--awb-margin-bottom:40px;--awb-text-font-family:var(--awb-typography4-font-family);--awb-text-font-weight:var(--awb-typography4-font-weight);--awb-text-font-style:var(--awb-typography4-font-style);\"><p>Liebe Eltern,<\/p>\n<p>wir freuen uns darauf, Ihre Kinder in unserer Gemeinde willkommen zu hei\u00dfen und ihnen eine unterst\u00fctzende Umgebung zu bieten, in der sie ihre armenische Identit\u00e4t entwickeln und st\u00e4rken k\u00f6nn<span style=\"line-height: 27.52px;\" data-fusion-font=\"true\">en. Bei Fragen ode<\/span>r Interesse an unseren Kinderangeboten stehen unser Team und ich Ihnen gerne zur Verf\u00fcgung.<\/p>\n<p>Pfarrer Dr. Diradur Sardaryan<br \/>\n<i>Gemeindepfarrer<\/i><\/p>\n<\/div><\/div><\/div><div class=\"fusion-layout-column fusion_builder_column fusion-builder-column-4 fusion_builder_column_1_2 1_2 fusion-flex-column fusion-animated\" style=\"--awb-padding-top:10px;--awb-bg-size:cover;--awb-width-large:50%;--awb-margin-top-large:1px;--awb-spacing-right-large:7.68%;--awb-margin-bottom-large:0px;--awb-spacing-left-large:7.68%;--awb-width-medium:100%;--awb-order-medium:0;--awb-spacing-right-medium:1.92%;--awb-spacing-left-medium:1.92%;--awb-width-small:100%;--awb-order-small:0;--awb-spacing-right-small:1.92%;--awb-spacing-left-small:1.92%;\" data-animationType=\"fadeInLeft\" data-animationDuration=\"1.6\" data-animationOffset=\"top-into-view\"><div class=\"fusion-column-wrapper fusion-column-has-shadow fusion-flex-justify-content-center fusion-content-layout-column\"><div class=\"fusion-image-element \" style=\"--awb-caption-title-font-family:var(--h2_typography-font-family);--awb-caption-title-font-weight:var(--h2_typography-font-weight);--awb-caption-title-font-style:var(--h2_typography-font-style);--awb-caption-title-size:var(--h2_typography-font-size);--awb-caption-title-transform:var(--h2_typography-text-transform);--awb-caption-title-line-height:var(--h2_typography-line-height);--awb-caption-title-letter-spacing:var(--h2_typography-letter-spacing);\"><span class=\" fusion-imageframe imageframe-none imageframe-2 hover-type-none\" style=\"border-radius:15px;\"><img decoding=\"async\" width=\"600\" height=\"600\" title=\"AGBW WEB (700 x 700 px)\" src=\"https:\/\/agbw.org\/wp-content\/uploads\/2023\/09\/AGBW-WEB-700-x-700-px-600x600.jpg\" alt class=\"img-responsive wp-image-16905\" srcset=\"https:\/\/agbw.org\/wp-content\/uploads\/2023\/09\/AGBW-WEB-700-x-700-px-200x200.jpg 200w, https:\/\/agbw.org\/wp-content\/uploads\/2023\/09\/AGBW-WEB-700-x-700-px-400x400.jpg 400w, https:\/\/agbw.org\/wp-content\/uploads\/2023\/09\/AGBW-WEB-700-x-700-px-600x600.jpg 600w, https:\/\/agbw.org\/wp-content\/uploads\/2023\/09\/AGBW-WEB-700-x-700-px.jpg 700w\" sizes=\"(max-width: 1024px) 100vw, (max-width: 640px) 100vw, 600px\" \/><\/span><\/div><\/div><\/div><\/div><\/div><div class=\"fusion-fullwidth fullwidth-box fusion-builder-row-4 fusion-flex-container has-pattern-background has-mask-background nonhundred-percent-fullwidth non-hundred-percent-height-scrolling\" style=\"--awb-border-radius-top-left:0px;--awb-border-radius-top-right:0px;--awb-border-radius-bottom-right:0px;--awb-border-radius-bottom-left:0px;--awb-flex-wrap:wrap;\" ><div class=\"fusion-builder-row fusion-row fusion-flex-align-items-flex-start fusion-flex-content-wrap\" style=\"max-width:1248px;margin-left: calc(-4% \/ 2 );margin-right: calc(-4% \/ 2 );\"><div class=\"fusion-layout-column fusion_builder_column fusion-builder-column-5 fusion_builder_column_1_1 1_1 fusion-flex-column\" style=\"--awb-bg-size:cover;--awb-width-large:100%;--awb-margin-top-large:0px;--awb-spacing-right-large:1.92%;--awb-margin-bottom-large:20px;--awb-spacing-left-large:1.92%;--awb-width-medium:100%;--awb-order-medium:0;--awb-spacing-right-medium:1.92%;--awb-spacing-left-medium:1.92%;--awb-width-small:100%;--awb-order-small:0;--awb-spacing-right-small:1.92%;--awb-spacing-left-small:1.92%;\"><div class=\"fusion-column-wrapper fusion-column-has-shadow fusion-flex-justify-content-flex-start fusion-content-layout-column\"><div class=\"fusion-separator fusion-full-width-sep\" style=\"align-self: center;margin-left: auto;margin-right: auto;margin-top:20px;margin-bottom:20px;width:100%;\"><div class=\"fusion-separator-border sep-single sep-solid\" style=\"--awb-height:20px;--awb-amount:20px;border-color:#ffac00;border-top-width:1px;\"><\/div><\/div><div class=\"fusion-title title fusion-title-4 fusion-sep-none fusion-title-center fusion-title-text fusion-title-size-two\" style=\"--awb-text-color:var(--awb-color1);--awb-margin-top-small:10px;--awb-margin-right-small:0px;--awb-margin-bottom-small:10px;--awb-margin-left-small:0px;--awb-sep-color:var(--awb-color4);\"><h2 class=\"fusion-title-heading title-heading-center fusion-responsive-typography-calculated\" style=\"margin:0;--fontSize:28;line-height:1.2;\"><span style=\"font-family: 'comic sans ms', sans-serif;\"><a href=\"https:\/\/agbw.org\/veranstaltungen\/\" target=\"_blank\" rel=\"noopener noreferrer\">Gottesdienste &amp; Veranstaltungen<\/a><\/span><\/h2><\/div>\t\t<div class=\"em em-view-container\" id=\"em-view-309917927\" data-view=\"calendar\">\r\n\t\t\t<div class=\"em pixelbones em-calendar preview-modal responsive-dateclick-modal size-small this-month\" data-scope=\"all\" data-preview-tooltips-trigger=\"\" id=\"em-calendar-309917927\" data-view-id=\"309917927\" data-view-type=\"calendar\" data-month=\"04\" data-year=\"2026\" data-timezone=\"\">\n\t<section class=\"em-cal-nav em-cal-nav-normal\">\n\t\t\t<div class=\"month input\">\n\t\t\t\t\t<form action=\"\" method=\"get\">\n\t\t\t\t<input type=\"month\" class=\"em-month-picker\" value=\"2026-04\" data-month-value=\"\u0531\u057a\u0580 2026\">\n\t\t\t\t<span class=\"toggle\"><\/span>\n\t\t\t<\/form>\n\t\t\t<\/div>\n\t\t\t<div class=\"month-nav input\">\n\t\t<a class=\"em-calnav em-calnav-prev\" href=\"\/am\/wp-json\/wp\/v2\/pages\/15912?mo=3&#038;yr=2026\" data-disabled=\"0\" >\n\t\t\t<svg viewBox=\"0 0 15 15\" xmlns=\"http:\/\/www.w3.org\/2000\/svg\"><path d=\"M10 14L3 7.5L10 1\" stroke=\"#555\" stroke-linecap=\"square\"><\/path><\/svg>\n\t\t<\/a>\n\t\t\t\t\t<a href=\"\" class=\"em-calnav-today button button-secondary size-large size-medium is-today\" >\n\t\t\t\tToday\t\t\t<\/a>\n\t\t\t\t<a class=\"em-calnav em-calnav-next\" href=\"\/am\/wp-json\/wp\/v2\/pages\/15912?mo=5&#038;yr=2026\" data-disabled=\"0\" >\n\t\t\t<svg viewBox=\"0 0 15 15\" xmlns=\"http:\/\/www.w3.org\/2000\/svg\"><path d=\"M5 14L12 7.5L5 1\" stroke=\"#555\" stroke-linecap=\"square\"><\/path><\/svg>\n\t\t<\/a>\n\t<\/div>\n\t<\/section><section class=\"em-cal-head em-cal-week-days em-cal-days size-large\">\n\t\t\t<div class=\"em-cal-day em-cal-col-0\">\u0535\u0580\u056f<\/div>\n\t\t\t\t<div class=\"em-cal-day em-cal-col-1\">\u0535\u0580\u0584<\/div>\n\t\t\t\t<div class=\"em-cal-day em-cal-col-2\">\u0549\u0580\u0584<\/div>\n\t\t\t\t<div class=\"em-cal-day em-cal-col-3\">\u0540\u0576\u0563<\/div>\n\t\t\t\t<div class=\"em-cal-day em-cal-col-4\">\u0548\u0582\u0580<\/div>\n\t\t\t\t<div class=\"em-cal-day em-cal-col-5\">\u0547\u0562\u0569<\/div>\n\t\t\t\t<div class=\"em-cal-day em-cal-col-6\">\u053f\u056b\u0580<\/div>\n\t\t<\/section>\n<section class=\"em-cal-head em-cal-week-days em-cal-days size-small size-medium\">\n\t\t\t<div class=\"em-cal-day em-cal-col-0\">\u0535\u0580<\/div>\n\t\t\t\t<div class=\"em-cal-day em-cal-col-1\">\u0535\u0580<\/div>\n\t\t\t\t<div class=\"em-cal-day em-cal-col-2\">\u0549\u0580<\/div>\n\t\t\t\t<div class=\"em-cal-day em-cal-col-3\">\u0540\u0576<\/div>\n\t\t\t\t<div class=\"em-cal-day em-cal-col-4\">\u0548\u0582<\/div>\n\t\t\t\t<div class=\"em-cal-day em-cal-col-5\">\u0547\u0562<\/div>\n\t\t\t\t<div class=\"em-cal-day em-cal-col-6\">\u053f\u056b<\/div>\n\t\t<\/section><section class=\"em-cal-body em-cal-days event-style-pill even-aspect\">\n\t\t\t<div class=\"eventless-pre em-cal-day em-cal-col-1\">\n\t\t\t\t\t\t\t<div class=\"em-cal-day-date\">\n\t\t\t\t\t<span>30<\/span>\n\t\t\t\t<\/div>\n\t\t\t\t\t<\/div>\n\t\t\t\t<div class=\"eventless-pre em-cal-day em-cal-col-2\">\n\t\t\t\t\t\t\t<div class=\"em-cal-day-date\">\n\t\t\t\t\t<span>31<\/span>\n\t\t\t\t<\/div>\n\t\t\t\t\t<\/div>\n\t\t\t\t<div class=\"eventless em-cal-day em-cal-col-3\">\n\t\t\t\t\t\t\t<div class=\"em-cal-day-date\">\n\t\t\t\t\t<span>1<\/span>\n\t\t\t\t<\/div>\n\t\t\t\t\t<\/div>\n\t\t\t\t<div class=\"eventful eventful em-cal-day em-cal-col-4\">\n\t\t\t\t\t\t\t<div class=\"em-cal-day-date colored\" data-date=\"2026-04-02\" data-timestamp=\"1775088000\" >\n\t\t\t\t\t<a href=\"https:\/\/agbw.org\/am\/veranstaltungen\/2026-04-02\/\" title=\"\">2<\/a>\n\t\t\t\t\t\t\t\t\t<\/div>\n\t\t\t\t\t\t\t\t\t\t<div class=\"em-cal-event\" style=\"--event-background-color:#8224e3;;--event-border-color:#8224e3;;--event-color:#fff;\" data-event-url=\"https:\/\/agbw.org\/am\/events\/%d5%b8%d5%bf%d5%b6%d5%ac%d5%b8%d6%82%d5%a1%d5%b5-fusswaschung-in-kehl-2026\/\" data-event-id=\"804\">\n\t\t\t\t\t\t\t<div>16:00 - <a href=\"https:\/\/agbw.org\/am\/events\/%d5%b8%d5%bf%d5%b6%d5%ac%d5%b8%d6%82%d5%a1%d5%b5-fusswaschung-in-kehl-2026\/\">\u0548\u057f\u0576\u056c\u0578\u0582\u0561\u0575 \/ Fu\u00dfwaschung in Kehl<\/a><\/div>\n\t\t\t\t\t\t<\/div>\n\t\t\t\t\t\t\t\t\t\t\t\t<div class=\"em-cal-event\" style=\"--event-background-color:#8224e3;;--event-border-color:#8224e3;;--event-color:#fff;\" data-event-url=\"https:\/\/agbw.org\/am\/events\/%d5%b8%d5%bf%d5%b6%d5%ac%d5%b8%d6%82%d5%a1%d5%b5-fusswaschung-in-goeppingen-2026\/\" data-event-id=\"805\">\n\t\t\t\t\t\t\t<div>19:00 - <a href=\"https:\/\/agbw.org\/am\/events\/%d5%b8%d5%bf%d5%b6%d5%ac%d5%b8%d6%82%d5%a1%d5%b5-fusswaschung-in-goeppingen-2026\/\">\u0548\u057f\u0576\u056c\u0578\u0582\u0561\u0575 \/ Fu\u00dfwaschung in G\u00f6ppingen<\/a><\/div>\n\t\t\t\t\t\t<\/div>\n\t\t\t\t\t\t\t\t\t\t\t\t<div class=\"em-cal-event\" style=\"--event-background-color:#8224e3;;--event-border-color:#8224e3;;--event-color:#fff;\" data-event-url=\"https:\/\/agbw.org\/am\/events\/%d5%af%d5%a1%d6%80%d5%a3-%d5%b9%d5%a1%d6%80%d5%b9%d5%a1%d6%80%d5%a1%d5%b6%d5%a1%d6%81-passionsandacht\/\" data-event-id=\"806\">\n\t\t\t\t\t\t\t<div>20:00 - <a href=\"https:\/\/agbw.org\/am\/events\/%d5%af%d5%a1%d6%80%d5%a3-%d5%b9%d5%a1%d6%80%d5%b9%d5%a1%d6%80%d5%a1%d5%b6%d5%a1%d6%81-passionsandacht\/\">\u053f\u0561\u0580\u0563 \u0549\u0561\u0580\u0579\u0561\u0580\u0561\u0576\u0561\u0581 (\u053d\u0561\u0582\u0561\u0580\u0578\u0582\u0574) \/ Passionsandacht<\/a><\/div>\n\t\t\t\t\t\t<\/div>\n\t\t\t\t\t\t\t\t\t\t\t<span class=\"date-day-colors\" data-colors=\"[&quot;#8224e3&quot;,&quot;#8224e3&quot;,&quot;#8224e3&quot;]\"><\/span>\n\t\t\t\t\t\t\t\t\t\t\t\t\n\t\t\t\t\t<\/div>\n\t\t\t\t<div class=\"eventful eventful em-cal-day em-cal-col-5\">\n\t\t\t\t\t\t\t<div class=\"em-cal-day-date colored\" data-date=\"2026-04-03\" data-timestamp=\"1775174400\" >\n\t\t\t\t\t<a href=\"https:\/\/agbw.org\/am\/veranstaltungen\/2026-04-03\/\" title=\"\">3<\/a>\n\t\t\t\t\t\t\t\t\t<\/div>\n\t\t\t\t\t\t\t\t\t\t<div class=\"em-cal-event\" style=\"--event-background-color:#8224e3;;--event-border-color:#8224e3;;--event-color:#fff;\" data-event-url=\"https:\/\/agbw.org\/am\/events\/%d5%af%d5%a1%d6%80%d5%a3-%d5%a9%d5%a1%d5%b2%d5%b4%d5%a1%d5%b6-ritus-der-grablegung-christi-in-kehl-2026\/\" data-event-id=\"807\">\n\t\t\t\t\t\t\t<div>14:00 - <a href=\"https:\/\/agbw.org\/am\/events\/%d5%af%d5%a1%d6%80%d5%a3-%d5%a9%d5%a1%d5%b2%d5%b4%d5%a1%d5%b6-ritus-der-grablegung-christi-in-kehl-2026\/\">\u053f\u0561\u0580\u0563 \u0569\u0561\u0572\u0574\u0561\u0576 \/ Ritus der Grablegung Christi in Kehl<\/a><\/div>\n\t\t\t\t\t\t<\/div>\n\t\t\t\t\t\t\t\t\t\t\t\t<div class=\"em-cal-event\" style=\"--event-background-color:#8224e3;;--event-border-color:#8224e3;;--event-color:#fff;\" data-event-url=\"https:\/\/agbw.org\/am\/events\/%d5%af%d5%a1%d6%80%d5%a3-%d5%a9%d5%a1%d5%b2%d5%b4%d5%a1%d5%b6-ritus-der-grablegung-christi-in-goeppingen-2026\/\" data-event-id=\"808\">\n\t\t\t\t\t\t\t<div>17:00 - <a href=\"https:\/\/agbw.org\/am\/events\/%d5%af%d5%a1%d6%80%d5%a3-%d5%a9%d5%a1%d5%b2%d5%b4%d5%a1%d5%b6-ritus-der-grablegung-christi-in-goeppingen-2026\/\">\u053f\u0561\u0580\u0563 \u0569\u0561\u0572\u0574\u0561\u0576 \/ Ritus der Grablegung Christi in G\u00f6ppingen<\/a><\/div>\n\t\t\t\t\t\t<\/div>\n\t\t\t\t\t\t\t\t\t\t\t<span class=\"date-day-colors\" data-colors=\"[&quot;#8224e3&quot;,&quot;#8224e3&quot;]\"><\/span>\n\t\t\t\t\t\t\t\t\t\t\t\t\n\t\t\t\t\t<\/div>\n\t\t\t\t<div class=\"eventful eventful em-cal-day em-cal-col-6\">\n\t\t\t\t\t\t\t<div class=\"em-cal-day-date colored\" data-date=\"2026-04-04\" data-timestamp=\"1775260800\" >\n\t\t\t\t\t<a href=\"https:\/\/agbw.org\/am\/events\/%d5%b3%d6%80%d5%a1%d5%a3%d5%a1%d5%ac%d5%b8%d5%b5%d6%81-%d5%bd-%d5%a6%d5%a1%d5%bf%d5%af%d5%ab-tschragaluyts-ostervorabend-2026\/\" title=\"\">4<\/a>\n\t\t\t\t\t\t\t\t\t<\/div>\n\t\t\t\t\t\t\t\t\t\t<div class=\"em-cal-event\" style=\"--event-background-color:#8224e3;;--event-border-color:#8224e3;;--event-color:#fff;\" data-event-url=\"https:\/\/agbw.org\/am\/events\/%d5%b3%d6%80%d5%a1%d5%a3%d5%a1%d5%ac%d5%b8%d5%b5%d6%81-%d5%bd-%d5%a6%d5%a1%d5%bf%d5%af%d5%ab-tschragaluyts-ostervorabend-2026\/\" data-event-id=\"809\">\n\t\t\t\t\t\t\t<div>17:00 - <a href=\"https:\/\/agbw.org\/am\/events\/%d5%b3%d6%80%d5%a1%d5%a3%d5%a1%d5%ac%d5%b8%d5%b5%d6%81-%d5%bd-%d5%a6%d5%a1%d5%bf%d5%af%d5%ab-tschragaluyts-ostervorabend-2026\/\">\u0543\u0580\u0561\u0563\u0561\u056c\u0578\u0575\u0581 \u054d. \u0536\u0561\u057f\u056f\u056b: \/ Tschragaluyts. Ostervorabend<\/a><\/div>\n\t\t\t\t\t\t<\/div>\n\t\t\t\t\t\t\t\t\t\t\t<span class=\"date-day-colors\" data-colors=\"[&quot;#8224e3&quot;]\"><\/span>\n\t\t\t\t\t\t\t\t\t\t\t\t\n\t\t\t\t\t<\/div>\n\t\t\t\t<div class=\"eventful eventful em-cal-day em-cal-col-7\">\n\t\t\t\t\t\t\t<div class=\"em-cal-day-date colored\" data-date=\"2026-04-05\" data-timestamp=\"1775347200\" >\n\t\t\t\t\t<a href=\"https:\/\/agbw.org\/am\/veranstaltungen\/2026-04-05\/\" title=\"\">5<\/a>\n\t\t\t\t\t\t\t\t\t<\/div>\n\t\t\t\t\t\t\t\t\t\t<div class=\"em-cal-event\" style=\"--event-background-color:#8224e3;;--event-border-color:#8224e3;;--event-color:#fff;\" data-event-url=\"https:\/\/agbw.org\/am\/events\/%d5%a6%d5%a1%d5%bf%d5%ab%d5%af-ostern-in-kehl\/\" data-event-id=\"810\">\n\t\t\t\t\t\t\t<div>10:00 - <a href=\"https:\/\/agbw.org\/am\/events\/%d5%a6%d5%a1%d5%bf%d5%ab%d5%af-ostern-in-kehl\/\">\u0536\u0561\u057f\u056b\u056f \/ Ostern in Kehl<\/a><\/div>\n\t\t\t\t\t\t<\/div>\n\t\t\t\t\t\t\t\t\t\t\t\t<div class=\"em-cal-event\" style=\"--event-background-color:#8224e3;;--event-border-color:#8224e3;;--event-color:#fff;\" data-event-url=\"https:\/\/agbw.org\/am\/events\/%d5%b5%d5%a1%d6%80%d5%b8%d6%82%d5%a9%d5%ab%d6%82%d5%b6-%d5%bf%d5%a5%d5%a1%d5%bc%d5%b6-%d5%b4%d5%a5%d6%80%d5%b8%d5%b5-%d5%a6%d5%a1%d5%bf%d5%ab%d5%af-auferstehung-unseres-herrn-ostern-2026\/\" data-event-id=\"811\">\n\t\t\t\t\t\t\t<div>14:00 - <a href=\"https:\/\/agbw.org\/am\/events\/%d5%b5%d5%a1%d6%80%d5%b8%d6%82%d5%a9%d5%ab%d6%82%d5%b6-%d5%bf%d5%a5%d5%a1%d5%bc%d5%b6-%d5%b4%d5%a5%d6%80%d5%b8%d5%b5-%d5%a6%d5%a1%d5%bf%d5%ab%d5%af-auferstehung-unseres-herrn-ostern-2026\/\">\u0545\u0531\u0550\u0548\u0552\u0539\u053b\u0552\u0546 \u054f\u0535\u0531\u054c\u0546 \u0544\u0535\u0550\u0548\u0545 (\u0536\u0561\u057f\u056b\u056f)\/ AUFERSTEHUNG UNSERES HERRN (Ostern)<\/a><\/div>\n\t\t\t\t\t\t<\/div>\n\t\t\t\t\t\t\t\t\t\t\t\t<div class=\"em-cal-event\" style=\"--event-background-color:#FFFFFF;;--event-border-color:#ccc;;--event-color:#777;\" data-event-url=\"https:\/\/agbw.org\/am\/events\/osterfest-2026\/\" data-event-id=\"827\">\n\t\t\t\t\t\t\t<div>16:00 - <a href=\"https:\/\/agbw.org\/am\/events\/osterfest-2026\/\">Osterfest 2026<\/a><\/div>\n\t\t\t\t\t\t<\/div>\n\t\t\t\t\t\t\t\t\t\t\t<span class=\"date-day-colors\" data-colors=\"[&quot;#8224e3&quot;,&quot;#8224e3&quot;,&quot;#FFFFFF&quot;]\"><\/span>\n\t\t\t\t\t\t\t\t\t\t\t\t\n\t\t\t\t\t<\/div>\n\t\t\t\t<div class=\"eventful eventful em-cal-day em-cal-col-1\">\n\t\t\t\t\t\t\t<div class=\"em-cal-day-date colored\" data-date=\"2026-04-06\" data-timestamp=\"1775433600\" >\n\t\t\t\t\t<a href=\"https:\/\/agbw.org\/am\/events\/%d5%b4%d5%a5%d5%bc%d5%a5%d5%ac%d5%b8%d6%81-merelots-06042026\/\" title=\"\">6<\/a>\n\t\t\t\t\t\t\t\t\t<\/div>\n\t\t\t\t\t\t\t\t\t\t<div class=\"em-cal-event\" style=\"--event-background-color:#8224e3;;--event-border-color:#8224e3;;--event-color:#fff;\" data-event-url=\"https:\/\/agbw.org\/am\/events\/%d5%b4%d5%a5%d5%bc%d5%a5%d5%ac%d5%b8%d6%81-merelots-06042026\/\" data-event-id=\"812\">\n\t\t\t\t\t\t\t<div>11:00 - <a href=\"https:\/\/agbw.org\/am\/events\/%d5%b4%d5%a5%d5%bc%d5%a5%d5%ac%d5%b8%d6%81-merelots-06042026\/\">\u0544\u0565\u057c\u0565\u056c\u0578\u0581 \/ Merelots<\/a><\/div>\n\t\t\t\t\t\t<\/div>\n\t\t\t\t\t\t\t\t\t\t\t<span class=\"date-day-colors\" data-colors=\"[&quot;#8224e3&quot;]\"><\/span>\n\t\t\t\t\t\t\t\t\t\t\t\t\n\t\t\t\t\t<\/div>\n\t\t\t\t<div class=\"eventless em-cal-day em-cal-col-2\">\n\t\t\t\t\t\t\t<div class=\"em-cal-day-date\">\n\t\t\t\t\t<span>7<\/span>\n\t\t\t\t<\/div>\n\t\t\t\t\t<\/div>\n\t\t\t\t<div class=\"eventless em-cal-day em-cal-col-3\">\n\t\t\t\t\t\t\t<div class=\"em-cal-day-date\">\n\t\t\t\t\t<span>8<\/span>\n\t\t\t\t<\/div>\n\t\t\t\t\t<\/div>\n\t\t\t\t<div class=\"eventless em-cal-day em-cal-col-4\">\n\t\t\t\t\t\t\t<div class=\"em-cal-day-date\">\n\t\t\t\t\t<span>9<\/span>\n\t\t\t\t<\/div>\n\t\t\t\t\t<\/div>\n\t\t\t\t<div class=\"eventless em-cal-day em-cal-col-5\">\n\t\t\t\t\t\t\t<div class=\"em-cal-day-date\">\n\t\t\t\t\t<span>10<\/span>\n\t\t\t\t<\/div>\n\t\t\t\t\t<\/div>\n\t\t\t\t<div class=\"eventless em-cal-day em-cal-col-6\">\n\t\t\t\t\t\t\t<div class=\"em-cal-day-date\">\n\t\t\t\t\t<span>11<\/span>\n\t\t\t\t<\/div>\n\t\t\t\t\t<\/div>\n\t\t\t\t<div class=\"eventless em-cal-day em-cal-col-7\">\n\t\t\t\t\t\t\t<div class=\"em-cal-day-date\">\n\t\t\t\t\t<span>12<\/span>\n\t\t\t\t<\/div>\n\t\t\t\t\t<\/div>\n\t\t\t\t<div class=\"eventless em-cal-day em-cal-col-1\">\n\t\t\t\t\t\t\t<div class=\"em-cal-day-date\">\n\t\t\t\t\t<span>13<\/span>\n\t\t\t\t<\/div>\n\t\t\t\t\t<\/div>\n\t\t\t\t<div class=\"eventless em-cal-day em-cal-col-2\">\n\t\t\t\t\t\t\t<div class=\"em-cal-day-date\">\n\t\t\t\t\t<span>14<\/span>\n\t\t\t\t<\/div>\n\t\t\t\t\t<\/div>\n\t\t\t\t<div class=\"eventless em-cal-day em-cal-col-3\">\n\t\t\t\t\t\t\t<div class=\"em-cal-day-date\">\n\t\t\t\t\t<span>15<\/span>\n\t\t\t\t<\/div>\n\t\t\t\t\t<\/div>\n\t\t\t\t<div class=\"eventless em-cal-day em-cal-col-4\">\n\t\t\t\t\t\t\t<div class=\"em-cal-day-date\">\n\t\t\t\t\t<span>16<\/span>\n\t\t\t\t<\/div>\n\t\t\t\t\t<\/div>\n\t\t\t\t<div class=\"eventless em-cal-day em-cal-col-5\">\n\t\t\t\t\t\t\t<div class=\"em-cal-day-date\">\n\t\t\t\t\t<span>17<\/span>\n\t\t\t\t<\/div>\n\t\t\t\t\t<\/div>\n\t\t\t\t<div class=\"eventless em-cal-day em-cal-col-6\">\n\t\t\t\t\t\t\t<div class=\"em-cal-day-date\">\n\t\t\t\t\t<span>18<\/span>\n\t\t\t\t<\/div>\n\t\t\t\t\t<\/div>\n\t\t\t\t<div class=\"eventful eventful em-cal-day em-cal-col-7\">\n\t\t\t\t\t\t\t<div class=\"em-cal-day-date colored\" data-date=\"2026-04-19\" data-timestamp=\"1776556800\" >\n\t\t\t\t\t<a href=\"https:\/\/agbw.org\/am\/events\/surb-patarag-190426\/\" title=\"\">19<\/a>\n\t\t\t\t\t\t\t\t\t<\/div>\n\t\t\t\t\t\t\t\t\t\t<div class=\"em-cal-event\" style=\"--event-background-color:#8224e3;;--event-border-color:#8224e3;;--event-color:#fff;\" data-event-url=\"https:\/\/agbw.org\/am\/events\/surb-patarag-190426\/\" data-event-id=\"815\">\n\t\t\t\t\t\t\t<div>12:00 - <a href=\"https:\/\/agbw.org\/am\/events\/surb-patarag-190426\/\">\u054d\u0578\u0582\u0580\u0562 \u054a\u0561\u057f\u0561\u0580\u0561\u0563 \/ Surb Patarag<\/a><\/div>\n\t\t\t\t\t\t<\/div>\n\t\t\t\t\t\t\t\t\t\t\t<span class=\"date-day-colors\" data-colors=\"[&quot;#8224e3&quot;]\"><\/span>\n\t\t\t\t\t\t\t\t\t\t\t\t\n\t\t\t\t\t<\/div>\n\t\t\t\t<div class=\"eventless em-cal-day em-cal-col-1\">\n\t\t\t\t\t\t\t<div class=\"em-cal-day-date\">\n\t\t\t\t\t<span>20<\/span>\n\t\t\t\t<\/div>\n\t\t\t\t\t<\/div>\n\t\t\t\t<div class=\"eventless em-cal-day em-cal-col-2\">\n\t\t\t\t\t\t\t<div class=\"em-cal-day-date\">\n\t\t\t\t\t<span>21<\/span>\n\t\t\t\t<\/div>\n\t\t\t\t\t<\/div>\n\t\t\t\t<div class=\"eventless em-cal-day em-cal-col-3\">\n\t\t\t\t\t\t\t<div class=\"em-cal-day-date\">\n\t\t\t\t\t<span>22<\/span>\n\t\t\t\t<\/div>\n\t\t\t\t\t<\/div>\n\t\t\t\t<div class=\"eventless em-cal-day em-cal-col-4\">\n\t\t\t\t\t\t\t<div class=\"em-cal-day-date\">\n\t\t\t\t\t<span>23<\/span>\n\t\t\t\t<\/div>\n\t\t\t\t\t<\/div>\n\t\t\t\t<div class=\"eventful eventful em-cal-day em-cal-col-5\">\n\t\t\t\t\t\t\t<div class=\"em-cal-day-date colored\" data-date=\"2026-04-24\" data-timestamp=\"1776988800\" >\n\t\t\t\t\t<a href=\"https:\/\/agbw.org\/am\/events\/gedenkgottesdienst-und-veranstaltung-2026\/\" title=\"\">24<\/a>\n\t\t\t\t\t\t\t\t\t<\/div>\n\t\t\t\t\t\t\t\t\t\t<div class=\"em-cal-event\" style=\"--event-background-color:#8224e3;;--event-border-color:#8224e3;;--event-color:#fff;\" data-event-url=\"https:\/\/agbw.org\/am\/events\/gedenkgottesdienst-und-veranstaltung-2026\/\" data-event-id=\"816\">\n\t\t\t\t\t\t\t<div>17:00 - <a href=\"https:\/\/agbw.org\/am\/events\/gedenkgottesdienst-und-veranstaltung-2026\/\">Gedenkgottesdienst und -veranstaltung<\/a><\/div>\n\t\t\t\t\t\t<\/div>\n\t\t\t\t\t\t\t\t\t\t\t<span class=\"date-day-colors\" data-colors=\"[&quot;#8224e3&quot;]\"><\/span>\n\t\t\t\t\t\t\t\t\t\t\t\t\n\t\t\t\t\t<\/div>\n\t\t\t\t<div class=\"eventless em-cal-day em-cal-col-6\">\n\t\t\t\t\t\t\t<div class=\"em-cal-day-date\">\n\t\t\t\t\t<span>25<\/span>\n\t\t\t\t<\/div>\n\t\t\t\t\t<\/div>\n\t\t\t\t<div class=\"eventless em-cal-day em-cal-col-7\">\n\t\t\t\t\t\t\t<div class=\"em-cal-day-date\">\n\t\t\t\t\t<span>26<\/span>\n\t\t\t\t<\/div>\n\t\t\t\t\t<\/div>\n\t\t\t\t<div class=\"eventless-today em-cal-day em-cal-col-1\">\n\t\t\t\t\t\t\t<div class=\"em-cal-day-date\">\n\t\t\t\t\t<span>27<\/span>\n\t\t\t\t<\/div>\n\t\t\t\t\t<\/div>\n\t\t\t\t<div class=\"eventless em-cal-day em-cal-col-2\">\n\t\t\t\t\t\t\t<div class=\"em-cal-day-date\">\n\t\t\t\t\t<span>28<\/span>\n\t\t\t\t<\/div>\n\t\t\t\t\t<\/div>\n\t\t\t\t<div class=\"eventless em-cal-day em-cal-col-3\">\n\t\t\t\t\t\t\t<div class=\"em-cal-day-date\">\n\t\t\t\t\t<span>29<\/span>\n\t\t\t\t<\/div>\n\t\t\t\t\t<\/div>\n\t\t\t\t<div class=\"eventless em-cal-day em-cal-col-4\">\n\t\t\t\t\t\t\t<div class=\"em-cal-day-date\">\n\t\t\t\t\t<span>30<\/span>\n\t\t\t\t<\/div>\n\t\t\t\t\t<\/div>\n\t\t\t\t<div class=\"eventless-post em-cal-day em-cal-col-5\">\n\t\t\t\t\t\t\t<div class=\"em-cal-day-date\">\n\t\t\t\t\t<span>1<\/span>\n\t\t\t\t<\/div>\n\t\t\t\t\t<\/div>\n\t\t\t\t<div class=\"eventless-post em-cal-day em-cal-col-6\">\n\t\t\t\t\t\t\t<div class=\"em-cal-day-date\">\n\t\t\t\t\t<span>2<\/span>\n\t\t\t\t<\/div>\n\t\t\t\t\t<\/div>\n\t\t\t\t<div class=\"eventful eventful-post em-cal-day em-cal-col-7\">\n\t\t\t\t\t\t\t<div class=\"em-cal-day-date colored\" data-date=\"2026-05-03\" data-timestamp=\"1777766400\" >\n\t\t\t\t\t<a href=\"https:\/\/agbw.org\/am\/events\/surb-patarag-030526\/\" title=\"\">3<\/a>\n\t\t\t\t\t\t\t\t\t<\/div>\n\t\t\t\t\t\t\t\t\t\t<div class=\"em-cal-event\" style=\"--event-background-color:#8224e3;;--event-border-color:#8224e3;;--event-color:#fff;\" data-event-url=\"https:\/\/agbw.org\/am\/events\/surb-patarag-030526\/\" data-event-id=\"818\">\n\t\t\t\t\t\t\t<div>12:30 - <a href=\"https:\/\/agbw.org\/am\/events\/surb-patarag-030526\/\">\u054d\u0578\u0582\u0580\u0562 \u054a\u0561\u057f\u0561\u0580\u0561\u0563 \/ Surb Patarag<\/a><\/div>\n\t\t\t\t\t\t<\/div>\n\t\t\t\t\t\t\t\t\t\t\t<span class=\"date-day-colors\" data-colors=\"[&quot;#8224e3&quot;]\"><\/span>\n\t\t\t\t\t\t\t\t\t\t\t\t\n\t\t\t\t\t<\/div>\n\t\t<\/section><section class=\"em-cal-events-content\" id=\"em-cal-events-content-309917927\">\n\t\t\t\t\t\t\t\t<div class=\"em pixelbones em-calendar-preview em-modal em-cal-event-content\" data-event-id=\"804\" data-parent=\"em-cal-events-content-309917927\">\n\t<div class=\"em-modal-popup\">\n\t\t<header>\n\t\t\t<a class=\"em-close-modal\"><\/a><!-- close modal -->\n\t\t\t<div class=\"em-modal-title\">\n\t\t\t\t<a href=\"https:\/\/agbw.org\/am\/events\/%d5%b8%d5%bf%d5%b6%d5%ac%d5%b8%d6%82%d5%a1%d5%b5-fusswaschung-in-kehl-2026\/\">\u0548\u057f\u0576\u056c\u0578\u0582\u0561\u0575 \/ Fu\u00dfwaschung in Kehl<\/a>\t\t\t<\/div>\n\t\t<\/header>\n\t\t<div class=\"em-modal-content\">\n\t\t\t<div class=\"em pixelbones em-calendar-preview em-list em-events-list\">\n\t<div class=\"em-event em-item\" style=\"--default-border:#8224e3;\">\n\t\t<div class=\"em-item-image \">\n\t\t\t\n\t\t\t<img src='https:\/\/agbw.org\/wp-content\/uploads\/2024\/12\/Wotnlva-900-x-600-px-1.jpg' alt='\u0548\u057f\u0576\u056c\u0578\u0582\u0561\u0575 \/ Fu\u00dfwaschung in Kehl'\/>\n\t\t\t\n\t\t\t\n\t\t<\/div>\n\t\t<div class=\"em-item-info\">\n\t\t\t<div class=\"em-event-meta em-item-meta\">\n\t\t\t\t<div class=\"em-item-meta-line em-event-date em-event-meta-datetime\">\n\t\t\t\t\t<span class=\"em-icon-calendar em-icon\"><\/span>\n\t\t\t\t\t2. \u0531\u057a\u0580\u056b\u056c\u056b 2026&nbsp;&nbsp;&nbsp;&nbsp;\n\t\t\t\t<\/div>\n\t\t\t\t<div class=\"em-item-meta-line em-event-time em-event-meta-datetime\">\n\t\t\t\t\t<span class=\"em-icon-clock em-icon\"><\/span>\n\t\t\t\t\t16:00 - 17:00\n\t\t\t\t<\/div>\n\t\t\t\t\n\t\t\t\t\n\t\t\t\t<div class=\"em-item-meta-line em-event-location\">\n\t\t\t\t\t<span class=\"em-icon-location em-icon\"><\/span>\n\t\t\t\t\t<a href=\"https:\/\/agbw.org\/am\/ort\/st-maria-kirche-in-kehl\/\">St. Maria Kirche in Kehl<\/a>\n\t\t\t\t<\/div>\n\t\t\t\t\n\t\t\t\t\n\t\t\t\t\n\t\t\t\t<div class=\"em-item-meta-line em-item-taxonomy em-event-categories\">\n\t\t\t\t\t<span class=\"em-icon-category em-icon\"><\/span>\n\t\t\t\t\t<div>\t<ul class=\"event-categories\">\r\n\t\t\t\t\t<li><a href=\"https:\/\/agbw.org\/am\/events\/kategorie\/gottesdienst\/\">Gottesdienst<\/a><\/li>\r\n\t\t\t\t\t<li><a href=\"https:\/\/agbw.org\/am\/events\/kategorie\/kinder-und-jugend\/\">Kinder und Jugend<\/a><\/li>\r\n\t\t\t<\/ul>\r\n\t<\/div>\n\t\t\t\t<\/div>\n\t\t\t\t\n\t\t\t\t\n\t\t\t<\/div>\n\t\t\t<div class=\"em-item-desc\">\n\t\t\t\t\u054d\u056b\u0580\u0578\u057e \u056f\u0568 \u0570\u0580\u0561\u0582\u056b\u0580\u0565\u0576\u0584 \u0574\u0565\u0580 \u0570\u0561\u0582\u0561\u057f\u0561\u0581\u0565\u0561\u056c \u056a\u0578\u0572\u0578\u057e\u0578\u0582\u0580\u0564\u0568` \u0576\u0565\u0580\u056f\u0561\u0575 \u0563\u057f\u0576\u0578\u0582\u0565\u056c\u0578\u0582 \u057d\u0578\u0575\u0576 \u0570\u0578\u0563\u0565\u057a\u0561\u0580\u0561\u0580 \u0561\u0580\u0561\u0580\u0578\u0572\u0578\u0582\u0569\u0565\u0561\u0576\u0568: \/ Mit Freude laden wir unsere gl\u00e4ubige Gemeinde ein, an diesem ergreifenden Gottesdienst teilzunehmen.\n\t\t\t<\/div>\n\t\t\t<div class=\"em-item-actions input\">\n\t\t\t\t<a class=\"em-item-read-more button\" href=\"https:\/\/agbw.org\/am\/events\/%d5%b8%d5%bf%d5%b6%d5%ac%d5%b8%d6%82%d5%a1%d5%b5-fusswaschung-in-kehl-2026\/\">More Info<\/a>\n\t\t\t\t\n\t\t\t<\/div>\n\t\t<\/div>\n\t<\/div>\n<\/div>\t\t<\/div><!-- content -->\n\t\n\t<\/div><!-- modal -->\n<\/div>\t\t\t\t\t<div class=\"em pixelbones em-calendar-preview em-modal em-cal-event-content\" data-event-id=\"805\" data-parent=\"em-cal-events-content-309917927\">\n\t<div class=\"em-modal-popup\">\n\t\t<header>\n\t\t\t<a class=\"em-close-modal\"><\/a><!-- close modal -->\n\t\t\t<div class=\"em-modal-title\">\n\t\t\t\t<a href=\"https:\/\/agbw.org\/am\/events\/%d5%b8%d5%bf%d5%b6%d5%ac%d5%b8%d6%82%d5%a1%d5%b5-fusswaschung-in-goeppingen-2026\/\">\u0548\u057f\u0576\u056c\u0578\u0582\u0561\u0575 \/ Fu\u00dfwaschung in G\u00f6ppingen<\/a>\t\t\t<\/div>\n\t\t<\/header>\n\t\t<div class=\"em-modal-content\">\n\t\t\t<div class=\"em pixelbones em-calendar-preview em-list em-events-list\">\n\t<div class=\"em-event em-item\" style=\"--default-border:#8224e3;\">\n\t\t<div class=\"em-item-image \">\n\t\t\t\n\t\t\t<img src='https:\/\/agbw.org\/wp-content\/uploads\/2024\/12\/Votnlva-2.jpg' alt='\u0548\u057f\u0576\u056c\u0578\u0582\u0561\u0575 \/ Fu\u00dfwaschung in G\u00f6ppingen'\/>\n\t\t\t\n\t\t\t\n\t\t<\/div>\n\t\t<div class=\"em-item-info\">\n\t\t\t<div class=\"em-event-meta em-item-meta\">\n\t\t\t\t<div class=\"em-item-meta-line em-event-date em-event-meta-datetime\">\n\t\t\t\t\t<span class=\"em-icon-calendar em-icon\"><\/span>\n\t\t\t\t\t2. \u0531\u057a\u0580\u056b\u056c\u056b 2026&nbsp;&nbsp;&nbsp;&nbsp;\n\t\t\t\t<\/div>\n\t\t\t\t<div class=\"em-item-meta-line em-event-time em-event-meta-datetime\">\n\t\t\t\t\t<span class=\"em-icon-clock em-icon\"><\/span>\n\t\t\t\t\t19:00 - 20:00\n\t\t\t\t<\/div>\n\t\t\t\t\n\t\t\t\t\n\t\t\t\t<div class=\"em-item-meta-line em-event-location\">\n\t\t\t\t\t<span class=\"em-icon-location em-icon\"><\/span>\n\t\t\t\t\t<a href=\"https:\/\/agbw.org\/am\/ort\/evang-gemeindezentrum-bartenbach\/\">Evang. Gemeindezentrum Bartenbach<\/a>\n\t\t\t\t<\/div>\n\t\t\t\t\n\t\t\t\t\n\t\t\t\t\n\t\t\t\t<div class=\"em-item-meta-line em-item-taxonomy em-event-categories\">\n\t\t\t\t\t<span class=\"em-icon-category em-icon\"><\/span>\n\t\t\t\t\t<div>\t<ul class=\"event-categories\">\r\n\t\t\t\t\t<li><a href=\"https:\/\/agbw.org\/am\/events\/kategorie\/gottesdienst\/\">Gottesdienst<\/a><\/li>\r\n\t\t\t<\/ul>\r\n\t<\/div>\n\t\t\t\t<\/div>\n\t\t\t\t\n\t\t\t\t\n\t\t\t<\/div>\n\t\t\t<div class=\"em-item-desc\">\n\t\t\t\t\u054d\u056b\u0580\u0578\u057e \u056f\u0568 \u0570\u0580\u0561\u0582\u056b\u0580\u0565\u0576\u0584 \u0574\u0565\u0580 \u0570\u0561\u0582\u0561\u057f\u0561\u0581\u0565\u0561\u056c \u056a\u0578\u0572\u0578\u057e\u0578\u0582\u0580\u0564\u0568` \u0576\u0565\u0580\u056f\u0561\u0575 \u0563\u057f\u0576\u0578\u0582\u0565\u056c\u0578\u0582 \u057d\u0578\u0575\u0576 \u0570\u0578\u0563\u0565\u057a\u0561\u0580\u0561\u0580 \u0561\u0580\u0561\u0580\u0578\u0572\u0578\u0582\u0569\u0565\u0561\u0576\u0568: \/ Mit Freude laden wir unsere gl\u00e4ubige Gemeinde ein, an diesem ergreifenden Gottesdienst teilzunehmen.\n\t\t\t<\/div>\n\t\t\t<div class=\"em-item-actions input\">\n\t\t\t\t<a class=\"em-item-read-more button\" href=\"https:\/\/agbw.org\/am\/events\/%d5%b8%d5%bf%d5%b6%d5%ac%d5%b8%d6%82%d5%a1%d5%b5-fusswaschung-in-goeppingen-2026\/\">More Info<\/a>\n\t\t\t\t\n\t\t\t<\/div>\n\t\t<\/div>\n\t<\/div>\n<\/div>\t\t<\/div><!-- content -->\n\t\n\t<\/div><!-- modal -->\n<\/div>\t\t\t\t\t<div class=\"em pixelbones em-calendar-preview em-modal em-cal-event-content\" data-event-id=\"806\" data-parent=\"em-cal-events-content-309917927\">\n\t<div class=\"em-modal-popup\">\n\t\t<header>\n\t\t\t<a class=\"em-close-modal\"><\/a><!-- close modal -->\n\t\t\t<div class=\"em-modal-title\">\n\t\t\t\t<a href=\"https:\/\/agbw.org\/am\/events\/%d5%af%d5%a1%d6%80%d5%a3-%d5%b9%d5%a1%d6%80%d5%b9%d5%a1%d6%80%d5%a1%d5%b6%d5%a1%d6%81-passionsandacht\/\">\u053f\u0561\u0580\u0563 \u0549\u0561\u0580\u0579\u0561\u0580\u0561\u0576\u0561\u0581 (\u053d\u0561\u0582\u0561\u0580\u0578\u0582\u0574) \/ Passionsandacht<\/a>\t\t\t<\/div>\n\t\t<\/header>\n\t\t<div class=\"em-modal-content\">\n\t\t\t<div class=\"em pixelbones em-calendar-preview em-list em-events-list\">\n\t<div class=\"em-event em-item\" style=\"--default-border:#8224e3;\">\n\t\t<div class=\"em-item-image \">\n\t\t\t\n\t\t\t<img src='https:\/\/agbw.org\/wp-content\/uploads\/2024\/12\/Verrat-Christi900-x-600-px-1.jpg' alt='\u053f\u0561\u0580\u0563 \u0549\u0561\u0580\u0579\u0561\u0580\u0561\u0576\u0561\u0581 (\u053d\u0561\u0582\u0561\u0580\u0578\u0582\u0574) \/ Passionsandacht'\/>\n\t\t\t\n\t\t\t\n\t\t<\/div>\n\t\t<div class=\"em-item-info\">\n\t\t\t<div class=\"em-event-meta em-item-meta\">\n\t\t\t\t<div class=\"em-item-meta-line em-event-date em-event-meta-datetime\">\n\t\t\t\t\t<span class=\"em-icon-calendar em-icon\"><\/span>\n\t\t\t\t\t2. \u0531\u057a\u0580\u056b\u056c\u056b 2026&nbsp;&nbsp;&nbsp;&nbsp;\n\t\t\t\t<\/div>\n\t\t\t\t<div class=\"em-item-meta-line em-event-time em-event-meta-datetime\">\n\t\t\t\t\t<span class=\"em-icon-clock em-icon\"><\/span>\n\t\t\t\t\t20:00 - 21:30\n\t\t\t\t<\/div>\n\t\t\t\t\n\t\t\t\t\n\t\t\t\t<div class=\"em-item-meta-line em-event-location\">\n\t\t\t\t\t<span class=\"em-icon-location em-icon\"><\/span>\n\t\t\t\t\t<a href=\"https:\/\/agbw.org\/am\/ort\/evang-gemeindezentrum-bartenbach\/\">Evang. Gemeindezentrum Bartenbach<\/a>\n\t\t\t\t<\/div>\n\t\t\t\t\n\t\t\t\t\n\t\t\t\t\n\t\t\t\t<div class=\"em-item-meta-line em-item-taxonomy em-event-categories\">\n\t\t\t\t\t<span class=\"em-icon-category em-icon\"><\/span>\n\t\t\t\t\t<div>\t<ul class=\"event-categories\">\r\n\t\t\t\t\t<li><a href=\"https:\/\/agbw.org\/am\/events\/kategorie\/gottesdienst\/\">Gottesdienst<\/a><\/li>\r\n\t\t\t<\/ul>\r\n\t<\/div>\n\t\t\t\t<\/div>\n\t\t\t\t\n\t\t\t\t\n\t\t\t<\/div>\n\t\t\t<div class=\"em-item-desc\">\n\t\t\t\t\u054d\u056b\u0580\u0578\u057e \u056f\u0568 \u0570\u0580\u0561\u0582\u056b\u0580\u0565\u0576\u0584 \u0574\u0565\u0580 \u0570\u0561\u0582\u0561\u057f\u0561\u0581\u0565\u0561\u056c \u056a\u0578\u0572\u0578\u057e\u0578\u0582\u0580\u0564\u0568` \u0576\u0565\u0580\u056f\u0561\u0575 \u0563\u057f\u0576\u0578\u0582\u0565\u056c\u0578\u0582 \u057d\u0578\u0575\u0576 \u0570\u0578\u0563\u0565\u057a\u0561\u0580\u0561\u0580 \u0561\u0580\u0561\u0580\u0578\u0572\u0578\u0582\u0569\u0565\u0561\u0576\u0568: \/ Mit Freude laden wir unsere gl\u00e4ubige Gemeinde ein, an diesem ergreifenden Gottesdienst teilzunehmen.\n\t\t\t<\/div>\n\t\t\t<div class=\"em-item-actions input\">\n\t\t\t\t<a class=\"em-item-read-more button\" href=\"https:\/\/agbw.org\/am\/events\/%d5%af%d5%a1%d6%80%d5%a3-%d5%b9%d5%a1%d6%80%d5%b9%d5%a1%d6%80%d5%a1%d5%b6%d5%a1%d6%81-passionsandacht\/\">More Info<\/a>\n\t\t\t\t\n\t\t\t<\/div>\n\t\t<\/div>\n\t<\/div>\n<\/div>\t\t<\/div><!-- content -->\n\t\n\t<\/div><!-- modal -->\n<\/div>\t\t\t\t\t<div class=\"em pixelbones em-calendar-preview em-modal em-cal-event-content\" data-event-id=\"807\" data-parent=\"em-cal-events-content-309917927\">\n\t<div class=\"em-modal-popup\">\n\t\t<header>\n\t\t\t<a class=\"em-close-modal\"><\/a><!-- close modal -->\n\t\t\t<div class=\"em-modal-title\">\n\t\t\t\t<a href=\"https:\/\/agbw.org\/am\/events\/%d5%af%d5%a1%d6%80%d5%a3-%d5%a9%d5%a1%d5%b2%d5%b4%d5%a1%d5%b6-ritus-der-grablegung-christi-in-kehl-2026\/\">\u053f\u0561\u0580\u0563 \u0569\u0561\u0572\u0574\u0561\u0576 \/ Ritus der Grablegung Christi in Kehl<\/a>\t\t\t<\/div>\n\t\t<\/header>\n\t\t<div class=\"em-modal-content\">\n\t\t\t<div class=\"em pixelbones em-calendar-preview em-list em-events-list\">\n\t<div class=\"em-event em-item\" style=\"--default-border:#8224e3;\">\n\t\t<div class=\"em-item-image \">\n\t\t\t\n\t\t\t<img src='https:\/\/agbw.org\/wp-content\/uploads\/2022\/04\/Grablegung.jpg' alt='\u053f\u0561\u0580\u0563 \u0569\u0561\u0572\u0574\u0561\u0576 \/ Ritus der Grablegung Christi in Kehl'\/>\n\t\t\t\n\t\t\t\n\t\t<\/div>\n\t\t<div class=\"em-item-info\">\n\t\t\t<div class=\"em-event-meta em-item-meta\">\n\t\t\t\t<div class=\"em-item-meta-line em-event-date em-event-meta-datetime\">\n\t\t\t\t\t<span class=\"em-icon-calendar em-icon\"><\/span>\n\t\t\t\t\t3. \u0531\u057a\u0580\u056b\u056c\u056b 2026&nbsp;&nbsp;&nbsp;&nbsp;\n\t\t\t\t<\/div>\n\t\t\t\t<div class=\"em-item-meta-line em-event-time em-event-meta-datetime\">\n\t\t\t\t\t<span class=\"em-icon-clock em-icon\"><\/span>\n\t\t\t\t\t14:00 - 15:00\n\t\t\t\t<\/div>\n\t\t\t\t\n\t\t\t\t\n\t\t\t\t<div class=\"em-item-meta-line em-event-location\">\n\t\t\t\t\t<span class=\"em-icon-location em-icon\"><\/span>\n\t\t\t\t\t<a href=\"https:\/\/agbw.org\/am\/ort\/st-maria-kirche-in-kehl\/\">St. Maria Kirche in Kehl<\/a>\n\t\t\t\t<\/div>\n\t\t\t\t\n\t\t\t\t\n\t\t\t\t\n\t\t\t\t<div class=\"em-item-meta-line em-item-taxonomy em-event-categories\">\n\t\t\t\t\t<span class=\"em-icon-category em-icon\"><\/span>\n\t\t\t\t\t<div>\t<ul class=\"event-categories\">\r\n\t\t\t\t\t<li><a href=\"https:\/\/agbw.org\/am\/events\/kategorie\/gottesdienst\/\">Gottesdienst<\/a><\/li>\r\n\t\t\t<\/ul>\r\n\t<\/div>\n\t\t\t\t<\/div>\n\t\t\t\t\n\t\t\t\t\n\t\t\t<\/div>\n\t\t\t<div class=\"em-item-desc\">\n\t\t\t\t\u054d\u056b\u0580\u0578\u057e \u056f\u0568 \u0570\u0580\u0561\u0582\u056b\u0580\u0565\u0576\u0584 \u0574\u0565\u0580 \u0570\u0561\u0582\u0561\u057f\u0561\u0581\u0565\u0561\u056c \u056a\u0578\u0572\u0578\u057e\u0578\u0582\u0580\u0564\u0568` \u0576\u0565\u0580\u056f\u0561\u0575 \u0563\u057f\u0576\u0578\u0582\u0565\u056c\u0578\u0582 \u057d\u0578\u0575\u0576 \u0570\u0578\u0563\u0565\u057a\u0561\u0580\u0561\u0580 \u0561\u0580\u0561\u0580\u0578\u0572\u0578\u0582\u0569\u0565\u0561\u0576\u0568: \/ Mit Freude laden wir unsere gl\u00e4ubige Gemeinde ein, an diesem ergreifenden Gottesdienst teilzunehmen.\n\t\t\t<\/div>\n\t\t\t<div class=\"em-item-actions input\">\n\t\t\t\t<a class=\"em-item-read-more button\" href=\"https:\/\/agbw.org\/am\/events\/%d5%af%d5%a1%d6%80%d5%a3-%d5%a9%d5%a1%d5%b2%d5%b4%d5%a1%d5%b6-ritus-der-grablegung-christi-in-kehl-2026\/\">More Info<\/a>\n\t\t\t\t\n\t\t\t<\/div>\n\t\t<\/div>\n\t<\/div>\n<\/div>\t\t<\/div><!-- content -->\n\t\n\t<\/div><!-- modal -->\n<\/div>\t\t\t\t\t<div class=\"em pixelbones em-calendar-preview em-modal em-cal-event-content\" data-event-id=\"808\" data-parent=\"em-cal-events-content-309917927\">\n\t<div class=\"em-modal-popup\">\n\t\t<header>\n\t\t\t<a class=\"em-close-modal\"><\/a><!-- close modal -->\n\t\t\t<div class=\"em-modal-title\">\n\t\t\t\t<a href=\"https:\/\/agbw.org\/am\/events\/%d5%af%d5%a1%d6%80%d5%a3-%d5%a9%d5%a1%d5%b2%d5%b4%d5%a1%d5%b6-ritus-der-grablegung-christi-in-goeppingen-2026\/\">\u053f\u0561\u0580\u0563 \u0569\u0561\u0572\u0574\u0561\u0576 \/ Ritus der Grablegung Christi in G\u00f6ppingen<\/a>\t\t\t<\/div>\n\t\t<\/header>\n\t\t<div class=\"em-modal-content\">\n\t\t\t<div class=\"em pixelbones em-calendar-preview em-list em-events-list\">\n\t<div class=\"em-event em-item\" style=\"--default-border:#8224e3;\">\n\t\t<div class=\"em-item-image \">\n\t\t\t\n\t\t\t<img src='https:\/\/agbw.org\/wp-content\/uploads\/2022\/12\/Grablegung-Christi-900-x-600-px.jpg' alt='\u053f\u0561\u0580\u0563 \u0569\u0561\u0572\u0574\u0561\u0576 \/ Ritus der Grablegung Christi in G\u00f6ppingen'\/>\n\t\t\t\n\t\t\t\n\t\t<\/div>\n\t\t<div class=\"em-item-info\">\n\t\t\t<div class=\"em-event-meta em-item-meta\">\n\t\t\t\t<div class=\"em-item-meta-line em-event-date em-event-meta-datetime\">\n\t\t\t\t\t<span class=\"em-icon-calendar em-icon\"><\/span>\n\t\t\t\t\t3. \u0531\u057a\u0580\u056b\u056c\u056b 2026&nbsp;&nbsp;&nbsp;&nbsp;\n\t\t\t\t<\/div>\n\t\t\t\t<div class=\"em-item-meta-line em-event-time em-event-meta-datetime\">\n\t\t\t\t\t<span class=\"em-icon-clock em-icon\"><\/span>\n\t\t\t\t\t17:00 - 18:00\n\t\t\t\t<\/div>\n\t\t\t\t\n\t\t\t\t\n\t\t\t\t<div class=\"em-item-meta-line em-event-location\">\n\t\t\t\t\t<span class=\"em-icon-location em-icon\"><\/span>\n\t\t\t\t\t<a href=\"https:\/\/agbw.org\/am\/ort\/armenische-hl-kreuz-kirche\/\">Armenische Hl. Kreuz Kirche<\/a>\n\t\t\t\t<\/div>\n\t\t\t\t\n\t\t\t\t\n\t\t\t\t\n\t\t\t\t<div class=\"em-item-meta-line em-item-taxonomy em-event-categories\">\n\t\t\t\t\t<span class=\"em-icon-category em-icon\"><\/span>\n\t\t\t\t\t<div>\t<ul class=\"event-categories\">\r\n\t\t\t\t\t<li><a href=\"https:\/\/agbw.org\/am\/events\/kategorie\/gottesdienst\/\">Gottesdienst<\/a><\/li>\r\n\t\t\t<\/ul>\r\n\t<\/div>\n\t\t\t\t<\/div>\n\t\t\t\t\n\t\t\t\t\n\t\t\t<\/div>\n\t\t\t<div class=\"em-item-desc\">\n\t\t\t\t\u054d\u056b\u0580\u0578\u057e \u056f\u0568 \u0570\u0580\u0561\u0582\u056b\u0580\u0565\u0576\u0584 \u0574\u0565\u0580 \u0570\u0561\u0582\u0561\u057f\u0561\u0581\u0565\u0561\u056c \u056a\u0578\u0572\u0578\u057e\u0578\u0582\u0580\u0564\u0568` \u0576\u0565\u0580\u056f\u0561\u0575 \u0563\u057f\u0576\u0578\u0582\u0565\u056c\u0578\u0582 \u057d\u0578\u0575\u0576 \u0570\u0578\u0563\u0565\u057a\u0561\u0580\u0561\u0580 \u0561\u0580\u0561\u0580\u0578\u0572\u0578\u0582\u0569\u0565\u0561\u0576\u0568: \/ Mit Freude laden wir unsere gl\u00e4ubige Gemeinde ein, an diesem ergreifenden Gottesdienst teilzunehmen.\n\t\t\t<\/div>\n\t\t\t<div class=\"em-item-actions input\">\n\t\t\t\t<a class=\"em-item-read-more button\" href=\"https:\/\/agbw.org\/am\/events\/%d5%af%d5%a1%d6%80%d5%a3-%d5%a9%d5%a1%d5%b2%d5%b4%d5%a1%d5%b6-ritus-der-grablegung-christi-in-goeppingen-2026\/\">More Info<\/a>\n\t\t\t\t\n\t\t\t<\/div>\n\t\t<\/div>\n\t<\/div>\n<\/div>\t\t<\/div><!-- content -->\n\t\n\t<\/div><!-- modal -->\n<\/div>\t\t\t\t\t<div class=\"em pixelbones em-calendar-preview em-modal em-cal-event-content\" data-event-id=\"809\" data-parent=\"em-cal-events-content-309917927\">\n\t<div class=\"em-modal-popup\">\n\t\t<header>\n\t\t\t<a class=\"em-close-modal\"><\/a><!-- close modal -->\n\t\t\t<div class=\"em-modal-title\">\n\t\t\t\t<a href=\"https:\/\/agbw.org\/am\/events\/%d5%b3%d6%80%d5%a1%d5%a3%d5%a1%d5%ac%d5%b8%d5%b5%d6%81-%d5%bd-%d5%a6%d5%a1%d5%bf%d5%af%d5%ab-tschragaluyts-ostervorabend-2026\/\">\u0543\u0580\u0561\u0563\u0561\u056c\u0578\u0575\u0581 \u054d. \u0536\u0561\u057f\u056f\u056b: \/ Tschragaluyts. Ostervorabend<\/a>\t\t\t<\/div>\n\t\t<\/header>\n\t\t<div class=\"em-modal-content\">\n\t\t\t<div class=\"em pixelbones em-calendar-preview em-list em-events-list\">\n\t<div class=\"em-event em-item\" style=\"--default-border:#8224e3;\">\n\t\t<div class=\"em-item-image \">\n\t\t\t\n\t\t\t<img src='https:\/\/agbw.org\/wp-content\/uploads\/2024\/12\/1-1-1.jpg' alt='\u0543\u0580\u0561\u0563\u0561\u056c\u0578\u0575\u0581 \u054d. \u0536\u0561\u057f\u056f\u056b: \/ Tschragaluyts. Ostervorabend'\/>\n\t\t\t\n\t\t\t\n\t\t<\/div>\n\t\t<div class=\"em-item-info\">\n\t\t\t<div class=\"em-event-meta em-item-meta\">\n\t\t\t\t<div class=\"em-item-meta-line em-event-date em-event-meta-datetime\">\n\t\t\t\t\t<span class=\"em-icon-calendar em-icon\"><\/span>\n\t\t\t\t\t4. \u0531\u057a\u0580\u056b\u056c\u056b 2026&nbsp;&nbsp;&nbsp;&nbsp;\n\t\t\t\t<\/div>\n\t\t\t\t<div class=\"em-item-meta-line em-event-time em-event-meta-datetime\">\n\t\t\t\t\t<span class=\"em-icon-clock em-icon\"><\/span>\n\t\t\t\t\t17:00 - 19:00\n\t\t\t\t<\/div>\n\t\t\t\t\n\t\t\t\t\n\t\t\t\t<div class=\"em-item-meta-line em-event-location\">\n\t\t\t\t\t<span class=\"em-icon-location em-icon\"><\/span>\n\t\t\t\t\t<a href=\"https:\/\/agbw.org\/am\/ort\/evang-lukaskirche\/\">Evang. Lukaskirche<\/a>\n\t\t\t\t<\/div>\n\t\t\t\t\n\t\t\t\t\n\t\t\t\t\n\t\t\t\t<div class=\"em-item-meta-line em-item-taxonomy em-event-categories\">\n\t\t\t\t\t<span class=\"em-icon-category em-icon\"><\/span>\n\t\t\t\t\t<div>\t<ul class=\"event-categories\">\r\n\t\t\t\t\t<li><a href=\"https:\/\/agbw.org\/am\/events\/kategorie\/gottesdienst\/\">Gottesdienst<\/a><\/li>\r\n\t\t\t\t\t<li><a href=\"https:\/\/agbw.org\/am\/events\/kategorie\/kirchenfest\/\">Kirchenfest<\/a><\/li>\r\n\t\t\t\t\t<li><a href=\"https:\/\/agbw.org\/am\/events\/kategorie\/surb-patarag\/\">Surb Patarag \/ \u054d\u0578\u0582\u0580\u0562 \u054a\u0561\u057f\u0561\u0580\u0561\u0563<\/a><\/li>\r\n\t\t\t<\/ul>\r\n\t<\/div>\n\t\t\t\t<\/div>\n\t\t\t\t\n\t\t\t\t\n\t\t\t<\/div>\n\t\t\t<div class=\"em-item-desc\">\n\t\t\t\t\u054d\u056b\u0580\u0578\u057e \u056f\u0568 \u0570\u0580\u0561\u0582\u056b\u0580\u0565\u0576\u0584 \u0574\u0565\u0580 \u0570\u0561\u0582\u0561\u057f\u0561\u0581\u0565\u0561\u056c \u056a\u0578\u0572\u0578\u057e\u0578\u0582\u0580\u0564\u0568` \u0574\u0561\u057d\u0576\u0561\u056f\u0581\u0565\u056c\u0578\u0582 \u0543\u0580\u0561\u0563\u0561\u056c\u0578\u0575\u0581\u056b \u054d\u0578\u0582\u0580\u0562 \u054a\u0561\u057f\u0561\u0580\u0561\u0563\u056b\u0576\u0589 \/ Wir laden unsere Gemeindemitglieder am Tschragaluyts Surb Patarag (Hl. Liturgie) teilzunehmen.\n\t\t\t<\/div>\n\t\t\t<div class=\"em-item-actions input\">\n\t\t\t\t<a class=\"em-item-read-more button\" href=\"https:\/\/agbw.org\/am\/events\/%d5%b3%d6%80%d5%a1%d5%a3%d5%a1%d5%ac%d5%b8%d5%b5%d6%81-%d5%bd-%d5%a6%d5%a1%d5%bf%d5%af%d5%ab-tschragaluyts-ostervorabend-2026\/\">More Info<\/a>\n\t\t\t\t\n\t\t\t<\/div>\n\t\t<\/div>\n\t<\/div>\n<\/div>\t\t<\/div><!-- content -->\n\t\n\t<\/div><!-- modal -->\n<\/div>\t\t\t\t\t<div class=\"em pixelbones em-calendar-preview em-modal em-cal-event-content\" data-event-id=\"810\" data-parent=\"em-cal-events-content-309917927\">\n\t<div class=\"em-modal-popup\">\n\t\t<header>\n\t\t\t<a class=\"em-close-modal\"><\/a><!-- close modal -->\n\t\t\t<div class=\"em-modal-title\">\n\t\t\t\t<a href=\"https:\/\/agbw.org\/am\/events\/%d5%a6%d5%a1%d5%bf%d5%ab%d5%af-ostern-in-kehl\/\">\u0536\u0561\u057f\u056b\u056f \/ Ostern in Kehl<\/a>\t\t\t<\/div>\n\t\t<\/header>\n\t\t<div class=\"em-modal-content\">\n\t\t\t<div class=\"em pixelbones em-calendar-preview em-list em-events-list\">\n\t<div class=\"em-event em-item\" style=\"--default-border:#8224e3;\">\n\t\t<div class=\"em-item-image \">\n\t\t\t\n\t\t\t<img src='https:\/\/agbw.org\/wp-content\/uploads\/2024\/12\/Surb-Patarag-Ostern-Kehl-900-x-600-px-1.jpg' alt='\u0536\u0561\u057f\u056b\u056f \/ Ostern in Kehl'\/>\n\t\t\t\n\t\t\t\n\t\t<\/div>\n\t\t<div class=\"em-item-info\">\n\t\t\t<div class=\"em-event-meta em-item-meta\">\n\t\t\t\t<div class=\"em-item-meta-line em-event-date em-event-meta-datetime\">\n\t\t\t\t\t<span class=\"em-icon-calendar em-icon\"><\/span>\n\t\t\t\t\t5. \u0531\u057a\u0580\u056b\u056c\u056b 2026&nbsp;&nbsp;&nbsp;&nbsp;\n\t\t\t\t<\/div>\n\t\t\t\t<div class=\"em-item-meta-line em-event-time em-event-meta-datetime\">\n\t\t\t\t\t<span class=\"em-icon-clock em-icon\"><\/span>\n\t\t\t\t\t10:00 - 12:00\n\t\t\t\t<\/div>\n\t\t\t\t\n\t\t\t\t\n\t\t\t\t<div class=\"em-item-meta-line em-event-location\">\n\t\t\t\t\t<span class=\"em-icon-location em-icon\"><\/span>\n\t\t\t\t\t<a href=\"https:\/\/agbw.org\/am\/ort\/st-maria-kirche-in-kehl\/\">St. Maria Kirche in Kehl<\/a>\n\t\t\t\t<\/div>\n\t\t\t\t\n\t\t\t\t\n\t\t\t\t\n\t\t\t\t<div class=\"em-item-meta-line em-item-taxonomy em-event-categories\">\n\t\t\t\t\t<span class=\"em-icon-category em-icon\"><\/span>\n\t\t\t\t\t<div>\t<ul class=\"event-categories\">\r\n\t\t\t\t\t<li><a href=\"https:\/\/agbw.org\/am\/events\/kategorie\/surb-patarag\/\">Surb Patarag \/ \u054d\u0578\u0582\u0580\u0562 \u054a\u0561\u057f\u0561\u0580\u0561\u0563<\/a><\/li>\r\n\t\t\t<\/ul>\r\n\t<\/div>\n\t\t\t\t<\/div>\n\t\t\t\t\n\t\t\t\t\n\t\t\t<\/div>\n\t\t\t<div class=\"em-item-desc\">\n\t\t\t\t\u054d\u056b\u0580\u0578\u057e \u056f\u0568 \u0570\u0580\u0561\u0582\u056b\u0580\u0565\u0576\u0584 \u0574\u0565\u0580 \u056a\u0578\u0572\u0578\u057e\u0578\u0582\u0580\u0564\u0568 \u0574\u0561\u057d\u0576\u0561\u056f\u0581\u0565\u056c\u0578\u0582 \u0566\u0561\u057f\u056f\u0561\u056f\u0561\u0576 \u054d\u0578\u0582\u0580\u0562 \u054a\u0561\u057f\u0561\u0580\u0561\u0563\u056b\u0576, \u056c\u057d\u0565\u056c\u0578\u0582 \u0585\u0580\u0578\u0582\u0561\u0575 \u057a\u0561\u057f\u0563\u0561\u0574\u0568 \u0565\u0582 \u057e\u0565\u0580\u0561\u0576\u0578\u0580\u0578\u0563\u0578\u0582\u0565\u056c\u0578\u0582 \u054d. \u0545\u0561\u0580\u0578\u0582\u0569\u0565\u0561\u0576 \u0570\u0580\u0561\u0577\u0561\u0583\u0561\u057c \u056d\u0578\u0580\u0570\u0578\u0582\u0580\u0564\u0578\u057e: \/ Mit Freude laden wir unser Volk ein, am Ostergottesdienst teilzunehmen, die Botschaft des Tages zu h\u00f6ren und sich durch das wunderbare Mysterium der Heiligen Auferstehung unseres Herrn zu erneuern.\n\t\t\t<\/div>\n\t\t\t<div class=\"em-item-actions input\">\n\t\t\t\t<a class=\"em-item-read-more button\" href=\"https:\/\/agbw.org\/am\/events\/%d5%a6%d5%a1%d5%bf%d5%ab%d5%af-ostern-in-kehl\/\">More Info<\/a>\n\t\t\t\t\n\t\t\t<\/div>\n\t\t<\/div>\n\t<\/div>\n<\/div>\t\t<\/div><!-- content -->\n\t\n\t<\/div><!-- modal -->\n<\/div>\t\t\t\t\t<div class=\"em pixelbones em-calendar-preview em-modal em-cal-event-content\" data-event-id=\"811\" data-parent=\"em-cal-events-content-309917927\">\n\t<div class=\"em-modal-popup\">\n\t\t<header>\n\t\t\t<a class=\"em-close-modal\"><\/a><!-- close modal -->\n\t\t\t<div class=\"em-modal-title\">\n\t\t\t\t<a href=\"https:\/\/agbw.org\/am\/events\/%d5%b5%d5%a1%d6%80%d5%b8%d6%82%d5%a9%d5%ab%d6%82%d5%b6-%d5%bf%d5%a5%d5%a1%d5%bc%d5%b6-%d5%b4%d5%a5%d6%80%d5%b8%d5%b5-%d5%a6%d5%a1%d5%bf%d5%ab%d5%af-auferstehung-unseres-herrn-ostern-2026\/\">\u0545\u0531\u0550\u0548\u0552\u0539\u053b\u0552\u0546 \u054f\u0535\u0531\u054c\u0546 \u0544\u0535\u0550\u0548\u0545 (\u0536\u0561\u057f\u056b\u056f)\/ AUFERSTEHUNG UNSERES HERRN (Ostern)<\/a>\t\t\t<\/div>\n\t\t<\/header>\n\t\t<div class=\"em-modal-content\">\n\t\t\t<div class=\"em pixelbones em-calendar-preview em-list em-events-list\">\n\t<div class=\"em-event em-item\" style=\"--default-border:#8224e3;\">\n\t\t<div class=\"em-item-image \">\n\t\t\t\n\t\t\t<img src='https:\/\/agbw.org\/wp-content\/uploads\/2024\/12\/2-1-1.jpg' alt='\u0545\u0531\u0550\u0548\u0552\u0539\u053b\u0552\u0546 \u054f\u0535\u0531\u054c\u0546 \u0544\u0535\u0550\u0548\u0545 (\u0536\u0561\u057f\u056b\u056f)\/ AUFERSTEHUNG UNSERES HERRN (Ostern)'\/>\n\t\t\t\n\t\t\t\n\t\t<\/div>\n\t\t<div class=\"em-item-info\">\n\t\t\t<div class=\"em-event-meta em-item-meta\">\n\t\t\t\t<div class=\"em-item-meta-line em-event-date em-event-meta-datetime\">\n\t\t\t\t\t<span class=\"em-icon-calendar em-icon\"><\/span>\n\t\t\t\t\t5. \u0531\u057a\u0580\u056b\u056c\u056b 2026&nbsp;&nbsp;&nbsp;&nbsp;\n\t\t\t\t<\/div>\n\t\t\t\t<div class=\"em-item-meta-line em-event-time em-event-meta-datetime\">\n\t\t\t\t\t<span class=\"em-icon-clock em-icon\"><\/span>\n\t\t\t\t\t14:00 - 16:00\n\t\t\t\t<\/div>\n\t\t\t\t\n\t\t\t\t\n\t\t\t\t<div class=\"em-item-meta-line em-event-location\">\n\t\t\t\t\t<span class=\"em-icon-location em-icon\"><\/span>\n\t\t\t\t\t<a href=\"https:\/\/agbw.org\/am\/ort\/evang-gemeindezentrum-bartenbach\/\">Evang. Gemeindezentrum Bartenbach<\/a>\n\t\t\t\t<\/div>\n\t\t\t\t\n\t\t\t\t\n\t\t\t\t\n\t\t\t\t<div class=\"em-item-meta-line em-item-taxonomy em-event-categories\">\n\t\t\t\t\t<span class=\"em-icon-category em-icon\"><\/span>\n\t\t\t\t\t<div>\t<ul class=\"event-categories\">\r\n\t\t\t\t\t<li><a href=\"https:\/\/agbw.org\/am\/events\/kategorie\/surb-patarag\/\">Surb Patarag \/ \u054d\u0578\u0582\u0580\u0562 \u054a\u0561\u057f\u0561\u0580\u0561\u0563<\/a><\/li>\r\n\t\t\t<\/ul>\r\n\t<\/div>\n\t\t\t\t<\/div>\n\t\t\t\t\n\t\t\t\t\n\t\t\t<\/div>\n\t\t\t<div class=\"em-item-desc\">\n\t\t\t\t\u054d\u056b\u0580\u0578\u057e \u056f\u0568 \u0570\u0580\u0561\u0582\u056b\u0580\u0565\u0576\u0584 \u0574\u0565\u0580 \u056a\u0578\u0572\u0578\u057e\u0578\u0582\u0580\u0564\u0568 \u0574\u0561\u057d\u0576\u0561\u056f\u0581\u0565\u056c\u0578\u0582 \u0566\u0561\u057f\u056f\u0561\u056f\u0561\u0576 \u054d\u0578\u0582\u0580\u0562 \u054a\u0561\u057f\u0561\u0580\u0561\u0563\u056b\u0576, \u056c\u057d\u0565\u056c\u0578\u0582 \u0585\u0580\u0578\u0582\u0561\u0575 \u057a\u0561\u057f\u0563\u0561\u0574\u0568 \u0565\u0582 \u057e\u0565\u0580\u0561\u0576\u0578\u0580\u0578\u0563\u0578\u0582\u0565\u056c\u0578\u0582 \u054d. \u0545\u0561\u0580\u0578\u0582\u0569\u0565\u0561\u0576 \u0570\u0580\u0561\u0577\u0561\u0583\u0561\u057c \u056d\u0578\u0580\u0570\u0578\u0582\u0580\u0564\u0578\u057e: \/ Mit Freude laden wir unser Volk ein, am Ostergottesdienst teilzunehmen, die Botschaft des Tages zu h\u00f6ren und sich durch das wunderbare Mysterium der Heiligen Auferstehung unseres Herrn zu erneuern.\n\t\t\t<\/div>\n\t\t\t<div class=\"em-item-actions input\">\n\t\t\t\t<a class=\"em-item-read-more button\" href=\"https:\/\/agbw.org\/am\/events\/%d5%b5%d5%a1%d6%80%d5%b8%d6%82%d5%a9%d5%ab%d6%82%d5%b6-%d5%bf%d5%a5%d5%a1%d5%bc%d5%b6-%d5%b4%d5%a5%d6%80%d5%b8%d5%b5-%d5%a6%d5%a1%d5%bf%d5%ab%d5%af-auferstehung-unseres-herrn-ostern-2026\/\">More Info<\/a>\n\t\t\t\t\n\t\t\t<\/div>\n\t\t<\/div>\n\t<\/div>\n<\/div>\t\t<\/div><!-- content -->\n\t\n\t<\/div><!-- modal -->\n<\/div>\t\t\t\t\t<div class=\"em pixelbones em-calendar-preview em-modal em-cal-event-content\" data-event-id=\"827\" data-parent=\"em-cal-events-content-309917927\">\n\t<div class=\"em-modal-popup\">\n\t\t<header>\n\t\t\t<a class=\"em-close-modal\"><\/a><!-- close modal -->\n\t\t\t<div class=\"em-modal-title\">\n\t\t\t\t<a href=\"https:\/\/agbw.org\/am\/events\/osterfest-2026\/\">Osterfest 2026<\/a>\t\t\t<\/div>\n\t\t<\/header>\n\t\t<div class=\"em-modal-content\">\n\t\t\t<div class=\"em pixelbones em-calendar-preview em-list em-events-list\">\n\t<div class=\"em-event em-item\" style=\"--default-border:#FFFFFF;\">\n\t\t<div class=\"em-item-image \">\n\t\t\t\n\t\t\t<img src='https:\/\/agbw.org\/wp-content\/uploads\/2026\/03\/zatik-2026-scaled.png' alt='Osterfest 2026'\/>\n\t\t\t\n\t\t\t\n\t\t<\/div>\n\t\t<div class=\"em-item-info\">\n\t\t\t<div class=\"em-event-meta em-item-meta\">\n\t\t\t\t<div class=\"em-item-meta-line em-event-date em-event-meta-datetime\">\n\t\t\t\t\t<span class=\"em-icon-calendar em-icon\"><\/span>\n\t\t\t\t\t5. \u0531\u057a\u0580\u056b\u056c\u056b 2026&nbsp;&nbsp;&nbsp;&nbsp;\n\t\t\t\t<\/div>\n\t\t\t\t<div class=\"em-item-meta-line em-event-time em-event-meta-datetime\">\n\t\t\t\t\t<span class=\"em-icon-clock em-icon\"><\/span>\n\t\t\t\t\t16:00 - 21:00\n\t\t\t\t<\/div>\n\t\t\t\t\n\t\t\t\t\n\t\t\t\t<div class=\"em-item-meta-line em-event-location\">\n\t\t\t\t\t<span class=\"em-icon-location em-icon\"><\/span>\n\t\t\t\t\t<a href=\"https:\/\/agbw.org\/am\/ort\/fest-und-turnhalle-bartenbach\/\">Fest- und Turnhalle Bartenbach<\/a>\n\t\t\t\t<\/div>\n\t\t\t\t\n\t\t\t\t\n\t\t\t\t\n\t\t\t\t<div class=\"em-item-meta-line em-item-taxonomy em-event-categories\">\n\t\t\t\t\t<span class=\"em-icon-category em-icon\"><\/span>\n\t\t\t\t\t<div>\t<ul class=\"event-categories\">\r\n\t\t\t\t\t<li><a href=\"https:\/\/agbw.org\/am\/events\/kategorie\/gemeindefest\/\">Gemeindefest<\/a><\/li>\r\n\t\t\t<\/ul>\r\n\t<\/div>\n\t\t\t\t<\/div>\n\t\t\t\t\n\t\t\t\t\n\t\t\t<\/div>\n\t\t\t<div class=\"em-item-desc\">\n\t\t\t\tNach dem festlichen Ostergottesdienst laden wir herzlich zu unserem Gemeindefest ein: bunter, lebendiger und begegnungsreicher als je zuvor!\n\t\t\t<\/div>\n\t\t\t<div class=\"em-item-actions input\">\n\t\t\t\t<a class=\"em-item-read-more button\" href=\"https:\/\/agbw.org\/am\/events\/osterfest-2026\/\">More Info<\/a>\n\t\t\t\t\n\t\t\t<\/div>\n\t\t<\/div>\n\t<\/div>\n<\/div>\t\t<\/div><!-- content -->\n\t\n\t<\/div><!-- modal -->\n<\/div>\t\t\t\t\t<div class=\"em pixelbones em-calendar-preview em-modal em-cal-event-content\" data-event-id=\"812\" data-parent=\"em-cal-events-content-309917927\">\n\t<div class=\"em-modal-popup\">\n\t\t<header>\n\t\t\t<a class=\"em-close-modal\"><\/a><!-- close modal -->\n\t\t\t<div class=\"em-modal-title\">\n\t\t\t\t<a href=\"https:\/\/agbw.org\/am\/events\/%d5%b4%d5%a5%d5%bc%d5%a5%d5%ac%d5%b8%d6%81-merelots-06042026\/\">\u0544\u0565\u057c\u0565\u056c\u0578\u0581 \/ Merelots<\/a>\t\t\t<\/div>\n\t\t<\/header>\n\t\t<div class=\"em-modal-content\">\n\t\t\t<div class=\"em pixelbones em-calendar-preview em-list em-events-list\">\n\t<div class=\"em-event em-item\" style=\"--default-border:#8224e3;\">\n\t\t<div class=\"em-item-image \">\n\t\t\t\n\t\t\t<img src='https:\/\/agbw.org\/wp-content\/uploads\/2024\/12\/Hogehangist-3.jpg' alt='\u0544\u0565\u057c\u0565\u056c\u0578\u0581 \/ Merelots'\/>\n\t\t\t\n\t\t\t\n\t\t<\/div>\n\t\t<div class=\"em-item-info\">\n\t\t\t<div class=\"em-event-meta em-item-meta\">\n\t\t\t\t<div class=\"em-item-meta-line em-event-date em-event-meta-datetime\">\n\t\t\t\t\t<span class=\"em-icon-calendar em-icon\"><\/span>\n\t\t\t\t\t6. \u0531\u057a\u0580\u056b\u056c\u056b 2026&nbsp;&nbsp;&nbsp;&nbsp;\n\t\t\t\t<\/div>\n\t\t\t\t<div class=\"em-item-meta-line em-event-time em-event-meta-datetime\">\n\t\t\t\t\t<span class=\"em-icon-clock em-icon\"><\/span>\n\t\t\t\t\t11:00 - 11:30\n\t\t\t\t<\/div>\n\t\t\t\t\n\t\t\t\t\n\t\t\t\t<div class=\"em-item-meta-line em-event-location\">\n\t\t\t\t\t<span class=\"em-icon-location em-icon\"><\/span>\n\t\t\t\t\t<a href=\"https:\/\/agbw.org\/am\/ort\/friedhof-steinhaldenfeld\/\">Friedhof Steinhaldenfeld<\/a>\n\t\t\t\t<\/div>\n\t\t\t\t\n\t\t\t\t\n\t\t\t\t\n\t\t\t\t<div class=\"em-item-meta-line em-item-taxonomy em-event-categories\">\n\t\t\t\t\t<span class=\"em-icon-category em-icon\"><\/span>\n\t\t\t\t\t<div>\t<ul class=\"event-categories\">\r\n\t\t\t\t\t<li><a href=\"https:\/\/agbw.org\/am\/events\/kategorie\/gottesdienst\/\">Gottesdienst<\/a><\/li>\r\n\t\t\t<\/ul>\r\n\t<\/div>\n\t\t\t\t<\/div>\n\t\t\t\t\n\t\t\t\t\n\t\t\t<\/div>\n\t\t\t<div class=\"em-item-desc\">\n\t\t\t\t\u0544\u0565\u057c\u0565\u056c\u0578\u0581: \u0546\u0576\u057b\u0565\u0581\u0565\u0561\u056c\u0576\u0565\u0580\u0578\u0582 \u0570\u0578\u0563\u056b\u0576\u0565\u0580\u0578\u0582 \u0570\u0561\u0576\u0563\u057d\u057f\u0578\u0582\u0569\u0565\u0561\u0576 \u0587 \u056d\u0561\u0572\u0561\u0572\u0578\u0582\u0569\u0565\u0561\u0576 \u0570\u0561\u0574\u0561\u0580 \u0570\u0578\u0563\u0565\u0570\u0561\u0576\u0563\u057d\u057f\u0565\u0561\u0576 \u056f\u0561\u0580\u0563 \u056f\u0568 \u056f\u0561\u057f\u0561\u0580\u0578\u0582\u056b: \/\/ Merelots \u2013 Totengedenken in der Armenischen Kirche. \n\t\t\t<\/div>\n\t\t\t<div class=\"em-item-actions input\">\n\t\t\t\t<a class=\"em-item-read-more button\" href=\"https:\/\/agbw.org\/am\/events\/%d5%b4%d5%a5%d5%bc%d5%a5%d5%ac%d5%b8%d6%81-merelots-06042026\/\">More Info<\/a>\n\t\t\t\t\n\t\t\t<\/div>\n\t\t<\/div>\n\t<\/div>\n<\/div>\t\t<\/div><!-- content -->\n\t\n\t<\/div><!-- modal -->\n<\/div>\t\t\t\t\t<div class=\"em pixelbones em-calendar-preview em-modal em-cal-event-content\" data-event-id=\"815\" data-parent=\"em-cal-events-content-309917927\">\n\t<div class=\"em-modal-popup\">\n\t\t<header>\n\t\t\t<a class=\"em-close-modal\"><\/a><!-- close modal -->\n\t\t\t<div class=\"em-modal-title\">\n\t\t\t\t<a href=\"https:\/\/agbw.org\/am\/events\/surb-patarag-190426\/\">\u054d\u0578\u0582\u0580\u0562 \u054a\u0561\u057f\u0561\u0580\u0561\u0563 \/ Surb Patarag<\/a>\t\t\t<\/div>\n\t\t<\/header>\n\t\t<div class=\"em-modal-content\">\n\t\t\t<div class=\"em pixelbones em-calendar-preview em-list em-events-list\">\n\t<div class=\"em-event em-item\" style=\"--default-border:#8224e3;\">\n\t\t<div class=\"em-item-image \">\n\t\t\t\n\t\t\t<img src='https:\/\/agbw.org\/wp-content\/uploads\/2024\/12\/Patarag-Stuttgart-23.jpg' alt='\u054d\u0578\u0582\u0580\u0562 \u054a\u0561\u057f\u0561\u0580\u0561\u0563 \/ Surb Patarag'\/>\n\t\t\t\n\t\t\t\n\t\t<\/div>\n\t\t<div class=\"em-item-info\">\n\t\t\t<div class=\"em-event-meta em-item-meta\">\n\t\t\t\t<div class=\"em-item-meta-line em-event-date em-event-meta-datetime\">\n\t\t\t\t\t<span class=\"em-icon-calendar em-icon\"><\/span>\n\t\t\t\t\t19. \u0531\u057a\u0580\u056b\u056c\u056b 2026&nbsp;&nbsp;&nbsp;&nbsp;\n\t\t\t\t<\/div>\n\t\t\t\t<div class=\"em-item-meta-line em-event-time em-event-meta-datetime\">\n\t\t\t\t\t<span class=\"em-icon-clock em-icon\"><\/span>\n\t\t\t\t\t12:00 - 14:00\n\t\t\t\t<\/div>\n\t\t\t\t\n\t\t\t\t\n\t\t\t\t<div class=\"em-item-meta-line em-event-location\">\n\t\t\t\t\t<span class=\"em-icon-location em-icon\"><\/span>\n\t\t\t\t\t<a href=\"https:\/\/agbw.org\/am\/ort\/evang-lutherkirche-bad-cannstatt\/\">Evang. Lutherkirche Bad Cannstatt<\/a>\n\t\t\t\t<\/div>\n\t\t\t\t\n\t\t\t\t\n\t\t\t\t\n\t\t\t\t<div class=\"em-item-meta-line em-item-taxonomy em-event-categories\">\n\t\t\t\t\t<span class=\"em-icon-category em-icon\"><\/span>\n\t\t\t\t\t<div>\t<ul class=\"event-categories\">\r\n\t\t\t\t\t<li><a href=\"https:\/\/agbw.org\/am\/events\/kategorie\/gottesdienst\/\">Gottesdienst<\/a><\/li>\r\n\t\t\t\t\t<li><a href=\"https:\/\/agbw.org\/am\/events\/kategorie\/surb-patarag\/\">Surb Patarag \/ \u054d\u0578\u0582\u0580\u0562 \u054a\u0561\u057f\u0561\u0580\u0561\u0563<\/a><\/li>\r\n\t\t\t<\/ul>\r\n\t<\/div>\n\t\t\t\t<\/div>\n\t\t\t\t\n\t\t\t\t\n\t\t\t<\/div>\n\t\t\t<div class=\"em-item-desc\">\n\t\t\t\t\u054d\u056b\u0580\u0578\u057e \u056f\u0568 \u0570\u0580\u0561\u0582\u056b\u0580\u0565\u0576\u0584 \u0574\u0565\u0580 \u0570\u0561\u0582\u0561\u057f\u0561\u0581\u0565\u0561\u056c \u056a\u0578\u0572\u0578\u057e\u0578\u0582\u0580\u0564\u0568` \u0574\u0561\u057d\u0576\u0561\u056f\u0581\u0565\u056c\u0578\u0582 \u054d\u0578\u0582\u0580\u0562 \u054a\u0561\u057f\u0561\u0580\u0561\u0563\u056b\u0576\u0589 \/ Wir laden unsere Gemeindemitglieder am Surb Patarag (Hl. Liturgie) teilzunehmen.\n\t\t\t<\/div>\n\t\t\t<div class=\"em-item-actions input\">\n\t\t\t\t<a class=\"em-item-read-more button\" href=\"https:\/\/agbw.org\/am\/events\/surb-patarag-190426\/\">More Info<\/a>\n\t\t\t\t\n\t\t\t<\/div>\n\t\t<\/div>\n\t<\/div>\n<\/div>\t\t<\/div><!-- content -->\n\t\n\t<\/div><!-- modal -->\n<\/div>\t\t\t\t\t<div class=\"em pixelbones em-calendar-preview em-modal em-cal-event-content\" data-event-id=\"816\" data-parent=\"em-cal-events-content-309917927\">\n\t<div class=\"em-modal-popup\">\n\t\t<header>\n\t\t\t<a class=\"em-close-modal\"><\/a><!-- close modal -->\n\t\t\t<div class=\"em-modal-title\">\n\t\t\t\t<a href=\"https:\/\/agbw.org\/am\/events\/gedenkgottesdienst-und-veranstaltung-2026\/\">Gedenkgottesdienst und -veranstaltung<\/a>\t\t\t<\/div>\n\t\t<\/header>\n\t\t<div class=\"em-modal-content\">\n\t\t\t<div class=\"em pixelbones em-calendar-preview em-list em-events-list\">\n\t<div class=\"em-event em-item\" style=\"--default-border:#8224e3;\">\n\t\t<div class=\"em-item-image \">\n\t\t\t\n\t\t\t<img src='https:\/\/agbw.org\/wp-content\/uploads\/2026\/04\/24.04.2026.jpg' alt='Gedenkgottesdienst und -veranstaltung'\/>\n\t\t\t\n\t\t\t\n\t\t<\/div>\n\t\t<div class=\"em-item-info\">\n\t\t\t<div class=\"em-event-meta em-item-meta\">\n\t\t\t\t<div class=\"em-item-meta-line em-event-date em-event-meta-datetime\">\n\t\t\t\t\t<span class=\"em-icon-calendar em-icon\"><\/span>\n\t\t\t\t\t24. \u0531\u057a\u0580\u056b\u056c\u056b 2026&nbsp;&nbsp;&nbsp;&nbsp;\n\t\t\t\t<\/div>\n\t\t\t\t<div class=\"em-item-meta-line em-event-time em-event-meta-datetime\">\n\t\t\t\t\t<span class=\"em-icon-clock em-icon\"><\/span>\n\t\t\t\t\t17:00 - 20:30\n\t\t\t\t<\/div>\n\t\t\t\t\n\t\t\t\t\n\t\t\t\t<div class=\"em-item-meta-line em-event-location\">\n\t\t\t\t\t<span class=\"em-icon-location em-icon\"><\/span>\n\t\t\t\t\t<a href=\"https:\/\/agbw.org\/am\/ort\/evang-lutherkirche-bad-cannstatt\/\">Evang. Lutherkirche Bad Cannstatt<\/a>\n\t\t\t\t<\/div>\n\t\t\t\t\n\t\t\t\t\n\t\t\t\t\n\t\t\t\t<div class=\"em-item-meta-line em-item-taxonomy em-event-categories\">\n\t\t\t\t\t<span class=\"em-icon-category em-icon\"><\/span>\n\t\t\t\t\t<div>\t<ul class=\"event-categories\">\r\n\t\t\t\t\t<li><a href=\"https:\/\/agbw.org\/am\/events\/kategorie\/andacht\/\">Andacht<\/a><\/li>\r\n\t\t\t\t\t<li><a href=\"https:\/\/agbw.org\/am\/events\/kategorie\/gedenktag\/\">Gedenktag<\/a><\/li>\r\n\t\t\t\t\t<li><a href=\"https:\/\/agbw.org\/am\/events\/kategorie\/konzert\/\">Konzert<\/a><\/li>\r\n\t\t\t<\/ul>\r\n\t<\/div>\n\t\t\t\t<\/div>\n\t\t\t\t\n\t\t\t\t\n\t\t\t<\/div>\n\t\t\t<div class=\"em-item-desc\">\n\t\t\t\tZentrale Gedenkveranstaltung anl\u00e4sslich des Jahrestages des V\u00f6lkermordes an den Armeniern im Osmanischen Reich der Armenischen Gemeinde Baden-W\u00fcrttemberg.\n\t\t\t<\/div>\n\t\t\t<div class=\"em-item-actions input\">\n\t\t\t\t<a class=\"em-item-read-more button\" href=\"https:\/\/agbw.org\/am\/events\/gedenkgottesdienst-und-veranstaltung-2026\/\">More Info<\/a>\n\t\t\t\t\n\t\t\t<\/div>\n\t\t<\/div>\n\t<\/div>\n<\/div>\t\t<\/div><!-- content -->\n\t\n\t<\/div><!-- modal -->\n<\/div>\t\t\t\t\t<div class=\"em pixelbones em-calendar-preview em-modal em-cal-event-content\" data-event-id=\"818\" data-parent=\"em-cal-events-content-309917927\">\n\t<div class=\"em-modal-popup\">\n\t\t<header>\n\t\t\t<a class=\"em-close-modal\"><\/a><!-- close modal -->\n\t\t\t<div class=\"em-modal-title\">\n\t\t\t\t<a href=\"https:\/\/agbw.org\/am\/events\/surb-patarag-030526\/\">\u054d\u0578\u0582\u0580\u0562 \u054a\u0561\u057f\u0561\u0580\u0561\u0563 \/ Surb Patarag<\/a>\t\t\t<\/div>\n\t\t<\/header>\n\t\t<div class=\"em-modal-content\">\n\t\t\t<div class=\"em pixelbones em-calendar-preview em-list em-events-list\">\n\t<div class=\"em-event em-item\" style=\"--default-border:#8224e3;\">\n\t\t<div class=\"em-item-image \">\n\t\t\t\n\t\t\t<img src='https:\/\/agbw.org\/wp-content\/uploads\/2024\/12\/Patarag-Kehl-14.jpg' alt='\u054d\u0578\u0582\u0580\u0562 \u054a\u0561\u057f\u0561\u0580\u0561\u0563 \/ Surb Patarag'\/>\n\t\t\t\n\t\t\t\n\t\t<\/div>\n\t\t<div class=\"em-item-info\">\n\t\t\t<div class=\"em-event-meta em-item-meta\">\n\t\t\t\t<div class=\"em-item-meta-line em-event-date em-event-meta-datetime\">\n\t\t\t\t\t<span class=\"em-icon-calendar em-icon\"><\/span>\n\t\t\t\t\t3. \u0544\u0561\u0575\u056b\u057d\u056b 2026&nbsp;&nbsp;&nbsp;&nbsp;\n\t\t\t\t<\/div>\n\t\t\t\t<div class=\"em-item-meta-line em-event-time em-event-meta-datetime\">\n\t\t\t\t\t<span class=\"em-icon-clock em-icon\"><\/span>\n\t\t\t\t\t12:30 - 14:30\n\t\t\t\t<\/div>\n\t\t\t\t\n\t\t\t\t\n\t\t\t\t<div class=\"em-item-meta-line em-event-location\">\n\t\t\t\t\t<span class=\"em-icon-location em-icon\"><\/span>\n\t\t\t\t\t<a href=\"https:\/\/agbw.org\/am\/ort\/st-maria-kirche-in-kehl\/\">St. Maria Kirche in Kehl<\/a>\n\t\t\t\t<\/div>\n\t\t\t\t\n\t\t\t\t\n\t\t\t\t\n\t\t\t\t<div class=\"em-item-meta-line em-item-taxonomy em-event-categories\">\n\t\t\t\t\t<span class=\"em-icon-category em-icon\"><\/span>\n\t\t\t\t\t<div>\t<ul class=\"event-categories\">\r\n\t\t\t\t\t<li><a href=\"https:\/\/agbw.org\/am\/events\/kategorie\/gottesdienst\/\">Gottesdienst<\/a><\/li>\r\n\t\t\t\t\t<li><a href=\"https:\/\/agbw.org\/am\/events\/kategorie\/surb-patarag\/\">Surb Patarag \/ \u054d\u0578\u0582\u0580\u0562 \u054a\u0561\u057f\u0561\u0580\u0561\u0563<\/a><\/li>\r\n\t\t\t<\/ul>\r\n\t<\/div>\n\t\t\t\t<\/div>\n\t\t\t\t\n\t\t\t\t\n\t\t\t<\/div>\n\t\t\t<div class=\"em-item-desc\">\n\t\t\t\t\u054d\u056b\u0580\u0578\u057e \u056f\u0568 \u0570\u0580\u0561\u0582\u056b\u0580\u0565\u0576\u0584 \u0574\u0565\u0580 \u0570\u0561\u0582\u0561\u057f\u0561\u0581\u0565\u0561\u056c \u056a\u0578\u0572\u0578\u057e\u0578\u0582\u0580\u0564\u0568` \u0574\u0561\u057d\u0576\u0561\u056f\u0581\u0565\u056c\u0578\u0582 \u054d\u0578\u0582\u0580\u0562 \u054a\u0561\u057f\u0561\u0580\u0561\u0563\u056b\u0576\u0589 \/ Wir laden unsere Gemeindemitglieder am Surb Patarag (Hl. Liturgie) teilzunehmen.\n\t\t\t<\/div>\n\t\t\t<div class=\"em-item-actions input\">\n\t\t\t\t<a class=\"em-item-read-more button\" href=\"https:\/\/agbw.org\/am\/events\/surb-patarag-030526\/\">More Info<\/a>\n\t\t\t\t\n\t\t\t<\/div>\n\t\t<\/div>\n\t<\/div>\n<\/div>\t\t<\/div><!-- content -->\n\t\n\t<\/div><!-- modal -->\n<\/div>\t\t\t\t\t\t\t\t\t\t\t\t\t\t\t\t\t\t\t<div class=\"em pixelbones em-calendar-preview em-modal em-cal-date-content\" data-calendar-date=\"1775088000\" data-parent=\"em-cal-events-content-309917927\">\n\t<div class=\"em-modal-popup\">\n\t\t<header>\n\t\t\t<a class=\"em-close-modal\"><\/a><!-- close modal -->\n\t\t\t<div class=\"em-modal-title\">\n\t\t\t\tEvents on 2. \u0531\u057a\u0580\u056b\u056c\u056b 2026\t\t\t<\/div>\n\t\t<\/header>\n\t\t<div class=\"em-modal-content em pixelbones em-calendar-preview em-list-widget em-events-widget\">\n\t\t\t\t\t\t\t<div class=\"em-item em-event\" style=\"--default-border:#8224e3;\">\n\t<div class=\"em-item-image \" style=\"max-width:150px\">\n\t\t\n\t\t<img src='https:\/\/agbw.org\/wp-content\/uploads\/2024\/12\/Wotnlva-900-x-600-px-1.jpg?w=150&#038;h=150' alt='\u0548\u057f\u0576\u056c\u0578\u0582\u0561\u0575 \/ Fu\u00dfwaschung in Kehl' width=\"150\" height=\"150\" \/>\n\t\t\n\t\t\n\t<\/div>\n\t<div class=\"em-item-info\">\n\t\t<div class=\"em-item-name\"><a href=\"https:\/\/agbw.org\/am\/events\/%d5%b8%d5%bf%d5%b6%d5%ac%d5%b8%d6%82%d5%a1%d5%b5-fusswaschung-in-kehl-2026\/\">\u0548\u057f\u0576\u056c\u0578\u0582\u0561\u0575 \/ Fu\u00dfwaschung in Kehl<\/a><\/div>\n\t\t<div class=\"em-item-meta\">\n\t\t\t<div class=\"em-item-meta-line em-event-date em-event-meta-datetime\">\n\t\t\t\t<span class=\"em-icon em-icon-calendar\"><\/span>\n\t\t\t\t<span>2 \u0531\u057a\u0580 26<\/span>\n\t\t\t<\/div>\n\t\t\t<div class=\"em-item-meta-line em-event-location em-event-meta-location\">\n\t\t\t\t<span class=\"em-icon em-icon-location\"><\/span>\n\t\t\t\t<span>Kehl<\/span>\n\t\t\t<\/div>\n\t\t<\/div>\n\t<\/div>\n<\/div>\t\t\t\t\t\t\t<div class=\"em-item em-event\" style=\"--default-border:#8224e3;\">\n\t<div class=\"em-item-image \" style=\"max-width:150px\">\n\t\t\n\t\t<img src='https:\/\/agbw.org\/wp-content\/uploads\/2024\/12\/Votnlva-2.jpg?w=150&#038;h=150' alt='\u0548\u057f\u0576\u056c\u0578\u0582\u0561\u0575 \/ Fu\u00dfwaschung in G\u00f6ppingen' width=\"150\" height=\"150\" \/>\n\t\t\n\t\t\n\t<\/div>\n\t<div class=\"em-item-info\">\n\t\t<div class=\"em-item-name\"><a href=\"https:\/\/agbw.org\/am\/events\/%d5%b8%d5%bf%d5%b6%d5%ac%d5%b8%d6%82%d5%a1%d5%b5-fusswaschung-in-goeppingen-2026\/\">\u0548\u057f\u0576\u056c\u0578\u0582\u0561\u0575 \/ Fu\u00dfwaschung in G\u00f6ppingen<\/a><\/div>\n\t\t<div class=\"em-item-meta\">\n\t\t\t<div class=\"em-item-meta-line em-event-date em-event-meta-datetime\">\n\t\t\t\t<span class=\"em-icon em-icon-calendar\"><\/span>\n\t\t\t\t<span>2 \u0531\u057a\u0580 26<\/span>\n\t\t\t<\/div>\n\t\t\t<div class=\"em-item-meta-line em-event-location em-event-meta-location\">\n\t\t\t\t<span class=\"em-icon em-icon-location\"><\/span>\n\t\t\t\t<span>G\u00f6ppingen<\/span>\n\t\t\t<\/div>\n\t\t<\/div>\n\t<\/div>\n<\/div>\t\t\t\t\t\t\t<div class=\"em-item em-event\" style=\"--default-border:#8224e3;\">\n\t<div class=\"em-item-image \" style=\"max-width:150px\">\n\t\t\n\t\t<img src='https:\/\/agbw.org\/wp-content\/uploads\/2024\/12\/Verrat-Christi900-x-600-px-1.jpg?w=150&#038;h=150' alt='\u053f\u0561\u0580\u0563 \u0549\u0561\u0580\u0579\u0561\u0580\u0561\u0576\u0561\u0581 (\u053d\u0561\u0582\u0561\u0580\u0578\u0582\u0574) \/ Passionsandacht' width=\"150\" height=\"150\" \/>\n\t\t\n\t\t\n\t<\/div>\n\t<div class=\"em-item-info\">\n\t\t<div class=\"em-item-name\"><a href=\"https:\/\/agbw.org\/am\/events\/%d5%af%d5%a1%d6%80%d5%a3-%d5%b9%d5%a1%d6%80%d5%b9%d5%a1%d6%80%d5%a1%d5%b6%d5%a1%d6%81-passionsandacht\/\">\u053f\u0561\u0580\u0563 \u0549\u0561\u0580\u0579\u0561\u0580\u0561\u0576\u0561\u0581 (\u053d\u0561\u0582\u0561\u0580\u0578\u0582\u0574) \/ Passionsandacht<\/a><\/div>\n\t\t<div class=\"em-item-meta\">\n\t\t\t<div class=\"em-item-meta-line em-event-date em-event-meta-datetime\">\n\t\t\t\t<span class=\"em-icon em-icon-calendar\"><\/span>\n\t\t\t\t<span>2 \u0531\u057a\u0580 26<\/span>\n\t\t\t<\/div>\n\t\t\t<div class=\"em-item-meta-line em-event-location em-event-meta-location\">\n\t\t\t\t<span class=\"em-icon em-icon-location\"><\/span>\n\t\t\t\t<span>G\u00f6ppingen<\/span>\n\t\t\t<\/div>\n\t\t<\/div>\n\t<\/div>\n<\/div>\t\t\t\t\t<\/div><!-- content -->\n\t\t\t<\/div><!-- modal -->\n<\/div>\t\t\t\t\t\t\t\t<div class=\"em pixelbones em-calendar-preview em-modal em-cal-date-content\" data-calendar-date=\"1775174400\" data-parent=\"em-cal-events-content-309917927\">\n\t<div class=\"em-modal-popup\">\n\t\t<header>\n\t\t\t<a class=\"em-close-modal\"><\/a><!-- close modal -->\n\t\t\t<div class=\"em-modal-title\">\n\t\t\t\tEvents on 3. \u0531\u057a\u0580\u056b\u056c\u056b 2026\t\t\t<\/div>\n\t\t<\/header>\n\t\t<div class=\"em-modal-content em pixelbones em-calendar-preview em-list-widget em-events-widget\">\n\t\t\t\t\t\t\t<div class=\"em-item em-event\" style=\"--default-border:#8224e3;\">\n\t<div class=\"em-item-image \" style=\"max-width:150px\">\n\t\t\n\t\t<img src='https:\/\/agbw.org\/wp-content\/uploads\/2022\/04\/Grablegung.jpg?w=150&#038;h=150' alt='\u053f\u0561\u0580\u0563 \u0569\u0561\u0572\u0574\u0561\u0576 \/ Ritus der Grablegung Christi in Kehl' width=\"150\" height=\"150\" \/>\n\t\t\n\t\t\n\t<\/div>\n\t<div class=\"em-item-info\">\n\t\t<div class=\"em-item-name\"><a href=\"https:\/\/agbw.org\/am\/events\/%d5%af%d5%a1%d6%80%d5%a3-%d5%a9%d5%a1%d5%b2%d5%b4%d5%a1%d5%b6-ritus-der-grablegung-christi-in-kehl-2026\/\">\u053f\u0561\u0580\u0563 \u0569\u0561\u0572\u0574\u0561\u0576 \/ Ritus der Grablegung Christi in Kehl<\/a><\/div>\n\t\t<div class=\"em-item-meta\">\n\t\t\t<div class=\"em-item-meta-line em-event-date em-event-meta-datetime\">\n\t\t\t\t<span class=\"em-icon em-icon-calendar\"><\/span>\n\t\t\t\t<span>3 \u0531\u057a\u0580 26<\/span>\n\t\t\t<\/div>\n\t\t\t<div class=\"em-item-meta-line em-event-location em-event-meta-location\">\n\t\t\t\t<span class=\"em-icon em-icon-location\"><\/span>\n\t\t\t\t<span>Kehl<\/span>\n\t\t\t<\/div>\n\t\t<\/div>\n\t<\/div>\n<\/div>\t\t\t\t\t\t\t<div class=\"em-item em-event\" style=\"--default-border:#8224e3;\">\n\t<div class=\"em-item-image \" style=\"max-width:150px\">\n\t\t\n\t\t<img src='https:\/\/agbw.org\/wp-content\/uploads\/2022\/12\/Grablegung-Christi-900-x-600-px.jpg?w=150&#038;h=150' alt='\u053f\u0561\u0580\u0563 \u0569\u0561\u0572\u0574\u0561\u0576 \/ Ritus der Grablegung Christi in G\u00f6ppingen' width=\"150\" height=\"150\" \/>\n\t\t\n\t\t\n\t<\/div>\n\t<div class=\"em-item-info\">\n\t\t<div class=\"em-item-name\"><a href=\"https:\/\/agbw.org\/am\/events\/%d5%af%d5%a1%d6%80%d5%a3-%d5%a9%d5%a1%d5%b2%d5%b4%d5%a1%d5%b6-ritus-der-grablegung-christi-in-goeppingen-2026\/\">\u053f\u0561\u0580\u0563 \u0569\u0561\u0572\u0574\u0561\u0576 \/ Ritus der Grablegung Christi in G\u00f6ppingen<\/a><\/div>\n\t\t<div class=\"em-item-meta\">\n\t\t\t<div class=\"em-item-meta-line em-event-date em-event-meta-datetime\">\n\t\t\t\t<span class=\"em-icon em-icon-calendar\"><\/span>\n\t\t\t\t<span>3 \u0531\u057a\u0580 26<\/span>\n\t\t\t<\/div>\n\t\t\t<div class=\"em-item-meta-line em-event-location em-event-meta-location\">\n\t\t\t\t<span class=\"em-icon em-icon-location\"><\/span>\n\t\t\t\t<span>G\u00f6ppingen<\/span>\n\t\t\t<\/div>\n\t\t<\/div>\n\t<\/div>\n<\/div>\t\t\t\t\t<\/div><!-- content -->\n\t\t\t<\/div><!-- modal -->\n<\/div>\t\t\t\t\t\t\t\t<div class=\"em pixelbones em-calendar-preview em-modal em-cal-date-content\" data-calendar-date=\"1775260800\" data-parent=\"em-cal-events-content-309917927\">\n\t<div class=\"em-modal-popup\">\n\t\t<header>\n\t\t\t<a class=\"em-close-modal\"><\/a><!-- close modal -->\n\t\t\t<div class=\"em-modal-title\">\n\t\t\t\tEvents on 4. \u0531\u057a\u0580\u056b\u056c\u056b 2026\t\t\t<\/div>\n\t\t<\/header>\n\t\t<div class=\"em-modal-content em pixelbones em-calendar-preview em-list-widget em-events-widget\">\n\t\t\t\t\t\t\t<div class=\"em-item em-event\" style=\"--default-border:#8224e3;\">\n\t<div class=\"em-item-image \" style=\"max-width:150px\">\n\t\t\n\t\t<img src='https:\/\/agbw.org\/wp-content\/uploads\/2024\/12\/1-1-1.jpg?w=150&#038;h=150' alt='\u0543\u0580\u0561\u0563\u0561\u056c\u0578\u0575\u0581 \u054d. \u0536\u0561\u057f\u056f\u056b: \/ Tschragaluyts. Ostervorabend' width=\"150\" height=\"150\" \/>\n\t\t\n\t\t\n\t<\/div>\n\t<div class=\"em-item-info\">\n\t\t<div class=\"em-item-name\"><a href=\"https:\/\/agbw.org\/am\/events\/%d5%b3%d6%80%d5%a1%d5%a3%d5%a1%d5%ac%d5%b8%d5%b5%d6%81-%d5%bd-%d5%a6%d5%a1%d5%bf%d5%af%d5%ab-tschragaluyts-ostervorabend-2026\/\">\u0543\u0580\u0561\u0563\u0561\u056c\u0578\u0575\u0581 \u054d. \u0536\u0561\u057f\u056f\u056b: \/ Tschragaluyts. Ostervorabend<\/a><\/div>\n\t\t<div class=\"em-item-meta\">\n\t\t\t<div class=\"em-item-meta-line em-event-date em-event-meta-datetime\">\n\t\t\t\t<span class=\"em-icon em-icon-calendar\"><\/span>\n\t\t\t\t<span>4 \u0531\u057a\u0580 26<\/span>\n\t\t\t<\/div>\n\t\t\t<div class=\"em-item-meta-line em-event-location em-event-meta-location\">\n\t\t\t\t<span class=\"em-icon em-icon-location\"><\/span>\n\t\t\t\t<span>Freiburg im Breisgau<\/span>\n\t\t\t<\/div>\n\t\t<\/div>\n\t<\/div>\n<\/div>\t\t\t\t\t<\/div><!-- content -->\n\t\t\t<\/div><!-- modal -->\n<\/div>\t\t\t\t\t\t\t\t<div class=\"em pixelbones em-calendar-preview em-modal em-cal-date-content\" data-calendar-date=\"1775347200\" data-parent=\"em-cal-events-content-309917927\">\n\t<div class=\"em-modal-popup\">\n\t\t<header>\n\t\t\t<a class=\"em-close-modal\"><\/a><!-- close modal -->\n\t\t\t<div class=\"em-modal-title\">\n\t\t\t\tEvents on 5. \u0531\u057a\u0580\u056b\u056c\u056b 2026\t\t\t<\/div>\n\t\t<\/header>\n\t\t<div class=\"em-modal-content em pixelbones em-calendar-preview em-list-widget em-events-widget\">\n\t\t\t\t\t\t\t<div class=\"em-item em-event\" style=\"--default-border:#8224e3;\">\n\t<div class=\"em-item-image \" style=\"max-width:150px\">\n\t\t\n\t\t<img src='https:\/\/agbw.org\/wp-content\/uploads\/2024\/12\/Surb-Patarag-Ostern-Kehl-900-x-600-px-1.jpg?w=150&#038;h=150' alt='\u0536\u0561\u057f\u056b\u056f \/ Ostern in Kehl' width=\"150\" height=\"150\" \/>\n\t\t\n\t\t\n\t<\/div>\n\t<div class=\"em-item-info\">\n\t\t<div class=\"em-item-name\"><a href=\"https:\/\/agbw.org\/am\/events\/%d5%a6%d5%a1%d5%bf%d5%ab%d5%af-ostern-in-kehl\/\">\u0536\u0561\u057f\u056b\u056f \/ Ostern in Kehl<\/a><\/div>\n\t\t<div class=\"em-item-meta\">\n\t\t\t<div class=\"em-item-meta-line em-event-date em-event-meta-datetime\">\n\t\t\t\t<span class=\"em-icon em-icon-calendar\"><\/span>\n\t\t\t\t<span>5 \u0531\u057a\u0580 26<\/span>\n\t\t\t<\/div>\n\t\t\t<div class=\"em-item-meta-line em-event-location em-event-meta-location\">\n\t\t\t\t<span class=\"em-icon em-icon-location\"><\/span>\n\t\t\t\t<span>Kehl<\/span>\n\t\t\t<\/div>\n\t\t<\/div>\n\t<\/div>\n<\/div>\t\t\t\t\t\t\t<div class=\"em-item em-event\" style=\"--default-border:#8224e3;\">\n\t<div class=\"em-item-image \" style=\"max-width:150px\">\n\t\t\n\t\t<img src='https:\/\/agbw.org\/wp-content\/uploads\/2024\/12\/2-1-1.jpg?w=150&#038;h=150' alt='\u0545\u0531\u0550\u0548\u0552\u0539\u053b\u0552\u0546 \u054f\u0535\u0531\u054c\u0546 \u0544\u0535\u0550\u0548\u0545 (\u0536\u0561\u057f\u056b\u056f)\/ AUFERSTEHUNG UNSERES HERRN (Ostern)' width=\"150\" height=\"150\" \/>\n\t\t\n\t\t\n\t<\/div>\n\t<div class=\"em-item-info\">\n\t\t<div class=\"em-item-name\"><a href=\"https:\/\/agbw.org\/am\/events\/%d5%b5%d5%a1%d6%80%d5%b8%d6%82%d5%a9%d5%ab%d6%82%d5%b6-%d5%bf%d5%a5%d5%a1%d5%bc%d5%b6-%d5%b4%d5%a5%d6%80%d5%b8%d5%b5-%d5%a6%d5%a1%d5%bf%d5%ab%d5%af-auferstehung-unseres-herrn-ostern-2026\/\">\u0545\u0531\u0550\u0548\u0552\u0539\u053b\u0552\u0546 \u054f\u0535\u0531\u054c\u0546 \u0544\u0535\u0550\u0548\u0545 (\u0536\u0561\u057f\u056b\u056f)\/ AUFERSTEHUNG UNSERES HERRN (Ostern)<\/a><\/div>\n\t\t<div class=\"em-item-meta\">\n\t\t\t<div class=\"em-item-meta-line em-event-date em-event-meta-datetime\">\n\t\t\t\t<span class=\"em-icon em-icon-calendar\"><\/span>\n\t\t\t\t<span>5 \u0531\u057a\u0580 26<\/span>\n\t\t\t<\/div>\n\t\t\t<div class=\"em-item-meta-line em-event-location em-event-meta-location\">\n\t\t\t\t<span class=\"em-icon em-icon-location\"><\/span>\n\t\t\t\t<span>G\u00f6ppingen<\/span>\n\t\t\t<\/div>\n\t\t<\/div>\n\t<\/div>\n<\/div>\t\t\t\t\t\t\t<div class=\"em-item em-event\" style=\"--default-border:#FFFFFF;\">\n\t<div class=\"em-item-image \" style=\"max-width:150px\">\n\t\t\n\t\t<img src='https:\/\/agbw.org\/wp-content\/uploads\/2026\/03\/zatik-2026-scaled.png?w=150&#038;h=150' alt='Osterfest 2026' width=\"150\" height=\"150\" \/>\n\t\t\n\t\t\n\t<\/div>\n\t<div class=\"em-item-info\">\n\t\t<div class=\"em-item-name\"><a href=\"https:\/\/agbw.org\/am\/events\/osterfest-2026\/\">Osterfest 2026<\/a><\/div>\n\t\t<div class=\"em-item-meta\">\n\t\t\t<div class=\"em-item-meta-line em-event-date em-event-meta-datetime\">\n\t\t\t\t<span class=\"em-icon em-icon-calendar\"><\/span>\n\t\t\t\t<span>5 \u0531\u057a\u0580 26<\/span>\n\t\t\t<\/div>\n\t\t\t<div class=\"em-item-meta-line em-event-location em-event-meta-location\">\n\t\t\t\t<span class=\"em-icon em-icon-location\"><\/span>\n\t\t\t\t<span>G\u00f6ppingen<\/span>\n\t\t\t<\/div>\n\t\t<\/div>\n\t<\/div>\n<\/div>\t\t\t\t\t<\/div><!-- content -->\n\t\t\t<\/div><!-- modal -->\n<\/div>\t\t\t\t\t\t\t\t<div class=\"em pixelbones em-calendar-preview em-modal em-cal-date-content\" data-calendar-date=\"1775433600\" data-parent=\"em-cal-events-content-309917927\">\n\t<div class=\"em-modal-popup\">\n\t\t<header>\n\t\t\t<a class=\"em-close-modal\"><\/a><!-- close modal -->\n\t\t\t<div class=\"em-modal-title\">\n\t\t\t\tEvents on 6. \u0531\u057a\u0580\u056b\u056c\u056b 2026\t\t\t<\/div>\n\t\t<\/header>\n\t\t<div class=\"em-modal-content em pixelbones em-calendar-preview em-list-widget em-events-widget\">\n\t\t\t\t\t\t\t<div class=\"em-item em-event\" style=\"--default-border:#8224e3;\">\n\t<div class=\"em-item-image \" style=\"max-width:150px\">\n\t\t\n\t\t<img src='https:\/\/agbw.org\/wp-content\/uploads\/2024\/12\/Hogehangist-3.jpg?w=150&#038;h=150' alt='\u0544\u0565\u057c\u0565\u056c\u0578\u0581 \/ Merelots' width=\"150\" height=\"150\" \/>\n\t\t\n\t\t\n\t<\/div>\n\t<div class=\"em-item-info\">\n\t\t<div class=\"em-item-name\"><a href=\"https:\/\/agbw.org\/am\/events\/%d5%b4%d5%a5%d5%bc%d5%a5%d5%ac%d5%b8%d6%81-merelots-06042026\/\">\u0544\u0565\u057c\u0565\u056c\u0578\u0581 \/ Merelots<\/a><\/div>\n\t\t<div class=\"em-item-meta\">\n\t\t\t<div class=\"em-item-meta-line em-event-date em-event-meta-datetime\">\n\t\t\t\t<span class=\"em-icon em-icon-calendar\"><\/span>\n\t\t\t\t<span>6 \u0531\u057a\u0580 26<\/span>\n\t\t\t<\/div>\n\t\t\t<div class=\"em-item-meta-line em-event-location em-event-meta-location\">\n\t\t\t\t<span class=\"em-icon em-icon-location\"><\/span>\n\t\t\t\t<span>Stuttgart<\/span>\n\t\t\t<\/div>\n\t\t<\/div>\n\t<\/div>\n<\/div>\t\t\t\t\t<\/div><!-- content -->\n\t\t\t<\/div><!-- modal -->\n<\/div>\t\t\t\t\t\t\t\t\t\t\t\t\t\t\t\t\t\t\t\t\t\t\t\t\t\t\t\t\t\t\t\t\t\t\t\t\t\t\t\t\t\t\t\t<div class=\"em pixelbones em-calendar-preview em-modal em-cal-date-content\" data-calendar-date=\"1776556800\" data-parent=\"em-cal-events-content-309917927\">\n\t<div class=\"em-modal-popup\">\n\t\t<header>\n\t\t\t<a class=\"em-close-modal\"><\/a><!-- close modal -->\n\t\t\t<div class=\"em-modal-title\">\n\t\t\t\tEvents on 19. \u0531\u057a\u0580\u056b\u056c\u056b 2026\t\t\t<\/div>\n\t\t<\/header>\n\t\t<div class=\"em-modal-content em pixelbones em-calendar-preview em-list-widget em-events-widget\">\n\t\t\t\t\t\t\t<div class=\"em-item em-event\" style=\"--default-border:#8224e3;\">\n\t<div class=\"em-item-image \" style=\"max-width:150px\">\n\t\t\n\t\t<img src='https:\/\/agbw.org\/wp-content\/uploads\/2024\/12\/Patarag-Stuttgart-23.jpg?w=150&#038;h=150' alt='\u054d\u0578\u0582\u0580\u0562 \u054a\u0561\u057f\u0561\u0580\u0561\u0563 \/ Surb Patarag' width=\"150\" height=\"150\" \/>\n\t\t\n\t\t\n\t<\/div>\n\t<div class=\"em-item-info\">\n\t\t<div class=\"em-item-name\"><a href=\"https:\/\/agbw.org\/am\/events\/surb-patarag-190426\/\">\u054d\u0578\u0582\u0580\u0562 \u054a\u0561\u057f\u0561\u0580\u0561\u0563 \/ Surb Patarag<\/a><\/div>\n\t\t<div class=\"em-item-meta\">\n\t\t\t<div class=\"em-item-meta-line em-event-date em-event-meta-datetime\">\n\t\t\t\t<span class=\"em-icon em-icon-calendar\"><\/span>\n\t\t\t\t<span>19 \u0531\u057a\u0580 26<\/span>\n\t\t\t<\/div>\n\t\t\t<div class=\"em-item-meta-line em-event-location em-event-meta-location\">\n\t\t\t\t<span class=\"em-icon em-icon-location\"><\/span>\n\t\t\t\t<span>Stuttgart<\/span>\n\t\t\t<\/div>\n\t\t<\/div>\n\t<\/div>\n<\/div>\t\t\t\t\t<\/div><!-- content -->\n\t\t\t<\/div><!-- modal -->\n<\/div>\t\t\t\t\t\t\t\t\t\t\t\t\t\t\t\t\t\t\t\t<div class=\"em pixelbones em-calendar-preview em-modal em-cal-date-content\" data-calendar-date=\"1776988800\" data-parent=\"em-cal-events-content-309917927\">\n\t<div class=\"em-modal-popup\">\n\t\t<header>\n\t\t\t<a class=\"em-close-modal\"><\/a><!-- close modal -->\n\t\t\t<div class=\"em-modal-title\">\n\t\t\t\tEvents on 24. \u0531\u057a\u0580\u056b\u056c\u056b 2026\t\t\t<\/div>\n\t\t<\/header>\n\t\t<div class=\"em-modal-content em pixelbones em-calendar-preview em-list-widget em-events-widget\">\n\t\t\t\t\t\t\t<div class=\"em-item em-event\" style=\"--default-border:#8224e3;\">\n\t<div class=\"em-item-image \" style=\"max-width:150px\">\n\t\t\n\t\t<img src='https:\/\/agbw.org\/wp-content\/uploads\/2026\/04\/24.04.2026.jpg?w=150&#038;h=150' alt='Gedenkgottesdienst und -veranstaltung' width=\"150\" height=\"150\" \/>\n\t\t\n\t\t\n\t<\/div>\n\t<div class=\"em-item-info\">\n\t\t<div class=\"em-item-name\"><a href=\"https:\/\/agbw.org\/am\/events\/gedenkgottesdienst-und-veranstaltung-2026\/\">Gedenkgottesdienst und -veranstaltung<\/a><\/div>\n\t\t<div class=\"em-item-meta\">\n\t\t\t<div class=\"em-item-meta-line em-event-date em-event-meta-datetime\">\n\t\t\t\t<span class=\"em-icon em-icon-calendar\"><\/span>\n\t\t\t\t<span>24 \u0531\u057a\u0580 26<\/span>\n\t\t\t<\/div>\n\t\t\t<div class=\"em-item-meta-line em-event-location em-event-meta-location\">\n\t\t\t\t<span class=\"em-icon em-icon-location\"><\/span>\n\t\t\t\t<span>Stuttgart<\/span>\n\t\t\t<\/div>\n\t\t<\/div>\n\t<\/div>\n<\/div>\t\t\t\t\t<\/div><!-- content -->\n\t\t\t<\/div><!-- modal -->\n<\/div>\t\t\t\t\t\t\t\t\t\t\t\t\t\t\t\t\t\t\t\t\t\t\t\t\t\t\t\t\t\t\t\t<div class=\"em pixelbones em-calendar-preview em-modal em-cal-date-content\" data-calendar-date=\"1777766400\" data-parent=\"em-cal-events-content-309917927\">\n\t<div class=\"em-modal-popup\">\n\t\t<header>\n\t\t\t<a class=\"em-close-modal\"><\/a><!-- close modal -->\n\t\t\t<div class=\"em-modal-title\">\n\t\t\t\tEvents on 3. \u0544\u0561\u0575\u056b\u057d\u056b 2026\t\t\t<\/div>\n\t\t<\/header>\n\t\t<div class=\"em-modal-content em pixelbones em-calendar-preview em-list-widget em-events-widget\">\n\t\t\t\t\t\t\t<div class=\"em-item em-event\" style=\"--default-border:#8224e3;\">\n\t<div class=\"em-item-image \" style=\"max-width:150px\">\n\t\t\n\t\t<img src='https:\/\/agbw.org\/wp-content\/uploads\/2024\/12\/Patarag-Kehl-14.jpg?w=150&#038;h=150' alt='\u054d\u0578\u0582\u0580\u0562 \u054a\u0561\u057f\u0561\u0580\u0561\u0563 \/ Surb Patarag' width=\"150\" height=\"150\" \/>\n\t\t\n\t\t\n\t<\/div>\n\t<div class=\"em-item-info\">\n\t\t<div class=\"em-item-name\"><a href=\"https:\/\/agbw.org\/am\/events\/surb-patarag-030526\/\">\u054d\u0578\u0582\u0580\u0562 \u054a\u0561\u057f\u0561\u0580\u0561\u0563 \/ Surb Patarag<\/a><\/div>\n\t\t<div class=\"em-item-meta\">\n\t\t\t<div class=\"em-item-meta-line em-event-date em-event-meta-datetime\">\n\t\t\t\t<span class=\"em-icon em-icon-calendar\"><\/span>\n\t\t\t\t<span>3 \u0544\u0575\u057d 26<\/span>\n\t\t\t<\/div>\n\t\t\t<div class=\"em-item-meta-line em-event-location em-event-meta-location\">\n\t\t\t\t<span class=\"em-icon em-icon-location\"><\/span>\n\t\t\t\t<span>Kehl<\/span>\n\t\t\t<\/div>\n\t\t<\/div>\n\t<\/div>\n<\/div>\t\t\t\t\t<\/div><!-- content -->\n\t\t\t<\/div><!-- modal -->\n<\/div>\t\t\t<\/section><\/div>\n<script>\n\t{\n\t\tlet el = document.getElementById('em-calendar-309917927').querySelector('.em-cal-body');\n\t\tlet width = el.firstElementChild.getBoundingClientRect().width;\n\t\tif (width > 0) {\n\t\t\tel.style.setProperty('--grid-auto-rows', 'minmax(' + width + 'px, auto)');\n\t\t}\n\t}\n<\/script>\t\t\t<div class=\"em-view-custom-data\" id=\"em-view-custom-data-309917927\">\r\n\t\t\t\t\t\t\t\t<form class=\"em-view-custom-data-search\" id=\"em-view-custom-data-search-309917927\">\r\n\t\t\t\t\t\t\t\t\t\t<input type=\"hidden\" name=\"css\" value=\"1\">\r\n\t\t\t\t\t\t\t\t\t\t<input type=\"hidden\" name=\"search_action\" value=\"search_events\">\r\n\t\t\t\t\t\t\t\t\t\t<input type=\"hidden\" name=\"search_advanced_text\" value=\"Erweiterte Suche anzeigen\">\r\n\t\t\t\t\t\t\t\t\t\t<input type=\"hidden\" name=\"search_text_show\" value=\"Erweiterte Suche anzeigen\">\r\n\t\t\t\t\t\t\t\t\t\t<input type=\"hidden\" name=\"search_text_hide\" value=\"Erweiterte Suche verbergen\">\r\n\t\t\t\t\t\t\t\t\t\t<input type=\"hidden\" name=\"search_button\" value=\"Suche\">\r\n\t\t\t\t\t\t\t\t\t\t<input type=\"hidden\" name=\"saved_searches\" value=\"\">\r\n\t\t\t\t\t\t\t\t\t\t<input type=\"hidden\" name=\"search_advanced_style\" value=\"accordion\">\r\n\t\t\t\t\t\t\t\t\t\t<input type=\"hidden\" name=\"search_multiselect_style\" value=\"always-open\">\r\n\t\t\t\t\t\t\t\t\t\t<input type=\"hidden\" name=\"sorting\" value=\"0\">\r\n\t\t\t\t\t\t\t\t\t\t<input type=\"hidden\" name=\"search_term_main\" value=\"1\">\r\n\t\t\t\t\t\t\t\t\t\t<input type=\"hidden\" name=\"search_term\" value=\"1\">\r\n\t\t\t\t\t\t\t\t\t\t<input type=\"hidden\" name=\"search_term_label\" value=\"Suche\">\r\n\t\t\t\t\t\t\t\t\t\t<input type=\"hidden\" name=\"search_term_advanced\" value=\"1\">\r\n\t\t\t\t\t\t\t\t\t\t<input type=\"hidden\" name=\"search_term_label_advanced\" value=\"Suche\">\r\n\t\t\t\t\t\t\t\t\t\t<input type=\"hidden\" name=\"search_geo\" value=\"1\">\r\n\t\t\t\t\t\t\t\t\t\t<input type=\"hidden\" name=\"geo_label\" value=\"Nahe ...\">\r\n\t\t\t\t\t\t\t\t\t\t<input type=\"hidden\" name=\"search_geo_advanced\" value=\"1\">\r\n\t\t\t\t\t\t\t\t\t\t<input type=\"hidden\" name=\"geo_label_advanced\" value=\"Nahe ...\">\r\n\t\t\t\t\t\t\t\t\t\t<input type=\"hidden\" name=\"search_geo_units\" value=\"1\">\r\n\t\t\t\t\t\t\t\t\t\t<input type=\"hidden\" name=\"geo_units_label\" value=\"Innerhalb\">\r\n\t\t\t\t\t\t\t\t\t\t<input type=\"hidden\" name=\"geo_distance_values\" value=\"5,10,25,50,100\">\r\n\t\t\t\t\t\t\t\t\t\t<input type=\"hidden\" name=\"search_scope\" value=\"1\">\r\n\t\t\t\t\t\t\t\t\t\t<input type=\"hidden\" name=\"scope_label\" value=\"Daten\">\r\n\t\t\t\t\t\t\t\t\t\t<input type=\"hidden\" name=\"scope_seperator\" value=\"und\">\r\n\t\t\t\t\t\t\t\t\t\t<input type=\"hidden\" name=\"scope_format\" value=\"M j\">\r\n\t\t\t\t\t\t\t\t\t\t<input type=\"hidden\" name=\"search_scope_advanced\" value=\"1\">\r\n\t\t\t\t\t\t\t\t\t\t<input type=\"hidden\" name=\"scope_label_advanced\" value=\"Daten\">\r\n\t\t\t\t\t\t\t\t\t\t<input type=\"hidden\" name=\"scope_seperator_advanced\" value=\"und\">\r\n\t\t\t\t\t\t\t\t\t\t<input type=\"hidden\" name=\"scope_format_advanced\" value=\"M j\">\r\n\t\t\t\t\t\t\t\t\t\t<input type=\"hidden\" name=\"search_eventful_main\" value=\"0\">\r\n\t\t\t\t\t\t\t\t\t\t<input type=\"hidden\" name=\"search_eventful\" value=\"0\">\r\n\t\t\t\t\t\t\t\t\t\t<input type=\"hidden\" name=\"search_eventful_locations_label\" value=\"Eventful Locations?\">\r\n\t\t\t\t\t\t\t\t\t\t<input type=\"hidden\" name=\"search_eventful_locations_tooltip\" value=\"Display only locations with upcoming events.\">\r\n\t\t\t\t\t\t\t\t\t\t<input type=\"hidden\" name=\"search_categories\" value=\"1\">\r\n\t\t\t\t\t\t\t\t\t\t<input type=\"hidden\" name=\"category_label\" value=\"Kategorien\">\r\n\t\t\t\t\t\t\t\t\t\t<input type=\"hidden\" name=\"categories_label\" value=\"Alle Kategorien\">\r\n\t\t\t\t\t\t\t\t\t\t<input type=\"hidden\" name=\"categories_placeholder\" value=\"Suche Kategorien\">\r\n\t\t\t\t\t\t\t\t\t\t<input type=\"hidden\" name=\"categories_clear_text\" value=\"Clear Selected\">\r\n\t\t\t\t\t\t\t\t\t\t<input type=\"hidden\" name=\"categories_count_text\" value=\"%d Selected\">\r\n\t\t\t\t\t\t\t\t\t\t<input type=\"hidden\" name=\"categories_include\" value=\"\">\r\n\t\t\t\t\t\t\t\t\t\t<input type=\"hidden\" name=\"categories_exclude\" value=\"\">\r\n\t\t\t\t\t\t\t\t\t\t<input type=\"hidden\" name=\"search_tags\" value=\"0\">\r\n\t\t\t\t\t\t\t\t\t\t<input type=\"hidden\" name=\"tag_label\" value=\"Schlagw\u00f6rter\">\r\n\t\t\t\t\t\t\t\t\t\t<input type=\"hidden\" name=\"tags_label\" value=\"Alle Schlagworte\">\r\n\t\t\t\t\t\t\t\t\t\t<input type=\"hidden\" name=\"tags_placeholder\" value=\"Suche Schlagw\u00f6rter\">\r\n\t\t\t\t\t\t\t\t\t\t<input type=\"hidden\" name=\"tags_clear_text\" value=\"Clear Selected\">\r\n\t\t\t\t\t\t\t\t\t\t<input type=\"hidden\" name=\"tags_count_text\" value=\"%d Selected\">\r\n\t\t\t\t\t\t\t\t\t\t<input type=\"hidden\" name=\"tags_include\" value=\"\">\r\n\t\t\t\t\t\t\t\t\t\t<input type=\"hidden\" name=\"tags_exclude\" value=\"\">\r\n\t\t\t\t\t\t\t\t\t\t<input type=\"hidden\" name=\"search_countries\" value=\"1\">\r\n\t\t\t\t\t\t\t\t\t\t<input type=\"hidden\" name=\"country_label\" value=\"Land\">\r\n\t\t\t\t\t\t\t\t\t\t<input type=\"hidden\" name=\"countries_label\" value=\"Alle L\u00e4nder\">\r\n\t\t\t\t\t\t\t\t\t\t<input type=\"hidden\" name=\"search_regions\" value=\"0\">\r\n\t\t\t\t\t\t\t\t\t\t<input type=\"hidden\" name=\"region_label\" value=\"Region\">\r\n\t\t\t\t\t\t\t\t\t\t<input type=\"hidden\" name=\"search_states\" value=\"0\">\r\n\t\t\t\t\t\t\t\t\t\t<input type=\"hidden\" name=\"state_label\" value=\"Bundesland\">\r\n\t\t\t\t\t\t\t\t\t\t<input type=\"hidden\" name=\"search_towns\" value=\"1\">\r\n\t\t\t\t\t\t\t\t\t\t<input type=\"hidden\" name=\"town_label\" value=\"Ort\">\r\n\t\t\t\t\t\t\t\t\t\t<input type=\"hidden\" name=\"show_main\" value=\"1\">\r\n\t\t\t\t\t\t\t\t\t\t<input type=\"hidden\" name=\"show_advanced\" value=\"1\">\r\n\t\t\t\t\t\t\t\t\t\t<input type=\"hidden\" name=\"advanced_mode\" value=\"modal\">\r\n\t\t\t\t\t\t\t\t\t\t<input type=\"hidden\" name=\"advanced_hidden\" value=\"1\">\r\n\t\t\t\t\t\t\t\t\t\t<input type=\"hidden\" name=\"advanced_trigger\" value=\"1\">\r\n\t\t\t\t\t\t\t\t\t\t<input type=\"hidden\" name=\"main_classes\" value=\"css-search,em-search-legacy,has-search-term,has-search-geo,has-search-main,has-advanced,advanced-hidden\">\r\n\t\t\t\t\t\t\t\t\t\t<input type=\"hidden\" name=\"css_classes_advanced\" value=\"\">\r\n\t\t\t\t\t\t\t\t\t\t<input type=\"hidden\" name=\"id\" value=\"309917927\">\r\n\t\t\t\t\t\t\t\t\t\t<input type=\"hidden\" name=\"scope\" value=\"all\">\r\n\t\t\t\t\t\t\t\t\t\t<input type=\"hidden\" name=\"calendar_size\" value=\"\">\r\n\t\t\t\t\t\t\t\t\t\t<input type=\"hidden\" name=\"has_advanced_trigger\" value=\"0\">\r\n\t\t\t\t\t\t\t\t\t<\/form>\r\n\t\t\t\t<form class=\"em-view-custom-data-calendar\" id=\"em-view-custom-data-calendar-309917927\">\r\n\t\t\t\t\t\t\t\t\t\t\t<input type=\"hidden\" name=\"id\" value=\"309917927\">\r\n\t\t\t\t\t\t\t\t\t\t\t<input type=\"hidden\" name=\"scope\" value=\"all\">\r\n\t\t\t\t\t\t\t\t\t\t\t<input type=\"hidden\" name=\"calendar_size\" value=\"\">\r\n\t\t\t\t\t\t\t\t\t\t\t<input type=\"hidden\" name=\"has_advanced_trigger\" value=\"0\">\r\n\t\t\t\t\t\t\t\t\t<\/form>\r\n\t\t\t<\/div>\r\n\t\t<\/div>\r\n\t\t<div class=\"fusion-separator fusion-full-width-sep\" style=\"align-self: center;margin-left: auto;margin-right: auto;margin-top:20px;margin-bottom:20px;width:100%;\"><div class=\"fusion-separator-border sep-single sep-solid\" style=\"--awb-height:20px;--awb-amount:20px;border-color:#ffac00;border-top-width:1px;\"><\/div><\/div><\/div><\/div><\/div><\/div><div class=\"fusion-fullwidth fullwidth-box fusion-builder-row-5 fusion-flex-container has-pattern-background has-mask-background nonhundred-percent-fullwidth non-hundred-percent-height-scrolling fusion-no-medium-visibility fusion-no-large-visibility\" style=\"--awb-border-radius-top-left:0px;--awb-border-radius-top-right:0px;--awb-border-radius-bottom-right:0px;--awb-border-radius-bottom-left:0px;--awb-padding-right-medium:60px;--awb-padding-left-medium:60px;--awb-padding-top-small:90px;--awb-padding-right-small:90px;--awb-padding-bottom-small:90px;--awb-padding-left-small:90px;--awb-background-color:var(--awb-color8);--awb-flex-wrap:wrap;\" ><div class=\"fusion-builder-row fusion-row fusion-flex-align-items-center fusion-flex-content-wrap\" style=\"max-width:1248px;margin-left: calc(-4% \/ 2 );margin-right: calc(-4% \/ 2 );\"><div class=\"fusion-layout-column fusion_builder_column fusion-builder-column-6 fusion_builder_column_1_1 1_1 fusion-flex-column fusion-animated\" style=\"--awb-bg-size:cover;--awb-width-large:100%;--awb-margin-top-large:0px;--awb-spacing-right-large:3.84%;--awb-margin-bottom-large:20px;--awb-spacing-left-large:1.92%;--awb-width-medium:100%;--awb-order-medium:0;--awb-spacing-right-medium:1.92%;--awb-spacing-left-medium:1.92%;--awb-width-small:100%;--awb-order-small:0;--awb-spacing-right-small:1.92%;--awb-spacing-left-small:1.92%;\" data-animationType=\"fadeInLeft\" data-animationDuration=\"1.6\" data-animationOffset=\"top-into-view\" data-scroll-devices=\"small-visibility,medium-visibility,large-visibility\"><div class=\"fusion-column-wrapper fusion-column-has-shadow fusion-flex-justify-content-center fusion-content-layout-column\"><div class=\"fusion-image-element \" style=\"--awb-caption-title-font-family:var(--h2_typography-font-family);--awb-caption-title-font-weight:var(--h2_typography-font-weight);--awb-caption-title-font-style:var(--h2_typography-font-style);--awb-caption-title-size:var(--h2_typography-font-size);--awb-caption-title-transform:var(--h2_typography-text-transform);--awb-caption-title-line-height:var(--h2_typography-line-height);--awb-caption-title-letter-spacing:var(--h2_typography-letter-spacing);\"><span class=\" fusion-imageframe imageframe-none imageframe-3 hover-type-none\" style=\"border-radius:15px;\"><img decoding=\"async\" width=\"677\" height=\"693\" title=\"279\" src=\"https:\/\/agbw.org\/wp-content\/uploads\/2023\/06\/279.jpg\" alt class=\"img-responsive wp-image-15929\" srcset=\"https:\/\/agbw.org\/wp-content\/uploads\/2023\/06\/279-200x205.jpg 200w, https:\/\/agbw.org\/wp-content\/uploads\/2023\/06\/279-400x409.jpg 400w, https:\/\/agbw.org\/wp-content\/uploads\/2023\/06\/279-600x614.jpg 600w, https:\/\/agbw.org\/wp-content\/uploads\/2023\/06\/279.jpg 677w\" sizes=\"(max-width: 1024px) 100vw, (max-width: 640px) 100vw, 677px\" \/><\/span><\/div><\/div><\/div><div class=\"fusion-layout-column fusion_builder_column fusion-builder-column-7 fusion-flex-column fusion-animated\" style=\"--awb-padding-right-medium:54px;--awb-bg-size:cover;--awb-width-large:auto;--awb-margin-top-large:0px;--awb-spacing-right-large:2%;--awb-margin-bottom-large:20px;--awb-spacing-left-large:;--awb-width-medium:50%;--awb-order-medium:0;--awb-spacing-right-medium:0%;--awb-spacing-left-medium:7.68%;--awb-width-small:100%;--awb-order-small:0;--awb-spacing-right-small:1.92%;--awb-margin-bottom-small:34px;--awb-spacing-left-small:1.92%;\" data-animationType=\"fadeInRight\" data-animationDuration=\"1.6\" data-animationOffset=\"top-into-view\" data-scroll-devices=\"small-visibility,medium-visibility,large-visibility\"><div class=\"fusion-column-wrapper fusion-column-has-shadow fusion-flex-justify-content-flex-start fusion-content-layout-column\"><div class=\"fusion-title title fusion-title-5 fusion-sep-none fusion-title-text fusion-title-size-two\" style=\"--awb-text-color:var(--awb-color1);--awb-margin-top-small:10px;--awb-margin-right-small:0px;--awb-margin-bottom-small:10px;--awb-margin-left-small:0px;\"><h2 class=\"fusion-title-heading title-heading-left fusion-responsive-typography-calculated\" style=\"margin:0;--fontSize:28;line-height:1.2;\"><span style=\"font-family: 'comic sans ms', sans-serif; font-size: 18pt;\">Damit sie entdecken, lernen, wachsen!<\/span><\/h2><\/div><div class=\"fusion-text fusion-text-3\" style=\"--awb-content-alignment:left;--awb-font-size:var(--awb-typography4-font-size);--awb-line-height:var(--awb-typography4-line-height);--awb-letter-spacing:var(--awb-typography4-letter-spacing);--awb-text-transform:var(--awb-typography4-text-transform);--awb-text-color:hsla(var(--awb-color1-h),var(--awb-color1-s),var(--awb-color1-l),calc(var(--awb-color1-a) - 20%));--awb-text-font-family:var(--awb-typography4-font-family);--awb-text-font-weight:var(--awb-typography4-font-weight);--awb-text-font-style:var(--awb-typography4-font-style);\"><blockquote>\n<p>\u201eJesus aber rief die Kinder zu sich und sagte: Lasst die Kinder zu mir kommen und hindert sie nicht daran! Denn solchen wie ihnen geh\u00f6rt das Reich Gottes.\u201c <a href=\"https:\/\/www.bibleserver.com\/EU\/Lukas18%2C16\" class=\"bibleserver extern\" target=\"_blank\" rel=\"noopener\">Lk 18, 16<\/a><\/p>\n<\/blockquote>\n<\/div><div class=\"fusion-text fusion-text-4 fusion-text-no-margin\" style=\"--awb-font-size:var(--awb-typography4-font-size);--awb-line-height:var(--awb-typography4-line-height);--awb-letter-spacing:var(--awb-typography4-letter-spacing);--awb-text-transform:var(--awb-typography4-text-transform);--awb-text-color:hsla(var(--awb-color1-h),var(--awb-color1-s),var(--awb-color1-l),calc(var(--awb-color1-a) - 20%));--awb-margin-bottom:40px;--awb-text-font-family:var(--awb-typography4-font-family);--awb-text-font-weight:var(--awb-typography4-font-weight);--awb-text-font-style:var(--awb-typography4-font-style);\"><p>Liebe Eltern,<\/p>\n<p>wir freuen uns darauf, Ihre Kinder in unserer Gemeinde willkommen zu hei\u00dfen und ihnen eine unterst\u00fctzende Umgebung zu bieten, in der sie ihre armenische Identit\u00e4t entwickeln und st\u00e4rken k\u00f6nnen. Bei Fragen oder Interesse an unseren Kinderangeboten stehen unser Team und ich Ihnen gerne zur Verf\u00fcgung.<\/p>\n<\/div><div class=\"fusion-title title fusion-title-6 fusion-sep-none fusion-title-text fusion-title-size-six\" style=\"--awb-text-color:var(--awb-color1);--awb-margin-top:6px;--awb-margin-bottom:4px;--awb-margin-top-small:4px;--awb-margin-right-small:0px;--awb-margin-bottom-small:4px;--awb-margin-left-small:0px;--awb-margin-top-medium:4px;--awb-margin-bottom-medium:4px;--awb-font-size:var(--awb-typography2-font-size);\"><h6 class=\"fusion-title-heading title-heading-left fusion-responsive-typography-calculated\" style=\"font-family:var(--awb-typography2-font-family);font-weight:var(--awb-typography2-font-weight);font-style:var(--awb-typography2-font-style);margin:0;letter-spacing:var(--awb-typography2-letter-spacing);text-transform:var(--awb-typography2-text-transform);font-size:1em;--fontSize:24;--minFontSize:24;line-height:var(--awb-typography2-line-height);\">Pfarrer Dr. Diradur Sardaryan<\/h6><\/div><div class=\"fusion-text fusion-text-5\" style=\"--awb-content-alignment:left;--awb-font-size:var(--awb-typography5-font-size);--awb-line-height:var(--awb-typography5-line-height);--awb-letter-spacing:var(--awb-typography5-letter-spacing);--awb-text-transform:var(--awb-typography5-text-transform);--awb-text-color:hsla(var(--awb-color1-h),var(--awb-color1-s),var(--awb-color1-l),calc(var(--awb-color1-a) - 20%));--awb-text-font-family:var(--awb-typography5-font-family);--awb-text-font-weight:var(--awb-typography5-font-weight);--awb-text-font-style:var(--awb-typography5-font-style);\"><p>Gemeindepfarrer<\/p>\n<\/div><div class=\"em em-view-container\" id=\"em-view-1472380118\" data-view=\"list\">\r\n\t<div class=\"em pixelbones em-list em-events-list\" id=\"em-events-list-1472380118\" data-view-id=\"1472380118\">\r\n\t<div class=\"em-event em-item \" style=\"--default-border:#8224e3;\">\n\t<div class=\"em-item-image \">\n\t\t\n\t\t<img src='https:\/\/agbw.org\/wp-content\/uploads\/2024\/12\/Patarag-Kehl-14.jpg' alt='\u054d\u0578\u0582\u0580\u0562 \u054a\u0561\u057f\u0561\u0580\u0561\u0563 \/ Surb Patarag'\/>\n\t\t\n\t\t\n\t<\/div>\n\t<div class=\"em-item-info\">\n\t\t<h3 class=\"em-item-title\"><a href=\"https:\/\/agbw.org\/am\/events\/surb-patarag-030526\/\">\u054d\u0578\u0582\u0580\u0562 \u054a\u0561\u057f\u0561\u0580\u0561\u0563 \/ Surb Patarag<\/a><\/h3>\n\t\t\n\t\t<div class=\"em-event-meta em-item-meta\">\n\t\t\t<div class=\"em-item-meta-line em-event-date em-event-meta-datetime\">\n\t\t\t\t<span class=\"em-icon-calendar em-icon\"><\/span>\n\t\t\t\t3. \u0544\u0561\u0575\u056b\u057d\u056b 2026&nbsp;&nbsp;&nbsp;&nbsp;\n\t\t\t<\/div>\n\t\t\t<div class=\"em-item-meta-line em-event-time em-event-meta-datetime\">\n\t\t\t\t<span class=\"em-icon-clock em-icon\"><\/span>\n\t\t\t\t12:30 - 14:30\n\t\t\t<\/div>\n\t\t\t\n\t\t\t\n\t\t\t<div class=\"em-item-meta-line em-event-location\">\n\t\t\t\t<span class=\"em-icon-location em-icon\"><\/span>\n\t\t\t\t<a href=\"https:\/\/agbw.org\/am\/ort\/st-maria-kirche-in-kehl\/\">St. Maria Kirche in Kehl<\/a>\n\t\t\t<\/div>\n\t\t\t\n\t\t\t\n\t\t\t\n\t\t\t<div class=\"em-item-meta-line em-item-taxonomy em-event-categories\">\n\t\t\t\t<span class=\"em-icon-category em-icon\"><\/span>\n\t\t\t\t<div>\t<ul class=\"event-categories\">\r\n\t\t\t\t\t<li><a href=\"https:\/\/agbw.org\/am\/events\/kategorie\/gottesdienst\/\">Gottesdienst<\/a><\/li>\r\n\t\t\t\t\t<li><a href=\"https:\/\/agbw.org\/am\/events\/kategorie\/surb-patarag\/\">Surb Patarag \/ \u054d\u0578\u0582\u0580\u0562 \u054a\u0561\u057f\u0561\u0580\u0561\u0563<\/a><\/li>\r\n\t\t\t<\/ul>\r\n\t<\/div>\n\t\t\t<\/div>\n\t\t\t\n\t\t\t\n\t\t<\/div>\n\t\t<div class=\"em-item-desc\">\n\t\t\t\u054d\u056b\u0580\u0578\u057e \u056f\u0568 \u0570\u0580\u0561\u0582\u056b\u0580\u0565\u0576\u0584 \u0574\u0565\u0580 \u0570\u0561\u0582\u0561\u057f\u0561\u0581\u0565\u0561\u056c \u056a\u0578\u0572\u0578\u057e\u0578\u0582\u0580\u0564\u0568` \u0574\u0561\u057d\u0576\u0561\u056f\u0581\u0565\u056c\u0578\u0582 \u054d\u0578\u0582\u0580\u0562 \u054a\u0561\u057f\u0561\u0580\u0561\u0563\u056b\u0576\u0589 \/ Wir laden unsere Gemeindemitglieder am Surb Patarag (Hl. Liturgie) teilzunehmen.\n\t\t<\/div>\n\t\t<div class=\"em-item-actions input\">\n\t\t\t<a class=\"em-item-read-more button\" href=\"https:\/\/agbw.org\/am\/events\/surb-patarag-030526\/\">More Info<\/a>\n\t\t\t\n\t\t<\/div>\n\t<\/div>\n<\/div><div class=\"em-event em-item \" style=\"--default-border:#8224e3;\">\n\t<div class=\"em-item-image \">\n\t\t\n\t\t<img src='https:\/\/agbw.org\/wp-content\/uploads\/2024\/12\/Patarag-Stuttgart-23.jpg' alt='\u054d\u0578\u0582\u0580\u0562 \u054a\u0561\u057f\u0561\u0580\u0561\u0563 \/ Surb Patarag'\/>\n\t\t\n\t\t\n\t<\/div>\n\t<div class=\"em-item-info\">\n\t\t<h3 class=\"em-item-title\"><a href=\"https:\/\/agbw.org\/am\/events\/surb-patarag-170526\/\">\u054d\u0578\u0582\u0580\u0562 \u054a\u0561\u057f\u0561\u0580\u0561\u0563 \/ Surb Patarag<\/a><\/h3>\n\t\t\n\t\t<div class=\"em-event-meta em-item-meta\">\n\t\t\t<div class=\"em-item-meta-line em-event-date em-event-meta-datetime\">\n\t\t\t\t<span class=\"em-icon-calendar em-icon\"><\/span>\n\t\t\t\t17. \u0544\u0561\u0575\u056b\u057d\u056b 2026&nbsp;&nbsp;&nbsp;&nbsp;\n\t\t\t<\/div>\n\t\t\t<div class=\"em-item-meta-line em-event-time em-event-meta-datetime\">\n\t\t\t\t<span class=\"em-icon-clock em-icon\"><\/span>\n\t\t\t\t12:30 - 14:30\n\t\t\t<\/div>\n\t\t\t\n\t\t\t\n\t\t\t<div class=\"em-item-meta-line em-event-location\">\n\t\t\t\t<span class=\"em-icon-location em-icon\"><\/span>\n\t\t\t\t<a href=\"https:\/\/agbw.org\/am\/ort\/evang-lutherkirche-bad-cannstatt\/\">Evang. Lutherkirche Bad Cannstatt<\/a>\n\t\t\t<\/div>\n\t\t\t\n\t\t\t\n\t\t\t\n\t\t\t<div class=\"em-item-meta-line em-item-taxonomy em-event-categories\">\n\t\t\t\t<span class=\"em-icon-category em-icon\"><\/span>\n\t\t\t\t<div>\t<ul class=\"event-categories\">\r\n\t\t\t\t\t<li><a href=\"https:\/\/agbw.org\/am\/events\/kategorie\/surb-patarag\/\">Surb Patarag \/ \u054d\u0578\u0582\u0580\u0562 \u054a\u0561\u057f\u0561\u0580\u0561\u0563<\/a><\/li>\r\n\t\t\t<\/ul>\r\n\t<\/div>\n\t\t\t<\/div>\n\t\t\t\n\t\t\t\n\t\t<\/div>\n\t\t<div class=\"em-item-desc\">\n\t\t\t\u054d\u056b\u0580\u0578\u057e \u056f\u0568 \u0570\u0580\u0561\u0582\u056b\u0580\u0565\u0576\u0584 \u0574\u0565\u0580 \u0570\u0561\u0582\u0561\u057f\u0561\u0581\u0565\u0561\u056c \u056a\u0578\u0572\u0578\u057e\u0578\u0582\u0580\u0564\u0568` \u0574\u0561\u057d\u0576\u0561\u056f\u0581\u0565\u056c\u0578\u0582 \u054d\u0578\u0582\u0580\u0562 \u054a\u0561\u057f\u0561\u0580\u0561\u0563\u056b\u0576\u0589 \/ Wir laden unsere Gemeindemitglieder am Surb Patarag (Hl. Liturgie) teilzunehmen\n\t\t<\/div>\n\t\t<div class=\"em-item-actions input\">\n\t\t\t<a class=\"em-item-read-more button\" href=\"https:\/\/agbw.org\/am\/events\/surb-patarag-170526\/\">More Info<\/a>\n\t\t\t\n\t\t<\/div>\n\t<\/div>\n<\/div><div class=\"em-event em-item \" style=\"--default-border:#FFFFFF;\">\n\t<div class=\"em-item-image \">\n\t\t\n\t\t<img src='https:\/\/agbw.org\/wp-content\/uploads\/2025\/05\/2025-Geistliche-84-08-02-05-V01-1.2.png' alt='Fest der Weltweiten Kirche'\/>\n\t\t\n\t\t\n\t<\/div>\n\t<div class=\"em-item-info\">\n\t\t<h3 class=\"em-item-title\"><a href=\"https:\/\/agbw.org\/am\/events\/fest-der-weltweiten-kirche-2026\/\">Fest der Weltweiten Kirche<\/a><\/h3>\n\t\t\n\t\t<div class=\"em-event-meta em-item-meta\">\n\t\t\t<div class=\"em-item-meta-line em-event-date em-event-meta-datetime\">\n\t\t\t\t<span class=\"em-icon-calendar em-icon\"><\/span>\n\t\t\t\t25. \u0544\u0561\u0575\u056b\u057d\u056b 2026&nbsp;&nbsp;&nbsp;&nbsp;\n\t\t\t<\/div>\n\t\t\t<div class=\"em-item-meta-line em-event-time em-event-meta-datetime\">\n\t\t\t\t<span class=\"em-icon-clock em-icon\"><\/span>\n\t\t\t\t11:00 - 15:00\n\t\t\t<\/div>\n\t\t\t\n\t\t\t\n\t\t\t<div class=\"em-item-meta-line em-event-location\">\n\t\t\t\t<span class=\"em-icon-location em-icon\"><\/span>\n\t\t\t\t<a href=\"https:\/\/agbw.org\/am\/ort\/evang-stiftskirche-stuttgart\/\">Evang. Stiftskirche Stuttgart<\/a>\n\t\t\t<\/div>\n\t\t\t\n\t\t\t\n\t\t\t\n\t\t\t<div class=\"em-item-meta-line em-item-taxonomy em-event-categories\">\n\t\t\t\t<span class=\"em-icon-category em-icon\"><\/span>\n\t\t\t\t<div>\t<ul class=\"event-categories\">\r\n\t\t\t\t\t<li><a href=\"https:\/\/agbw.org\/am\/events\/kategorie\/interkulturell\/\">Interkulturell<\/a><\/li>\r\n\t\t\t\t\t<li><a href=\"https:\/\/agbw.org\/am\/events\/kategorie\/okumene\/\">\u00d6kumene<\/a><\/li>\r\n\t\t\t<\/ul>\r\n\t<\/div>\n\t\t\t<\/div>\n\t\t\t\n\t\t\t\n\t\t<\/div>\n\t\t<div class=\"em-item-desc\">\n\t\t\tGemeinsam auf dem Weg \u2013 Weltweite Gemeinden stellen sich und ihre Herkunftsl\u00e4nder an St\u00e4nden mit Speisen, Musik und landes\u00fcblicher Kleidung vor.\n\t\t<\/div>\n\t\t<div class=\"em-item-actions input\">\n\t\t\t<a class=\"em-item-read-more button\" href=\"https:\/\/agbw.org\/am\/events\/fest-der-weltweiten-kirche-2026\/\">More Info<\/a>\n\t\t\t\n\t\t<\/div>\n\t<\/div>\n<\/div>\t<\/div>\r\n<\/div><\/div><\/div><\/div><\/div><div class=\"fusion-fullwidth fullwidth-box fusion-builder-row-6 fusion-flex-container has-pattern-background has-mask-background nonhundred-percent-fullwidth non-hundred-percent-height-scrolling fusion-no-small-visibility\" style=\"--awb-border-sizes-top:0px;--awb-border-sizes-bottom:0px;--awb-border-sizes-left:0px;--awb-border-sizes-right:0px;--awb-border-radius-top-left:0px;--awb-border-radius-top-right:0px;--awb-border-radius-bottom-right:0px;--awb-border-radius-bottom-left:0px;--awb-padding-top:80px;--awb-padding-right:30px;--awb-padding-bottom:80px;--awb-padding-left:30px;--awb-padding-top-medium:0px;--awb-padding-right-small:60px;--awb-padding-left-small:60px;--awb-margin-top:0px;--awb-margin-bottom:0px;--awb-background-color:var(--awb-color1);--awb-flex-wrap:wrap;\" ><div class=\"fusion-builder-row fusion-row fusion-flex-align-items-center fusion-flex-content-wrap\" style=\"max-width:1248px;margin-left: calc(-4% \/ 2 );margin-right: calc(-4% \/ 2 );\"><div class=\"fusion-layout-column fusion_builder_column fusion-builder-column-8 fusion_builder_column_1_2 1_2 fusion-flex-column fusion-animated\" style=\"--awb-bg-size:cover;--awb-width-large:50%;--awb-margin-top-large:0px;--awb-spacing-right-large:7.68%;--awb-margin-bottom-large:60px;--awb-spacing-left-large:7.68%;--awb-width-medium:100%;--awb-order-medium:0;--awb-spacing-right-medium:1.92%;--awb-spacing-left-medium:1.92%;--awb-width-small:100%;--awb-order-small:0;--awb-margin-top-small:0px;--awb-spacing-right-small:1.92%;--awb-margin-bottom-small:0px;--awb-spacing-left-small:1.92%;\" data-animationType=\"fadeInLeft\" data-animationDuration=\"1.6\" data-animationOffset=\"top-into-view\"><div class=\"fusion-column-wrapper fusion-column-has-shadow fusion-flex-justify-content-center fusion-content-layout-column\"><div class=\"fusion-image-element \" style=\"--awb-caption-title-font-family:var(--h2_typography-font-family);--awb-caption-title-font-weight:var(--h2_typography-font-weight);--awb-caption-title-font-style:var(--h2_typography-font-style);--awb-caption-title-size:var(--h2_typography-font-size);--awb-caption-title-transform:var(--h2_typography-text-transform);--awb-caption-title-line-height:var(--h2_typography-line-height);--awb-caption-title-letter-spacing:var(--h2_typography-letter-spacing);\"><span class=\" fusion-imageframe imageframe-none imageframe-4 hover-type-none\" style=\"border-radius:15px;\"><img decoding=\"async\" width=\"700\" height=\"700\" title=\"Samstagsschule\" src=\"https:\/\/agbw.org\/wp-content\/uploads\/2023\/06\/Samstagsschule-\u201eSurb-Mesrop-Mashtoz.png\" alt class=\"img-responsive wp-image-16080\" srcset=\"https:\/\/agbw.org\/wp-content\/uploads\/2023\/06\/Samstagsschule-\u201eSurb-Mesrop-Mashtoz-200x200.png 200w, https:\/\/agbw.org\/wp-content\/uploads\/2023\/06\/Samstagsschule-\u201eSurb-Mesrop-Mashtoz-400x400.png 400w, https:\/\/agbw.org\/wp-content\/uploads\/2023\/06\/Samstagsschule-\u201eSurb-Mesrop-Mashtoz-600x600.png 600w, https:\/\/agbw.org\/wp-content\/uploads\/2023\/06\/Samstagsschule-\u201eSurb-Mesrop-Mashtoz.png 700w\" sizes=\"(max-width: 1024px) 100vw, (max-width: 640px) 100vw, 600px\" \/><\/span><\/div><\/div><\/div><div class=\"fusion-layout-column fusion_builder_column fusion-builder-column-9 fusion_builder_column_1_2 1_2 fusion-flex-column fusion-animated\" style=\"--awb-padding-top-small:48px;--awb-padding-right-small:48px;--awb-padding-bottom-small:48px;--awb-padding-left-small:48px;--awb-bg-size:cover;--awb-width-large:50%;--awb-margin-top-large:0px;--awb-spacing-right-large:17.28%;--awb-margin-bottom-large:60px;--awb-spacing-left-large:17.28%;--awb-width-medium:100%;--awb-spacing-right-medium:4.8%;--awb-spacing-left-medium:6.72%;--awb-width-small:100%;--awb-order-small:1;--awb-spacing-right-small:1.92%;--awb-margin-bottom-small:0px;--awb-spacing-left-small:1.92%;\" data-animationType=\"fadeInRight\" data-animationDuration=\"1.6\" data-animationOffset=\"top-into-view\"><div class=\"fusion-column-wrapper fusion-column-has-shadow fusion-flex-justify-content-flex-start fusion-content-layout-column\"><div class=\"fusion-title title fusion-title-7 fusion-sep-none fusion-title-text fusion-title-size-four\" style=\"--awb-text-color:var(--awb-color8);--awb-margin-bottom:20px;--awb-margin-top-small:10px;--awb-margin-right-small:0px;--awb-margin-bottom-small:10px;--awb-margin-left-small:0px;\"><h4 class=\"fusion-title-heading title-heading-left fusion-responsive-typography-calculated\" style=\"margin:0;--fontSize:20;--minFontSize:20;line-height:1.2;\">Samstagsschule \u201e<strong>Surb Mesrop Mashtoz<\/strong>\u201c<\/h4><\/div><div class=\"fusion-text fusion-text-6 fusion-text-no-margin\" style=\"--awb-font-size:var(--awb-typography4-font-size);--awb-line-height:var(--awb-typography4-line-height);--awb-letter-spacing:var(--awb-typography4-letter-spacing);--awb-text-transform:var(--awb-typography4-text-transform);--awb-text-color:hsla(var(--awb-color8-h),var(--awb-color8-s),var(--awb-color8-l),calc(var(--awb-color8-a) - 20%));--awb-margin-bottom:40px;--awb-text-font-family:var(--awb-typography4-font-family);--awb-text-font-weight:var(--awb-typography4-font-weight);--awb-text-font-style:var(--awb-typography4-font-style);\"><p>Unsere Samstagsschule \u201eSurb Mesrop Mashtoz\u201c ist ein wunderbarer Ort, an dem Kinder die armenische Sprache lernen, kreativ malen und basteln, gemeinsam singen und tanzen k\u00f6nnen. Hier k\u00f6nnen sie ihre F\u00e4higkeiten entwickeln und sich mit anderen Kindern austauschen, w\u00e4hrend sie spielerisch die Sch\u00f6nheit der armenischen Kultur entdecken.<\/p>\n<\/div><div ><a class=\"fusion-button button-flat fusion-button-default-size button-custom fusion-button-default button-1 fusion-button-default-span \" style=\"--awb-padding-right:30px;--awb-padding-left:30px;--button_accent_color:var(--awb-color1);--button_border_color:var(--awb-color1);--button_accent_hover_color:var(--awb-color1);--button_border_hover_color:var(--awb-color1);--button_border_width-top:0px;--button_border_width-right:0px;--button_border_width-bottom:0px;--button_border_width-left:0px;--button-border-radius-top-left:10px;--button-border-radius-top-right:10px;--button-border-radius-bottom-right:10px;--button-border-radius-bottom-left:10px;--button_gradient_top_color:var(--awb-color7);--button_gradient_bottom_color:var(--awb-color7);--button_gradient_top_color_hover:hsla(var(--awb-color4-h),var(--awb-color4-s),calc(var(--awb-color4-l) - 10%),var(--awb-color4-a));--button_gradient_bottom_color_hover:hsla(var(--awb-color4-h),var(--awb-color4-s),calc(var(--awb-color4-l) - 10%),var(--awb-color4-a));--button_text_transform:var(--awb-typography3-text-transform);--button_font_size:var(--awb-typography3-font-size);--button_line_height:var(--awb-typography3-line-height);--button_typography-letter-spacing:var(--awb-typography3-letter-spacing);--button_typography-font-family:var(--awb-typography3-font-family);--button_typography-font-weight:var(--awb-typography3-font-weight);--button_typography-font-style:var(--awb-typography3-font-style);\" target=\"_blank\" rel=\"noopener noreferrer\" href=\"https:\/\/mashtoz.agbw.org\/\"><span class=\"fusion-button-text awb-button__text awb-button__text--default\">Mashtoz<\/span><\/a><\/div><\/div><\/div><div class=\"fusion-layout-column fusion_builder_column fusion-builder-column-10 fusion_builder_column_1_2 1_2 fusion-flex-column fusion-animated\" style=\"--awb-padding-top-small:48px;--awb-padding-right-small:48px;--awb-padding-bottom-small:48px;--awb-padding-left-small:48px;--awb-bg-size:cover;--awb-width-large:50%;--awb-margin-top-large:0px;--awb-spacing-right-large:17.28%;--awb-margin-bottom-large:60px;--awb-spacing-left-large:17.28%;--awb-width-medium:100%;--awb-spacing-right-medium:4.8%;--awb-spacing-left-medium:6.72%;--awb-width-small:100%;--awb-order-small:5;--awb-spacing-right-small:1.92%;--awb-margin-bottom-small:0px;--awb-spacing-left-small:1.92%;\" data-animationType=\"fadeInRight\" data-animationDuration=\"1.6\" data-animationOffset=\"top-into-view\"><div class=\"fusion-column-wrapper fusion-column-has-shadow fusion-flex-justify-content-flex-start fusion-content-layout-column\"><div class=\"fusion-title title fusion-title-8 fusion-sep-none fusion-title-text fusion-title-size-four\" style=\"--awb-text-color:var(--awb-color8);--awb-margin-bottom:20px;--awb-margin-top-small:10px;--awb-margin-right-small:0px;--awb-margin-bottom-small:10px;--awb-margin-left-small:0px;\"><h4 class=\"fusion-title-heading title-heading-left fusion-responsive-typography-calculated\" style=\"margin:0;--fontSize:20;--minFontSize:20;line-height:1.2;\"><strong>Ministranten werden<\/strong><\/h4><\/div><div class=\"fusion-text fusion-text-7 fusion-text-no-margin\" style=\"--awb-font-size:var(--awb-typography4-font-size);--awb-line-height:var(--awb-typography4-line-height);--awb-letter-spacing:var(--awb-typography4-letter-spacing);--awb-text-transform:var(--awb-typography4-text-transform);--awb-text-color:hsla(var(--awb-color8-h),var(--awb-color8-s),var(--awb-color8-l),calc(var(--awb-color8-a) - 20%));--awb-margin-bottom:40px;--awb-text-font-family:var(--awb-typography4-font-family);--awb-text-font-weight:var(--awb-typography4-font-weight);--awb-text-font-style:var(--awb-typography4-font-style);\"><p>Unsere Ministranten spielen eine wichtige Rolle in den Gottesdiensten und Aktivit\u00e4ten der Armenischen Gemeinde. Als Ministrant k\u00f6nnen die Kinder eine aktive Rolle in unserer Kirche einnehmen und wichtige Aufgaben wie das Anz\u00fcnden der Kerzen, das Tragen des Kreuzes oder das Assistieren bei liturgischen Feiern \u00fcbernehmen. Diese Erfahrungen f\u00f6rdern das spirituelle Wachstum der Kinder und geben ihnen ein Gef\u00fchl von Gemeinschaft und Verbundenheit.<\/p>\n<\/div><div ><a class=\"fusion-button button-flat fusion-button-default-size button-custom fusion-button-default button-2 fusion-button-default-span \" style=\"--awb-padding-right:30px;--awb-padding-left:30px;--button_accent_color:var(--awb-color1);--button_border_color:var(--awb-color1);--button_accent_hover_color:var(--awb-color1);--button_border_hover_color:var(--awb-color1);--button_border_width-top:0px;--button_border_width-right:0px;--button_border_width-bottom:0px;--button_border_width-left:0px;--button-border-radius-top-left:10px;--button-border-radius-top-right:10px;--button-border-radius-bottom-right:10px;--button-border-radius-bottom-left:10px;--button_gradient_top_color:var(--awb-color6);--button_gradient_bottom_color:var(--awb-color6);--button_gradient_top_color_hover:hsla(var(--awb-color4-h),var(--awb-color4-s),calc(var(--awb-color4-l) - 10%),var(--awb-color4-a));--button_gradient_bottom_color_hover:hsla(var(--awb-color4-h),var(--awb-color4-s),calc(var(--awb-color4-l) - 10%),var(--awb-color4-a));--button_text_transform:var(--awb-typography3-text-transform);--button_font_size:var(--awb-typography3-font-size);--button_line_height:var(--awb-typography3-line-height);--button_typography-letter-spacing:var(--awb-typography3-letter-spacing);--button_typography-font-family:var(--awb-typography3-font-family);--button_typography-font-weight:var(--awb-typography3-font-weight);--button_typography-font-style:var(--awb-typography3-font-style);\" target=\"_blank\" rel=\"noopener noreferrer\" href=\"https:\/\/agbw.org\/portfolio-items\/ministranten\/\"><span class=\"fusion-button-text awb-button__text awb-button__text--default\">Ministrant werden!<\/span><\/a><\/div><\/div><\/div><div class=\"fusion-layout-column fusion_builder_column fusion-builder-column-11 fusion_builder_column_1_2 1_2 fusion-flex-column fusion-animated\" style=\"--awb-bg-size:cover;--awb-width-large:50%;--awb-margin-top-large:0px;--awb-spacing-right-large:7.68%;--awb-margin-bottom-large:60px;--awb-spacing-left-large:7.68%;--awb-width-medium:100%;--awb-order-medium:0;--awb-spacing-right-medium:1.92%;--awb-spacing-left-medium:1.92%;--awb-width-small:100%;--awb-order-small:2;--awb-spacing-right-small:1.92%;--awb-margin-bottom-small:0px;--awb-spacing-left-small:1.92%;\" data-animationType=\"fadeInLeft\" data-animationDuration=\"1.6\" data-animationOffset=\"top-into-view\"><div class=\"fusion-column-wrapper fusion-column-has-shadow fusion-flex-justify-content-center fusion-content-layout-column\"><div class=\"fusion-image-element \" style=\"--awb-caption-title-font-family:var(--h2_typography-font-family);--awb-caption-title-font-weight:var(--h2_typography-font-weight);--awb-caption-title-font-style:var(--h2_typography-font-style);--awb-caption-title-size:var(--h2_typography-font-size);--awb-caption-title-transform:var(--h2_typography-text-transform);--awb-caption-title-line-height:var(--h2_typography-line-height);--awb-caption-title-letter-spacing:var(--h2_typography-letter-spacing);\"><span class=\" fusion-imageframe imageframe-none imageframe-5 hover-type-none\" style=\"border-radius:15px;\"><img decoding=\"async\" width=\"700\" height=\"700\" title=\"Samstagsschule \u201eSurb Mesrop Mashtoz\u201c (2)\" src=\"https:\/\/agbw.org\/wp-content\/uploads\/2023\/06\/Samstagsschule-\u201eSurb-Mesrop-Mashtoz-2.png\" alt class=\"img-responsive wp-image-16083\" srcset=\"https:\/\/agbw.org\/wp-content\/uploads\/2023\/06\/Samstagsschule-\u201eSurb-Mesrop-Mashtoz-2-200x200.png 200w, https:\/\/agbw.org\/wp-content\/uploads\/2023\/06\/Samstagsschule-\u201eSurb-Mesrop-Mashtoz-2-400x400.png 400w, https:\/\/agbw.org\/wp-content\/uploads\/2023\/06\/Samstagsschule-\u201eSurb-Mesrop-Mashtoz-2-600x600.png 600w, https:\/\/agbw.org\/wp-content\/uploads\/2023\/06\/Samstagsschule-\u201eSurb-Mesrop-Mashtoz-2.png 700w\" sizes=\"(max-width: 1024px) 100vw, (max-width: 640px) 100vw, 600px\" \/><\/span><\/div><\/div><\/div><div class=\"fusion-layout-column fusion_builder_column fusion-builder-column-12 fusion_builder_column_1_2 1_2 fusion-flex-column fusion-animated\" style=\"--awb-bg-size:cover;--awb-width-large:50%;--awb-margin-top-large:0px;--awb-spacing-right-large:7.68%;--awb-margin-bottom-large:60px;--awb-spacing-left-large:7.68%;--awb-width-medium:100%;--awb-order-medium:0;--awb-spacing-right-medium:1.92%;--awb-spacing-left-medium:1.92%;--awb-width-small:100%;--awb-order-small:2;--awb-spacing-right-small:1.92%;--awb-margin-bottom-small:0px;--awb-spacing-left-small:1.92%;\" data-animationType=\"fadeInLeft\" data-animationDuration=\"1.6\" data-animationOffset=\"top-into-view\"><div class=\"fusion-column-wrapper fusion-column-has-shadow fusion-flex-justify-content-center fusion-content-layout-column\"><div class=\"fusion-image-element \" style=\"--awb-caption-title-font-family:var(--h2_typography-font-family);--awb-caption-title-font-weight:var(--h2_typography-font-weight);--awb-caption-title-font-style:var(--h2_typography-font-style);--awb-caption-title-size:var(--h2_typography-font-size);--awb-caption-title-transform:var(--h2_typography-text-transform);--awb-caption-title-line-height:var(--h2_typography-line-height);--awb-caption-title-letter-spacing:var(--h2_typography-letter-spacing);\"><span class=\" fusion-imageframe imageframe-none imageframe-6 hover-type-none\" style=\"border-radius:15px;\"><img decoding=\"async\" width=\"677\" height=\"693\" title=\"277\" src=\"https:\/\/agbw.org\/wp-content\/uploads\/2023\/06\/277.jpg\" alt class=\"img-responsive wp-image-15927\" srcset=\"https:\/\/agbw.org\/wp-content\/uploads\/2023\/06\/277-200x205.jpg 200w, https:\/\/agbw.org\/wp-content\/uploads\/2023\/06\/277-400x409.jpg 400w, https:\/\/agbw.org\/wp-content\/uploads\/2023\/06\/277-600x614.jpg 600w, https:\/\/agbw.org\/wp-content\/uploads\/2023\/06\/277.jpg 677w\" sizes=\"(max-width: 1024px) 100vw, (max-width: 640px) 100vw, 600px\" \/><\/span><\/div><\/div><\/div><div class=\"fusion-layout-column fusion_builder_column fusion-builder-column-13 fusion_builder_column_1_2 1_2 fusion-flex-column fusion-animated\" style=\"--awb-padding-top-small:48px;--awb-padding-right-small:48px;--awb-padding-bottom-small:48px;--awb-padding-left-small:48px;--awb-bg-size:cover;--awb-width-large:50%;--awb-margin-top-large:0px;--awb-spacing-right-large:17.28%;--awb-margin-bottom-large:60px;--awb-spacing-left-large:17.28%;--awb-width-medium:100%;--awb-spacing-right-medium:4.8%;--awb-spacing-left-medium:6.72%;--awb-width-small:100%;--awb-order-small:5;--awb-spacing-right-small:1.92%;--awb-margin-bottom-small:0px;--awb-spacing-left-small:1.92%;\" data-animationType=\"fadeInRight\" data-animationDuration=\"1.6\" data-animationOffset=\"top-into-view\"><div class=\"fusion-column-wrapper fusion-column-has-shadow fusion-flex-justify-content-flex-start fusion-content-layout-column\"><div class=\"fusion-title title fusion-title-9 fusion-sep-none fusion-title-text fusion-title-size-four\" style=\"--awb-text-color:var(--awb-color8);--awb-margin-bottom:20px;--awb-margin-top-small:10px;--awb-margin-right-small:0px;--awb-margin-bottom-small:10px;--awb-margin-left-small:0px;\"><h4 class=\"fusion-title-heading title-heading-left fusion-responsive-typography-calculated\" style=\"margin:0;--fontSize:20;--minFontSize:20;line-height:1.2;\"><strong>Gottesdienste f\u00fcr Kinder<\/strong><\/h4><\/div><div class=\"fusion-text fusion-text-8 fusion-text-no-margin\" style=\"--awb-font-size:var(--awb-typography4-font-size);--awb-line-height:var(--awb-typography4-line-height);--awb-letter-spacing:var(--awb-typography4-letter-spacing);--awb-text-transform:var(--awb-typography4-text-transform);--awb-text-color:hsla(var(--awb-color8-h),var(--awb-color8-s),var(--awb-color8-l),calc(var(--awb-color8-a) - 20%));--awb-margin-bottom:40px;--awb-text-font-family:var(--awb-typography4-font-family);--awb-text-font-weight:var(--awb-typography4-font-weight);--awb-text-font-style:var(--awb-typography4-font-style);\"><p>Im Laufe des Jahres gibt es verschiedene Anl\u00e4se f\u00fcr \u201eKindergottesdienste\u201c, darunter der Palmsonntag als Tag der Segnung der Kinder, der Fu\u00dfwaschritus, der Segen vor Schulbeginn und andere besondere Anl\u00e4sse. Wir legen gro\u00dfen Wert darauf, den Glauben bereits in jungen Jahren zu f\u00f6rdern und den Kindern eine wertvolle Erfahrung zu bieten, um ihre Beziehung zu Gott und zur armenischen Gemeinschaft zu vertiefen.<\/p>\n<\/div><div ><a class=\"fusion-button button-flat fusion-button-default-size button-custom fusion-button-default button-3 fusion-button-default-span \" style=\"--awb-padding-right:30px;--awb-padding-left:30px;--button_accent_color:var(--awb-color1);--button_border_color:var(--awb-color1);--button_accent_hover_color:var(--awb-color1);--button_border_hover_color:var(--awb-color1);--button_border_width-top:0px;--button_border_width-right:0px;--button_border_width-bottom:0px;--button_border_width-left:0px;--button-border-radius-top-left:10px;--button-border-radius-top-right:10px;--button-border-radius-bottom-right:10px;--button-border-radius-bottom-left:10px;--button_gradient_top_color:var(--awb-color4);--button_gradient_bottom_color:var(--awb-color4);--button_gradient_top_color_hover:hsla(var(--awb-color4-h),var(--awb-color4-s),calc(var(--awb-color4-l) - 10%),var(--awb-color4-a));--button_gradient_bottom_color_hover:hsla(var(--awb-color4-h),var(--awb-color4-s),calc(var(--awb-color4-l) - 10%),var(--awb-color4-a));--button_text_transform:var(--awb-typography3-text-transform);--button_font_size:var(--awb-typography3-font-size);--button_line_height:var(--awb-typography3-line-height);--button_typography-letter-spacing:var(--awb-typography3-letter-spacing);--button_typography-font-family:var(--awb-typography3-font-family);--button_typography-font-weight:var(--awb-typography3-font-weight);--button_typography-font-style:var(--awb-typography3-font-style);\" target=\"_blank\" rel=\"noopener noreferrer\" href=\"https:\/\/agbw.org\/portfolio-items\/kindergottesdienste\/\"><span class=\"fusion-button-text awb-button__text awb-button__text--default\">Kindergottesdienste<\/span><\/a><\/div><\/div><\/div><div class=\"fusion-layout-column fusion_builder_column fusion-builder-column-14 fusion_builder_column_1_2 1_2 fusion-flex-column fusion-animated\" style=\"--awb-padding-top-small:48px;--awb-padding-right-small:48px;--awb-padding-bottom-small:48px;--awb-padding-left-small:48px;--awb-bg-size:cover;--awb-width-large:50%;--awb-margin-top-large:0px;--awb-spacing-right-large:17.28%;--awb-margin-bottom-large:20px;--awb-spacing-left-large:17.28%;--awb-width-medium:100%;--awb-spacing-right-medium:4.8%;--awb-spacing-left-medium:6.72%;--awb-width-small:100%;--awb-order-small:3;--awb-spacing-right-small:1.92%;--awb-margin-bottom-small:0px;--awb-spacing-left-small:1.92%;\" data-animationType=\"fadeInRight\" data-animationDuration=\"1.6\" data-animationOffset=\"top-into-view\"><div class=\"fusion-column-wrapper fusion-column-has-shadow fusion-flex-justify-content-flex-start fusion-content-layout-column\"><div class=\"fusion-title title fusion-title-10 fusion-sep-none fusion-title-text fusion-title-size-four\" style=\"--awb-text-color:var(--awb-color8);--awb-margin-bottom:20px;--awb-margin-top-small:10px;--awb-margin-right-small:0px;--awb-margin-bottom-small:10px;--awb-margin-left-small:0px;\"><h4 class=\"fusion-title-heading title-heading-left fusion-responsive-typography-calculated\" style=\"margin:0;--fontSize:20;--minFontSize:20;line-height:1.2;\"><strong>Freizeiten &amp; Kindercamps<\/strong><\/h4><\/div><div class=\"fusion-text fusion-text-9 fusion-text-no-margin\" style=\"--awb-font-size:var(--awb-typography4-font-size);--awb-line-height:var(--awb-typography4-line-height);--awb-letter-spacing:var(--awb-typography4-letter-spacing);--awb-text-transform:var(--awb-typography4-text-transform);--awb-text-color:hsla(var(--awb-color8-h),var(--awb-color8-s),var(--awb-color8-l),calc(var(--awb-color8-a) - 20%));--awb-margin-bottom:40px;--awb-text-font-family:var(--awb-typography4-font-family);--awb-text-font-weight:var(--awb-typography4-font-weight);--awb-text-font-style:var(--awb-typography4-font-style);\"><p>In Zusammenarbeit mit unserer Di\u00f6zese organisieren wir regelm\u00e4\u00dfig Freizeiten und Kindercamps, bei denen die Kinder die M\u00f6glichkeit haben, in einer fr\u00f6hlichen und sicheren Umgebung neue Freundschaften zu schlie\u00dfen und unvergessliche Abenteuer zu erleben. Diese Veranstaltungen bieten den Kindern die Chance, die Natur zu erkunden, gemeinsam zu spielen, kreativ zu sein und ihre armenische christliche Identit\u00e4t zu st\u00e4rken.<\/p>\n<\/div><div ><a class=\"fusion-button button-flat fusion-button-default-size button-custom fusion-button-default button-4 fusion-button-default-span \" style=\"--awb-padding-right:30px;--awb-padding-left:30px;--button_accent_color:var(--awb-color1);--button_border_color:var(--awb-color1);--button_accent_hover_color:var(--awb-color1);--button_border_hover_color:var(--awb-color1);--button_border_width-top:0px;--button_border_width-right:0px;--button_border_width-bottom:0px;--button_border_width-left:0px;--button-border-radius-top-left:10px;--button-border-radius-top-right:10px;--button-border-radius-bottom-right:10px;--button-border-radius-bottom-left:10px;--button_gradient_top_color:var(--awb-color7);--button_gradient_bottom_color:var(--awb-color7);--button_gradient_top_color_hover:hsla(var(--awb-color4-h),var(--awb-color4-s),calc(var(--awb-color4-l) - 10%),var(--awb-color4-a));--button_gradient_bottom_color_hover:hsla(var(--awb-color4-h),var(--awb-color4-s),calc(var(--awb-color4-l) - 10%),var(--awb-color4-a));--button_text_transform:var(--awb-typography3-text-transform);--button_font_size:var(--awb-typography3-font-size);--button_line_height:var(--awb-typography3-line-height);--button_typography-letter-spacing:var(--awb-typography3-letter-spacing);--button_typography-font-family:var(--awb-typography3-font-family);--button_typography-font-weight:var(--awb-typography3-font-weight);--button_typography-font-style:var(--awb-typography3-font-style);\" target=\"_blank\" rel=\"noopener noreferrer\" href=\"https:\/\/agbw.org\/portfolio-items\/freizeit\/\"><span class=\"fusion-button-text awb-button__text awb-button__text--default\">Weitere Infos&#8230;<\/span><\/a><\/div><\/div><\/div><div class=\"fusion-layout-column fusion_builder_column fusion-builder-column-15 fusion_builder_column_1_2 1_2 fusion-flex-column fusion-animated\" style=\"--awb-bg-size:cover;--awb-width-large:50%;--awb-margin-top-large:0px;--awb-spacing-right-large:7.68%;--awb-margin-bottom-large:0px;--awb-spacing-left-large:7.68%;--awb-width-medium:100%;--awb-order-medium:0;--awb-spacing-right-medium:1.92%;--awb-spacing-left-medium:1.92%;--awb-width-small:100%;--awb-order-small:4;--awb-spacing-right-small:1.92%;--awb-margin-bottom-small:0px;--awb-spacing-left-small:1.92%;\" data-animationType=\"fadeInLeft\" data-animationDuration=\"1.6\" data-animationOffset=\"top-into-view\"><div class=\"fusion-column-wrapper fusion-column-has-shadow fusion-flex-justify-content-center fusion-content-layout-column\"><div class=\"fusion-image-element \" style=\"--awb-caption-title-font-family:var(--h2_typography-font-family);--awb-caption-title-font-weight:var(--h2_typography-font-weight);--awb-caption-title-font-style:var(--h2_typography-font-style);--awb-caption-title-size:var(--h2_typography-font-size);--awb-caption-title-transform:var(--h2_typography-text-transform);--awb-caption-title-line-height:var(--h2_typography-line-height);--awb-caption-title-letter-spacing:var(--h2_typography-letter-spacing);\"><span class=\" fusion-imageframe imageframe-none imageframe-7 hover-type-none\" style=\"border-radius:15px;\"><img decoding=\"async\" width=\"700\" height=\"700\" title=\"Samstagsschule \u201eSurb Mesrop Mashtoz\u201c (1)\" src=\"https:\/\/agbw.org\/wp-content\/uploads\/2023\/06\/Samstagsschule-\u201eSurb-Mesrop-Mashtoz-1.png\" alt class=\"img-responsive wp-image-16081\" srcset=\"https:\/\/agbw.org\/wp-content\/uploads\/2023\/06\/Samstagsschule-\u201eSurb-Mesrop-Mashtoz-1-200x200.png 200w, https:\/\/agbw.org\/wp-content\/uploads\/2023\/06\/Samstagsschule-\u201eSurb-Mesrop-Mashtoz-1-400x400.png 400w, https:\/\/agbw.org\/wp-content\/uploads\/2023\/06\/Samstagsschule-\u201eSurb-Mesrop-Mashtoz-1-600x600.png 600w, https:\/\/agbw.org\/wp-content\/uploads\/2023\/06\/Samstagsschule-\u201eSurb-Mesrop-Mashtoz-1.png 700w\" sizes=\"(max-width: 1024px) 100vw, (max-width: 640px) 100vw, 600px\" \/><\/span><\/div><\/div><\/div><div class=\"fusion-layout-column fusion_builder_column fusion-builder-column-16 fusion_builder_column_1_2 1_2 fusion-flex-column fusion-animated\" style=\"--awb-bg-size:cover;--awb-width-large:50%;--awb-margin-top-large:0px;--awb-spacing-right-large:7.68%;--awb-margin-bottom-large:0px;--awb-spacing-left-large:7.68%;--awb-width-medium:100%;--awb-order-medium:0;--awb-spacing-right-medium:1.92%;--awb-spacing-left-medium:1.92%;--awb-width-small:100%;--awb-order-small:4;--awb-spacing-right-small:1.92%;--awb-margin-bottom-small:0px;--awb-spacing-left-small:1.92%;\" data-animationType=\"fadeInLeft\" data-animationDuration=\"1.6\" data-animationOffset=\"top-into-view\"><div class=\"fusion-column-wrapper fusion-column-has-shadow fusion-flex-justify-content-center fusion-content-layout-column\"><div class=\"fusion-image-element \" style=\"--awb-caption-title-font-family:var(--h2_typography-font-family);--awb-caption-title-font-weight:var(--h2_typography-font-weight);--awb-caption-title-font-style:var(--h2_typography-font-style);--awb-caption-title-size:var(--h2_typography-font-size);--awb-caption-title-transform:var(--h2_typography-text-transform);--awb-caption-title-line-height:var(--h2_typography-line-height);--awb-caption-title-letter-spacing:var(--h2_typography-letter-spacing);\"><span class=\" fusion-imageframe imageframe-none imageframe-8 hover-type-none\" style=\"border-radius:15px;\"><img decoding=\"async\" width=\"677\" height=\"693\" title=\"278\" src=\"https:\/\/agbw.org\/wp-content\/uploads\/2023\/06\/278.jpg\" alt class=\"img-responsive wp-image-15928\" srcset=\"https:\/\/agbw.org\/wp-content\/uploads\/2023\/06\/278-200x205.jpg 200w, https:\/\/agbw.org\/wp-content\/uploads\/2023\/06\/278-400x409.jpg 400w, https:\/\/agbw.org\/wp-content\/uploads\/2023\/06\/278-600x614.jpg 600w, https:\/\/agbw.org\/wp-content\/uploads\/2023\/06\/278.jpg 677w\" sizes=\"(max-width: 1024px) 100vw, (max-width: 640px) 100vw, 600px\" \/><\/span><\/div><\/div><\/div><div class=\"fusion-layout-column fusion_builder_column fusion-builder-column-17 fusion_builder_column_1_2 1_2 fusion-flex-column fusion-animated\" style=\"--awb-padding-top-small:48px;--awb-padding-right-small:48px;--awb-padding-bottom-small:48px;--awb-padding-left-small:48px;--awb-bg-size:cover;--awb-width-large:50%;--awb-margin-top-large:0px;--awb-spacing-right-large:17.28%;--awb-margin-bottom-large:20px;--awb-spacing-left-large:17.28%;--awb-width-medium:100%;--awb-spacing-right-medium:4.8%;--awb-spacing-left-medium:6.72%;--awb-width-small:100%;--awb-order-small:3;--awb-spacing-right-small:1.92%;--awb-margin-bottom-small:0px;--awb-spacing-left-small:1.92%;\" data-animationType=\"fadeInRight\" data-animationDuration=\"1.6\" data-animationOffset=\"top-into-view\"><div class=\"fusion-column-wrapper fusion-column-has-shadow fusion-flex-justify-content-flex-start fusion-content-layout-column\"><div class=\"fusion-title title fusion-title-11 fusion-sep-none fusion-title-text fusion-title-size-four\" style=\"--awb-text-color:var(--awb-color8);--awb-margin-bottom:20px;--awb-margin-top-small:10px;--awb-margin-right-small:0px;--awb-margin-bottom-small:10px;--awb-margin-left-small:0px;\"><h4 class=\"fusion-title-heading title-heading-left fusion-responsive-typography-calculated\" style=\"margin:0;--fontSize:20;--minFontSize:20;line-height:1.2;\"><strong>Kinderbibel &amp; Gebete<\/strong><\/h4><\/div><div class=\"fusion-text fusion-text-10 fusion-text-no-margin\" style=\"--awb-font-size:var(--awb-typography4-font-size);--awb-line-height:var(--awb-typography4-line-height);--awb-letter-spacing:var(--awb-typography4-letter-spacing);--awb-text-transform:var(--awb-typography4-text-transform);--awb-text-color:hsla(var(--awb-color8-h),var(--awb-color8-s),var(--awb-color8-l),calc(var(--awb-color8-a) - 20%));--awb-margin-bottom:40px;--awb-text-font-family:var(--awb-typography4-font-family);--awb-text-font-weight:var(--awb-typography4-font-weight);--awb-text-font-style:var(--awb-typography4-font-style);\"><p>Wir legen gro\u00dfen Wert darauf, dass Kinder Zugang zur Kinderbibel haben und sich mit den Geschichten und Lehren der Bibel vertraut machen k\u00f6nnen. Im Rahmen unserer Samstagsschule bieten wir den Kindern die M\u00f6glichkeit unseren Glauben und Tradition kennenzulernen. Auf unserem <a href=\"https:\/\/www.youtube.com\/watch?v=rIaVLZU6QN4&amp;list=PLK7YazZHikvNGjwfiLwBms7HBkKDlPiAo\" target=\"_blank\" rel=\"noopener\">YouTube Kanal<\/a> erm\u00f6glichen wir den Kindern biblischen Erz\u00e4hlungen zu entdecken und zu verstehen. Hier gibt es auch einen speziellen Platz f\u00fcr Kindergebete, in dem sie armenische Kindergebete finden, beten und mit anderen teilen k\u00f6nnen.<\/p>\n<\/div><div ><a class=\"fusion-button button-flat fusion-button-default-size button-custom fusion-button-default button-5 fusion-button-default-span \" style=\"--awb-padding-right:30px;--awb-padding-left:30px;--button_accent_color:var(--awb-color1);--button_border_color:var(--awb-color1);--button_accent_hover_color:var(--awb-color1);--button_border_hover_color:var(--awb-color1);--button_border_width-top:0px;--button_border_width-right:0px;--button_border_width-bottom:0px;--button_border_width-left:0px;--button-border-radius-top-left:10px;--button-border-radius-top-right:10px;--button-border-radius-bottom-right:10px;--button-border-radius-bottom-left:10px;--button_gradient_top_color:var(--awb-color6);--button_gradient_bottom_color:var(--awb-color6);--button_gradient_top_color_hover:hsla(var(--awb-color4-h),var(--awb-color4-s),calc(var(--awb-color4-l) - 10%),var(--awb-color4-a));--button_gradient_bottom_color_hover:hsla(var(--awb-color4-h),var(--awb-color4-s),calc(var(--awb-color4-l) - 10%),var(--awb-color4-a));--button_text_transform:var(--awb-typography3-text-transform);--button_font_size:var(--awb-typography3-font-size);--button_line_height:var(--awb-typography3-line-height);--button_typography-letter-spacing:var(--awb-typography3-letter-spacing);--button_typography-font-family:var(--awb-typography3-font-family);--button_typography-font-weight:var(--awb-typography3-font-weight);--button_typography-font-style:var(--awb-typography3-font-style);\" target=\"_blank\" rel=\"noopener noreferrer\" href=\"https:\/\/www.youtube.com\/watch?v=rIaVLZU6QN4&amp;list=PLK7YazZHikvNGjwfiLwBms7HBkKDlPiAo\"><span class=\"fusion-button-text awb-button__text awb-button__text--default\">YouTube f\u00fcr Kinder<\/span><\/a><\/div><\/div><\/div><\/div><\/div><div class=\"fusion-fullwidth fullwidth-box fusion-builder-row-7 fusion-flex-container has-pattern-background has-mask-background nonhundred-percent-fullwidth non-hundred-percent-height-scrolling fusion-no-medium-visibility fusion-no-large-visibility\" style=\"--awb-border-sizes-top:0px;--awb-border-sizes-bottom:0px;--awb-border-sizes-left:0px;--awb-border-sizes-right:0px;--awb-border-radius-top-left:0px;--awb-border-radius-top-right:0px;--awb-border-radius-bottom-right:0px;--awb-border-radius-bottom-left:0px;--awb-padding-top:30px;--awb-padding-right:20px;--awb-padding-bottom:30px;--awb-padding-left:20px;--awb-padding-top-medium:0px;--awb-padding-right-small:60px;--awb-padding-left-small:60px;--awb-margin-top:0px;--awb-margin-bottom:0px;--awb-background-color:var(--awb-color1);--awb-flex-wrap:wrap;\" ><div class=\"fusion-builder-row fusion-row fusion-flex-align-items-center fusion-flex-content-wrap\" style=\"max-width:1248px;margin-left: calc(-4% \/ 2 );margin-right: calc(-4% \/ 2 );\"><div class=\"fusion-layout-column fusion_builder_column fusion-builder-column-18 fusion_builder_column_1_1 1_1 fusion-flex-column fusion-animated\" style=\"--awb-padding-top-small:48px;--awb-padding-right-small:48px;--awb-padding-bottom-small:48px;--awb-padding-left-small:48px;--awb-bg-size:cover;--awb-width-large:100%;--awb-margin-top-large:0px;--awb-spacing-right-large:8.64%;--awb-margin-bottom-large:60px;--awb-spacing-left-large:8.64%;--awb-width-medium:100%;--awb-spacing-right-medium:4.8%;--awb-spacing-left-medium:6.72%;--awb-width-small:100%;--awb-order-small:1;--awb-spacing-right-small:1.92%;--awb-margin-bottom-small:0px;--awb-spacing-left-small:1.92%;\" data-animationType=\"fadeInRight\" data-animationDuration=\"1.6\" data-animationOffset=\"top-into-view\"><div class=\"fusion-column-wrapper fusion-column-has-shadow fusion-flex-justify-content-flex-start fusion-content-layout-column\"><div class=\"fusion-title title fusion-title-12 fusion-sep-none fusion-title-text fusion-title-size-four\" style=\"--awb-text-color:var(--awb-color8);--awb-margin-bottom:20px;--awb-margin-top-small:10px;--awb-margin-right-small:0px;--awb-margin-bottom-small:10px;--awb-margin-left-small:0px;\"><h4 class=\"fusion-title-heading title-heading-left fusion-responsive-typography-calculated\" style=\"margin:0;--fontSize:20;--minFontSize:20;line-height:1.2;\">Samstagsschule \u201e<strong>Surb Mesrop Mashtoz<\/strong>\u201c<\/h4><\/div><div class=\"fusion-image-element \" style=\"--awb-caption-title-font-family:var(--h2_typography-font-family);--awb-caption-title-font-weight:var(--h2_typography-font-weight);--awb-caption-title-font-style:var(--h2_typography-font-style);--awb-caption-title-size:var(--h2_typography-font-size);--awb-caption-title-transform:var(--h2_typography-text-transform);--awb-caption-title-line-height:var(--h2_typography-line-height);--awb-caption-title-letter-spacing:var(--h2_typography-letter-spacing);\"><span class=\" fusion-imageframe imageframe-none imageframe-9 hover-type-none\" style=\"border-radius:15px;\"><img decoding=\"async\" width=\"677\" height=\"693\" title=\"276\" src=\"https:\/\/agbw.org\/wp-content\/uploads\/2023\/06\/276.jpg\" alt class=\"img-responsive wp-image-15926\" srcset=\"https:\/\/agbw.org\/wp-content\/uploads\/2023\/06\/276-200x205.jpg 200w, https:\/\/agbw.org\/wp-content\/uploads\/2023\/06\/276-400x409.jpg 400w, https:\/\/agbw.org\/wp-content\/uploads\/2023\/06\/276-600x614.jpg 600w, https:\/\/agbw.org\/wp-content\/uploads\/2023\/06\/276.jpg 677w\" sizes=\"(max-width: 1024px) 100vw, (max-width: 640px) 100vw, 677px\" \/><\/span><\/div><div class=\"fusion-text fusion-text-11 fusion-text-no-margin\" style=\"--awb-font-size:var(--awb-typography4-font-size);--awb-line-height:var(--awb-typography4-line-height);--awb-letter-spacing:var(--awb-typography4-letter-spacing);--awb-text-transform:var(--awb-typography4-text-transform);--awb-text-color:hsla(var(--awb-color8-h),var(--awb-color8-s),var(--awb-color8-l),calc(var(--awb-color8-a) - 20%));--awb-margin-bottom:40px;--awb-text-font-family:var(--awb-typography4-font-family);--awb-text-font-weight:var(--awb-typography4-font-weight);--awb-text-font-style:var(--awb-typography4-font-style);\"><p>Unsere Samstagsschule \u201eSurb Mesrop Mashtoz\u201c ist ein wunderbarer Ort, an dem Kinder die armenische Sprache lernen, kreativ malen und basteln, gemeinsam singen und tanzen k\u00f6nnen. Hier k\u00f6nnen sie ihre F\u00e4higkeiten entwickeln und sich mit anderen Kindern austauschen, w\u00e4hrend sie spielerisch die Sch\u00f6nheit der armenischen Kultur entdecken.<\/p>\n<\/div><div ><a class=\"fusion-button button-flat fusion-button-default-size button-custom fusion-button-default button-6 fusion-button-default-span \" style=\"--awb-padding-right:30px;--awb-padding-left:30px;--button_accent_color:var(--awb-color1);--button_border_color:var(--awb-color1);--button_accent_hover_color:var(--awb-color1);--button_border_hover_color:var(--awb-color1);--button_border_width-top:0px;--button_border_width-right:0px;--button_border_width-bottom:0px;--button_border_width-left:0px;--button-border-radius-top-left:10px;--button-border-radius-top-right:10px;--button-border-radius-bottom-right:10px;--button-border-radius-bottom-left:10px;--button_gradient_top_color:var(--awb-color7);--button_gradient_bottom_color:var(--awb-color7);--button_gradient_top_color_hover:hsla(var(--awb-color4-h),var(--awb-color4-s),calc(var(--awb-color4-l) - 10%),var(--awb-color4-a));--button_gradient_bottom_color_hover:hsla(var(--awb-color4-h),var(--awb-color4-s),calc(var(--awb-color4-l) - 10%),var(--awb-color4-a));--button_text_transform:var(--awb-typography3-text-transform);--button_font_size:var(--awb-typography3-font-size);--button_line_height:var(--awb-typography3-line-height);--button_typography-letter-spacing:var(--awb-typography3-letter-spacing);--button_typography-font-family:var(--awb-typography3-font-family);--button_typography-font-weight:var(--awb-typography3-font-weight);--button_typography-font-style:var(--awb-typography3-font-style);\" target=\"_blank\" rel=\"noopener noreferrer\" href=\"https:\/\/mashtoz.agbw.org\/\"><span class=\"fusion-button-text awb-button__text awb-button__text--default\">Mashtoz<\/span><\/a><\/div><\/div><\/div><div class=\"fusion-layout-column fusion_builder_column fusion-builder-column-19 fusion_builder_column_1_1 1_1 fusion-flex-column fusion-animated\" style=\"--awb-padding-top-small:48px;--awb-padding-right-small:48px;--awb-padding-bottom-small:48px;--awb-padding-left-small:48px;--awb-bg-size:cover;--awb-width-large:100%;--awb-margin-top-large:0px;--awb-spacing-right-large:8.64%;--awb-margin-bottom-large:60px;--awb-spacing-left-large:8.64%;--awb-width-medium:100%;--awb-spacing-right-medium:4.8%;--awb-spacing-left-medium:6.72%;--awb-width-small:100%;--awb-order-small:5;--awb-spacing-right-small:1.92%;--awb-margin-bottom-small:0px;--awb-spacing-left-small:1.92%;\" data-animationType=\"fadeInRight\" data-animationDuration=\"1.6\" data-animationOffset=\"top-into-view\"><div class=\"fusion-column-wrapper fusion-column-has-shadow fusion-flex-justify-content-flex-start fusion-content-layout-column\"><div class=\"fusion-title title fusion-title-13 fusion-sep-none fusion-title-text fusion-title-size-four\" style=\"--awb-text-color:var(--awb-color8);--awb-margin-bottom:20px;--awb-margin-top-small:10px;--awb-margin-right-small:0px;--awb-margin-bottom-small:10px;--awb-margin-left-small:0px;\"><h4 class=\"fusion-title-heading title-heading-left fusion-responsive-typography-calculated\" style=\"margin:0;--fontSize:20;--minFontSize:20;line-height:1.2;\"><strong>Ministrant:in werden<\/strong><\/h4><\/div><div class=\"fusion-image-element \" style=\"--awb-caption-title-font-family:var(--h2_typography-font-family);--awb-caption-title-font-weight:var(--h2_typography-font-weight);--awb-caption-title-font-style:var(--h2_typography-font-style);--awb-caption-title-size:var(--h2_typography-font-size);--awb-caption-title-transform:var(--h2_typography-text-transform);--awb-caption-title-line-height:var(--h2_typography-line-height);--awb-caption-title-letter-spacing:var(--h2_typography-letter-spacing);\"><span class=\" fusion-imageframe imageframe-none imageframe-10 hover-type-none\" style=\"border-radius:15px;\"><img decoding=\"async\" width=\"677\" height=\"693\" title=\"277\" src=\"https:\/\/agbw.org\/wp-content\/uploads\/2023\/06\/277.jpg\" alt class=\"img-responsive wp-image-15927\" srcset=\"https:\/\/agbw.org\/wp-content\/uploads\/2023\/06\/277-200x205.jpg 200w, https:\/\/agbw.org\/wp-content\/uploads\/2023\/06\/277-400x409.jpg 400w, https:\/\/agbw.org\/wp-content\/uploads\/2023\/06\/277-600x614.jpg 600w, https:\/\/agbw.org\/wp-content\/uploads\/2023\/06\/277.jpg 677w\" sizes=\"(max-width: 1024px) 100vw, (max-width: 640px) 100vw, 677px\" \/><\/span><\/div><div class=\"fusion-text fusion-text-12 fusion-text-no-margin\" style=\"--awb-font-size:var(--awb-typography4-font-size);--awb-line-height:var(--awb-typography4-line-height);--awb-letter-spacing:var(--awb-typography4-letter-spacing);--awb-text-transform:var(--awb-typography4-text-transform);--awb-text-color:hsla(var(--awb-color8-h),var(--awb-color8-s),var(--awb-color8-l),calc(var(--awb-color8-a) - 20%));--awb-margin-bottom:40px;--awb-text-font-family:var(--awb-typography4-font-family);--awb-text-font-weight:var(--awb-typography4-font-weight);--awb-text-font-style:var(--awb-typography4-font-style);\"><p>Unsere Ministranten spielen eine wichtige Rolle in den Gottesdiensten und Aktivit\u00e4ten der Armenischen Gemeinde. Als Ministrant k\u00f6nnen die Kinder eine aktive Rolle in unserer Kirche einnehmen und wichtige Aufgaben wie das Anz\u00fcnden der Kerzen, das Tragen des Kreuzes oder das Assistieren bei liturgischen Feiern \u00fcbernehmen. Diese Erfahrungen f\u00f6rdern das spirituelle Wachstum der Kinder und geben ihnen ein Gef\u00fchl von Gemeinschaft und Verbundenheit.<\/p>\n<\/div><div ><a class=\"fusion-button button-flat fusion-button-default-size button-custom fusion-button-default button-7 fusion-button-default-span \" style=\"--awb-padding-right:30px;--awb-padding-left:30px;--button_accent_color:var(--awb-color1);--button_border_color:var(--awb-color1);--button_accent_hover_color:var(--awb-color1);--button_border_hover_color:var(--awb-color1);--button_border_width-top:0px;--button_border_width-right:0px;--button_border_width-bottom:0px;--button_border_width-left:0px;--button-border-radius-top-left:10px;--button-border-radius-top-right:10px;--button-border-radius-bottom-right:10px;--button-border-radius-bottom-left:10px;--button_gradient_top_color:var(--awb-color6);--button_gradient_bottom_color:var(--awb-color6);--button_gradient_top_color_hover:hsla(var(--awb-color4-h),var(--awb-color4-s),calc(var(--awb-color4-l) - 10%),var(--awb-color4-a));--button_gradient_bottom_color_hover:hsla(var(--awb-color4-h),var(--awb-color4-s),calc(var(--awb-color4-l) - 10%),var(--awb-color4-a));--button_text_transform:var(--awb-typography3-text-transform);--button_font_size:var(--awb-typography3-font-size);--button_line_height:var(--awb-typography3-line-height);--button_typography-letter-spacing:var(--awb-typography3-letter-spacing);--button_typography-font-family:var(--awb-typography3-font-family);--button_typography-font-weight:var(--awb-typography3-font-weight);--button_typography-font-style:var(--awb-typography3-font-style);\" target=\"_blank\" rel=\"noopener noreferrer\" href=\"https:\/\/agbw.org\/portfolio-items\/ministranten\/\"><span class=\"fusion-button-text awb-button__text awb-button__text--default\">Ministrant werden!<\/span><\/a><\/div><\/div><\/div><div class=\"fusion-layout-column fusion_builder_column fusion-builder-column-20 fusion_builder_column_1_1 1_1 fusion-flex-column fusion-animated\" style=\"--awb-padding-top-small:48px;--awb-padding-right-small:48px;--awb-padding-bottom-small:48px;--awb-padding-left-small:48px;--awb-bg-size:cover;--awb-width-large:100%;--awb-margin-top-large:0px;--awb-spacing-right-large:8.64%;--awb-margin-bottom-large:60px;--awb-spacing-left-large:8.64%;--awb-width-medium:100%;--awb-spacing-right-medium:4.8%;--awb-spacing-left-medium:6.72%;--awb-width-small:100%;--awb-order-small:5;--awb-spacing-right-small:1.92%;--awb-margin-bottom-small:0px;--awb-spacing-left-small:1.92%;\" data-animationType=\"fadeInRight\" data-animationDuration=\"1.6\" data-animationOffset=\"top-into-view\"><div class=\"fusion-column-wrapper fusion-column-has-shadow fusion-flex-justify-content-flex-start fusion-content-layout-column\"><div class=\"fusion-title title fusion-title-14 fusion-sep-none fusion-title-text fusion-title-size-four\" style=\"--awb-text-color:var(--awb-color8);--awb-margin-bottom:20px;--awb-margin-top-small:10px;--awb-margin-right-small:0px;--awb-margin-bottom-small:10px;--awb-margin-left-small:0px;\"><h4 class=\"fusion-title-heading title-heading-left fusion-responsive-typography-calculated\" style=\"margin:0;--fontSize:20;--minFontSize:20;line-height:1.2;\"><strong>Gottesdienste f\u00fcr Kinder<\/strong><\/h4><\/div><div class=\"fusion-image-element \" style=\"--awb-caption-title-font-family:var(--h2_typography-font-family);--awb-caption-title-font-weight:var(--h2_typography-font-weight);--awb-caption-title-font-style:var(--h2_typography-font-style);--awb-caption-title-size:var(--h2_typography-font-size);--awb-caption-title-transform:var(--h2_typography-text-transform);--awb-caption-title-line-height:var(--h2_typography-line-height);--awb-caption-title-letter-spacing:var(--h2_typography-letter-spacing);\"><span class=\" fusion-imageframe imageframe-none imageframe-11 hover-type-none\" style=\"border-radius:15px;\"><img decoding=\"async\" width=\"677\" height=\"693\" title=\"277\" src=\"https:\/\/agbw.org\/wp-content\/uploads\/2023\/06\/277.jpg\" alt class=\"img-responsive wp-image-15927\" srcset=\"https:\/\/agbw.org\/wp-content\/uploads\/2023\/06\/277-200x205.jpg 200w, https:\/\/agbw.org\/wp-content\/uploads\/2023\/06\/277-400x409.jpg 400w, https:\/\/agbw.org\/wp-content\/uploads\/2023\/06\/277-600x614.jpg 600w, https:\/\/agbw.org\/wp-content\/uploads\/2023\/06\/277.jpg 677w\" sizes=\"(max-width: 1024px) 100vw, (max-width: 640px) 100vw, 677px\" \/><\/span><\/div><div class=\"fusion-text fusion-text-13 fusion-text-no-margin\" style=\"--awb-font-size:var(--awb-typography4-font-size);--awb-line-height:var(--awb-typography4-line-height);--awb-letter-spacing:var(--awb-typography4-letter-spacing);--awb-text-transform:var(--awb-typography4-text-transform);--awb-text-color:hsla(var(--awb-color8-h),var(--awb-color8-s),var(--awb-color8-l),calc(var(--awb-color8-a) - 20%));--awb-margin-bottom:40px;--awb-text-font-family:var(--awb-typography4-font-family);--awb-text-font-weight:var(--awb-typography4-font-weight);--awb-text-font-style:var(--awb-typography4-font-style);\"><p>Im Laufe des Jahres gibt es verschiedene Anl\u00e4se f\u00fcr \u201eKindergottesdienste\u201c, darunter der Palmsonntag als Tag der Segnung der Kinder, der Fu\u00dfwaschritus, der Segen vor Schulbeginn und andere besondere Anl\u00e4sse. Wir legen gro\u00dfen Wert darauf, den Glauben bereits in jungen Jahren zu f\u00f6rdern und den Kindern eine wertvolle Erfahrung zu bieten, um ihre Beziehung zu Gott und zur armenischen Gemeinschaft zu vertiefen.<\/p>\n<\/div><div ><a class=\"fusion-button button-flat fusion-button-default-size button-custom fusion-button-default button-8 fusion-button-default-span \" style=\"--awb-padding-right:30px;--awb-padding-left:30px;--button_accent_color:var(--awb-color1);--button_border_color:var(--awb-color1);--button_accent_hover_color:var(--awb-color1);--button_border_hover_color:var(--awb-color1);--button_border_width-top:0px;--button_border_width-right:0px;--button_border_width-bottom:0px;--button_border_width-left:0px;--button-border-radius-top-left:10px;--button-border-radius-top-right:10px;--button-border-radius-bottom-right:10px;--button-border-radius-bottom-left:10px;--button_gradient_top_color:var(--awb-color4);--button_gradient_bottom_color:var(--awb-color4);--button_gradient_top_color_hover:hsla(var(--awb-color4-h),var(--awb-color4-s),calc(var(--awb-color4-l) - 10%),var(--awb-color4-a));--button_gradient_bottom_color_hover:hsla(var(--awb-color4-h),var(--awb-color4-s),calc(var(--awb-color4-l) - 10%),var(--awb-color4-a));--button_text_transform:var(--awb-typography3-text-transform);--button_font_size:var(--awb-typography3-font-size);--button_line_height:var(--awb-typography3-line-height);--button_typography-letter-spacing:var(--awb-typography3-letter-spacing);--button_typography-font-family:var(--awb-typography3-font-family);--button_typography-font-weight:var(--awb-typography3-font-weight);--button_typography-font-style:var(--awb-typography3-font-style);\" target=\"_blank\" rel=\"noopener noreferrer\" href=\"https:\/\/agbw.org\/portfolio-items\/kindergottesdienste\/\"><span class=\"fusion-button-text awb-button__text awb-button__text--default\">Kindergottesdienste<\/span><\/a><\/div><\/div><\/div><div class=\"fusion-layout-column fusion_builder_column fusion-builder-column-21 fusion_builder_column_1_1 1_1 fusion-flex-column fusion-animated\" style=\"--awb-padding-top-small:48px;--awb-padding-right-small:48px;--awb-padding-bottom-small:48px;--awb-padding-left-small:48px;--awb-bg-size:cover;--awb-width-large:100%;--awb-margin-top-large:0px;--awb-spacing-right-large:8.64%;--awb-margin-bottom-large:20px;--awb-spacing-left-large:8.64%;--awb-width-medium:100%;--awb-spacing-right-medium:4.8%;--awb-spacing-left-medium:6.72%;--awb-width-small:100%;--awb-order-small:3;--awb-spacing-right-small:1.92%;--awb-margin-bottom-small:0px;--awb-spacing-left-small:1.92%;\" data-animationType=\"fadeInRight\" data-animationDuration=\"1.6\" data-animationOffset=\"top-into-view\"><div class=\"fusion-column-wrapper fusion-column-has-shadow fusion-flex-justify-content-flex-start fusion-content-layout-column\"><div class=\"fusion-title title fusion-title-15 fusion-sep-none fusion-title-text fusion-title-size-four\" style=\"--awb-text-color:var(--awb-color8);--awb-margin-bottom:20px;--awb-margin-top-small:10px;--awb-margin-right-small:0px;--awb-margin-bottom-small:10px;--awb-margin-left-small:0px;\"><h4 class=\"fusion-title-heading title-heading-left fusion-responsive-typography-calculated\" style=\"margin:0;--fontSize:20;--minFontSize:20;line-height:1.2;\"><strong>Freizeiten &amp; Kindercamps<\/strong><\/h4><\/div><div class=\"fusion-image-element \" style=\"--awb-caption-title-font-family:var(--h2_typography-font-family);--awb-caption-title-font-weight:var(--h2_typography-font-weight);--awb-caption-title-font-style:var(--h2_typography-font-style);--awb-caption-title-size:var(--h2_typography-font-size);--awb-caption-title-transform:var(--h2_typography-text-transform);--awb-caption-title-line-height:var(--h2_typography-line-height);--awb-caption-title-letter-spacing:var(--h2_typography-letter-spacing);\"><span class=\" fusion-imageframe imageframe-none imageframe-12 hover-type-none\" style=\"border-radius:15px;\"><img decoding=\"async\" width=\"677\" height=\"693\" title=\"278\" src=\"https:\/\/agbw.org\/wp-content\/uploads\/2023\/06\/278.jpg\" alt class=\"img-responsive wp-image-15928\" srcset=\"https:\/\/agbw.org\/wp-content\/uploads\/2023\/06\/278-200x205.jpg 200w, https:\/\/agbw.org\/wp-content\/uploads\/2023\/06\/278-400x409.jpg 400w, https:\/\/agbw.org\/wp-content\/uploads\/2023\/06\/278-600x614.jpg 600w, https:\/\/agbw.org\/wp-content\/uploads\/2023\/06\/278.jpg 677w\" sizes=\"(max-width: 1024px) 100vw, (max-width: 640px) 100vw, 677px\" \/><\/span><\/div><div class=\"fusion-text fusion-text-14 fusion-text-no-margin\" style=\"--awb-font-size:var(--awb-typography4-font-size);--awb-line-height:var(--awb-typography4-line-height);--awb-letter-spacing:var(--awb-typography4-letter-spacing);--awb-text-transform:var(--awb-typography4-text-transform);--awb-text-color:hsla(var(--awb-color8-h),var(--awb-color8-s),var(--awb-color8-l),calc(var(--awb-color8-a) - 20%));--awb-margin-bottom:40px;--awb-text-font-family:var(--awb-typography4-font-family);--awb-text-font-weight:var(--awb-typography4-font-weight);--awb-text-font-style:var(--awb-typography4-font-style);\"><p>In Zusammenarbeit mit unserer Di\u00f6zese organisieren wir regelm\u00e4\u00dfig Freizeiten und Kindercamps, bei denen die Kinder die M\u00f6glichkeit haben, in einer fr\u00f6hlichen und sicheren Umgebung neue Freundschaften zu schlie\u00dfen und unvergessliche Abenteuer zu erleben. Diese Veranstaltungen bieten den Kindern die Chance, die Natur zu erkunden, gemeinsam zu spielen, kreativ zu sein und ihre armenische christliche Identit\u00e4t zu st\u00e4rken.<\/p>\n<\/div><div ><a class=\"fusion-button button-flat fusion-button-default-size button-custom fusion-button-default button-9 fusion-button-default-span \" style=\"--awb-padding-right:30px;--awb-padding-left:30px;--button_accent_color:var(--awb-color1);--button_border_color:var(--awb-color1);--button_accent_hover_color:var(--awb-color1);--button_border_hover_color:var(--awb-color1);--button_border_width-top:0px;--button_border_width-right:0px;--button_border_width-bottom:0px;--button_border_width-left:0px;--button-border-radius-top-left:10px;--button-border-radius-top-right:10px;--button-border-radius-bottom-right:10px;--button-border-radius-bottom-left:10px;--button_gradient_top_color:var(--awb-color7);--button_gradient_bottom_color:var(--awb-color7);--button_gradient_top_color_hover:hsla(var(--awb-color4-h),var(--awb-color4-s),calc(var(--awb-color4-l) - 10%),var(--awb-color4-a));--button_gradient_bottom_color_hover:hsla(var(--awb-color4-h),var(--awb-color4-s),calc(var(--awb-color4-l) - 10%),var(--awb-color4-a));--button_text_transform:var(--awb-typography3-text-transform);--button_font_size:var(--awb-typography3-font-size);--button_line_height:var(--awb-typography3-line-height);--button_typography-letter-spacing:var(--awb-typography3-letter-spacing);--button_typography-font-family:var(--awb-typography3-font-family);--button_typography-font-weight:var(--awb-typography3-font-weight);--button_typography-font-style:var(--awb-typography3-font-style);\" target=\"_blank\" rel=\"noopener noreferrer\" href=\"https:\/\/agbw.org\/portfolio-items\/freizeit\/\"><span class=\"fusion-button-text awb-button__text awb-button__text--default\">Weitere Infos&#8230;<\/span><\/a><\/div><\/div><\/div><div class=\"fusion-layout-column fusion_builder_column fusion-builder-column-22 fusion_builder_column_1_1 1_1 fusion-flex-column fusion-animated\" style=\"--awb-padding-top-small:48px;--awb-padding-right-small:48px;--awb-padding-bottom-small:48px;--awb-padding-left-small:48px;--awb-bg-size:cover;--awb-width-large:100%;--awb-margin-top-large:0px;--awb-spacing-right-large:8.64%;--awb-margin-bottom-large:20px;--awb-spacing-left-large:8.64%;--awb-width-medium:100%;--awb-spacing-right-medium:4.8%;--awb-spacing-left-medium:6.72%;--awb-width-small:100%;--awb-order-small:3;--awb-spacing-right-small:1.92%;--awb-margin-bottom-small:0px;--awb-spacing-left-small:1.92%;\" data-animationType=\"fadeInRight\" data-animationDuration=\"1.6\" data-animationOffset=\"top-into-view\"><div class=\"fusion-column-wrapper fusion-column-has-shadow fusion-flex-justify-content-flex-start fusion-content-layout-column\"><div class=\"fusion-title title fusion-title-16 fusion-sep-none fusion-title-text fusion-title-size-four\" style=\"--awb-text-color:var(--awb-color8);--awb-margin-bottom:20px;--awb-margin-top-small:10px;--awb-margin-right-small:0px;--awb-margin-bottom-small:10px;--awb-margin-left-small:0px;\"><h4 class=\"fusion-title-heading title-heading-left fusion-responsive-typography-calculated\" style=\"margin:0;--fontSize:20;--minFontSize:20;line-height:1.2;\"><strong>Kinderbibel &amp; Gebete<\/strong><\/h4><\/div><div class=\"fusion-image-element \" style=\"--awb-caption-title-font-family:var(--h2_typography-font-family);--awb-caption-title-font-weight:var(--h2_typography-font-weight);--awb-caption-title-font-style:var(--h2_typography-font-style);--awb-caption-title-size:var(--h2_typography-font-size);--awb-caption-title-transform:var(--h2_typography-text-transform);--awb-caption-title-line-height:var(--h2_typography-line-height);--awb-caption-title-letter-spacing:var(--h2_typography-letter-spacing);\"><span class=\" fusion-imageframe imageframe-none imageframe-13 hover-type-none\" style=\"border-radius:15px;\"><img decoding=\"async\" width=\"677\" height=\"693\" title=\"278\" src=\"https:\/\/agbw.org\/wp-content\/uploads\/2023\/06\/278.jpg\" alt class=\"img-responsive wp-image-15928\" srcset=\"https:\/\/agbw.org\/wp-content\/uploads\/2023\/06\/278-200x205.jpg 200w, https:\/\/agbw.org\/wp-content\/uploads\/2023\/06\/278-400x409.jpg 400w, https:\/\/agbw.org\/wp-content\/uploads\/2023\/06\/278-600x614.jpg 600w, https:\/\/agbw.org\/wp-content\/uploads\/2023\/06\/278.jpg 677w\" sizes=\"(max-width: 1024px) 100vw, (max-width: 640px) 100vw, 677px\" \/><\/span><\/div><div class=\"fusion-text fusion-text-15 fusion-text-no-margin\" style=\"--awb-font-size:var(--awb-typography4-font-size);--awb-line-height:var(--awb-typography4-line-height);--awb-letter-spacing:var(--awb-typography4-letter-spacing);--awb-text-transform:var(--awb-typography4-text-transform);--awb-text-color:hsla(var(--awb-color8-h),var(--awb-color8-s),var(--awb-color8-l),calc(var(--awb-color8-a) - 20%));--awb-margin-bottom:40px;--awb-text-font-family:var(--awb-typography4-font-family);--awb-text-font-weight:var(--awb-typography4-font-weight);--awb-text-font-style:var(--awb-typography4-font-style);\"><p>Wir legen gro\u00dfen Wert darauf, dass Kinder Zugang zur Kinderbibel haben und sich mit den Geschichten und Lehren der Bibel vertraut machen k\u00f6nnen. Im Rahmen unserer Samstagsschule bieten wir den Kindern die M\u00f6glichkeit unseren Glauben und Tradition kennenzulernen. Auf unserem <a href=\"https:\/\/www.youtube.com\/watch?v=rIaVLZU6QN4&amp;list=PLK7YazZHikvNGjwfiLwBms7HBkKDlPiAo\" target=\"_blank\" rel=\"noopener\">YouTube Kanal<\/a> erm\u00f6glichen wir den Kindern biblischen Erz\u00e4hlungen zu entdecken und zu verstehen. Hier gibt es auch einen speziellen Platz f\u00fcr Kindergebete, in dem sie armenische Kindergebete finden, beten und mit anderen teilen k\u00f6nnen.<\/p>\n<\/div><div ><a class=\"fusion-button button-flat fusion-button-default-size button-custom fusion-button-default button-10 fusion-button-default-span \" style=\"--awb-padding-right:30px;--awb-padding-left:30px;--button_accent_color:var(--awb-color1);--button_border_color:var(--awb-color1);--button_accent_hover_color:var(--awb-color1);--button_border_hover_color:var(--awb-color1);--button_border_width-top:0px;--button_border_width-right:0px;--button_border_width-bottom:0px;--button_border_width-left:0px;--button-border-radius-top-left:10px;--button-border-radius-top-right:10px;--button-border-radius-bottom-right:10px;--button-border-radius-bottom-left:10px;--button_gradient_top_color:var(--awb-color6);--button_gradient_bottom_color:var(--awb-color6);--button_gradient_top_color_hover:hsla(var(--awb-color4-h),var(--awb-color4-s),calc(var(--awb-color4-l) - 10%),var(--awb-color4-a));--button_gradient_bottom_color_hover:hsla(var(--awb-color4-h),var(--awb-color4-s),calc(var(--awb-color4-l) - 10%),var(--awb-color4-a));--button_text_transform:var(--awb-typography3-text-transform);--button_font_size:var(--awb-typography3-font-size);--button_line_height:var(--awb-typography3-line-height);--button_typography-letter-spacing:var(--awb-typography3-letter-spacing);--button_typography-font-family:var(--awb-typography3-font-family);--button_typography-font-weight:var(--awb-typography3-font-weight);--button_typography-font-style:var(--awb-typography3-font-style);\" target=\"_blank\" rel=\"noopener noreferrer\" href=\"https:\/\/www.youtube.com\/watch?v=rIaVLZU6QN4&amp;list=PLK7YazZHikvNGjwfiLwBms7HBkKDlPiAo\"><span class=\"fusion-button-text awb-button__text awb-button__text--default\">YouTube f\u00fcr Kinder<\/span><\/a><\/div><\/div><\/div><\/div><\/div><div class=\"fusion-fullwidth fullwidth-box fusion-builder-row-8 fusion-flex-container has-pattern-background has-mask-background nonhundred-percent-fullwidth non-hundred-percent-height-scrolling\" style=\"--awb-border-radius-top-left:0px;--awb-border-radius-top-right:0px;--awb-border-radius-bottom-right:0px;--awb-border-radius-bottom-left:0px;--awb-flex-wrap:wrap;\" ><div class=\"fusion-builder-row fusion-row fusion-flex-align-items-flex-start fusion-flex-content-wrap\" style=\"max-width:1248px;margin-left: calc(-4% \/ 2 );margin-right: calc(-4% \/ 2 );\"><div class=\"fusion-layout-column fusion_builder_column fusion-builder-column-23 fusion_builder_column_1_1 1_1 fusion-flex-column\" style=\"--awb-bg-size:cover;--awb-width-large:100%;--awb-margin-top-large:0px;--awb-spacing-right-large:1.92%;--awb-margin-bottom-large:20px;--awb-spacing-left-large:1.92%;--awb-width-medium:100%;--awb-order-medium:0;--awb-spacing-right-medium:1.92%;--awb-spacing-left-medium:1.92%;--awb-width-small:100%;--awb-order-small:0;--awb-spacing-right-small:1.92%;--awb-spacing-left-small:1.92%;\"><div class=\"fusion-column-wrapper fusion-column-has-shadow fusion-flex-justify-content-flex-start fusion-content-layout-column\"><div style=\"text-align:center;\"><a class=\"fusion-button button-flat fusion-button-default-size button-custom fusion-button-default button-11 fusion-button-default-span fusion-has-button-gradient\" style=\"--awb-padding-top:16px;--awb-padding-right:40px;--awb-padding-bottom:16px;--awb-padding-left:40px;--button_accent_color:var(--awb-color1);--button_border_color:var(--awb-color1);--button_accent_hover_color:var(--awb-color1);--button_border_hover_color:var(--awb-color1);--button_border_width-top:0px;--button_border_width-right:0px;--button_border_width-bottom:0px;--button_border_width-left:0px;--button-border-radius-top-left:10px;--button-border-radius-top-right:10px;--button-border-radius-bottom-right:10px;--button-border-radius-bottom-left:10px;--button_gradient_top_color:#c40000;--button_gradient_bottom_color:#d60000;--button_gradient_top_color_hover:var(--awb-color5);--button_gradient_bottom_color_hover:var(--awb-color5);--button_text_transform:var(--awb-typography3-text-transform);--button_font_size:var(--awb-typography3-font-size);--button_line_height:var(--awb-typography3-line-height);--button_typography-letter-spacing:var(--awb-typography3-letter-spacing);--button_typography-font-family:var(--awb-typography3-font-family);--button_typography-font-weight:var(--awb-typography3-font-weight);--button_typography-font-style:var(--awb-typography3-font-style);\" target=\"_blank\" rel=\"noopener noreferrer\" href=\"https:\/\/biblesociety.am\/arm\/shop\/category\/5\/%D5%84%D5%A1%D5%B6%D5%AF%D5%A1%D5%AF%D5%A1%D5%B6\"><span class=\"fusion-button-text awb-button__text awb-button__text--default\">Kinderbibel auf Armenisch<\/span><\/a><\/div><\/div><\/div><\/div><\/div><\/p>\n","protected":false},"excerpt":{"rendered":"","protected":false},"author":1,"featured_media":0,"parent":0,"menu_order":0,"comment_status":"closed","ping_status":"closed","template":"100-width.php","meta":{"footnotes":""},"class_list":["post-15912","page","type-page","status-publish","hentry"],"_links":{"self":[{"href":"https:\/\/agbw.org\/am\/wp-json\/wp\/v2\/pages\/15912","targetHints":{"allow":["GET"]}}],"collection":[{"href":"https:\/\/agbw.org\/am\/wp-json\/wp\/v2\/pages"}],"about":[{"href":"https:\/\/agbw.org\/am\/wp-json\/wp\/v2\/types\/page"}],"author":[{"embeddable":true,"href":"https:\/\/agbw.org\/am\/wp-json\/wp\/v2\/users\/1"}],"replies":[{"embeddable":true,"href":"https:\/\/agbw.org\/am\/wp-json\/wp\/v2\/comments?post=15912"}],"version-history":[{"count":0,"href":"https:\/\/agbw.org\/am\/wp-json\/wp\/v2\/pages\/15912\/revisions"}],"wp:attachment":[{"href":"https:\/\/agbw.org\/am\/wp-json\/wp\/v2\/media?parent=15912"}],"curies":[{"name":"wp","href":"https:\/\/api.w.org\/{rel}","templated":true}]}}