{"id":5221,"date":"2020-07-04T19:11:15","date_gmt":"2020-07-04T17:11:15","guid":{"rendered":"https:\/\/dakd.de\/?page_id=5221"},"modified":"2021-04-21T10:12:42","modified_gmt":"2021-04-21T08:12:42","slug":"wichtige-links","status":"publish","type":"page","link":"https:\/\/agbw.org\/am\/wichtige-links\/","title":{"rendered":"Wichtige Links"},"content":{"rendered":"<p><div class=\"fusion-fullwidth fullwidth-box fusion-builder-row-1 fusion-flex-container nonhundred-percent-fullwidth non-hundred-percent-height-scrolling\" style=\"--awb-border-radius-top-left:0px;--awb-border-radius-top-right:0px;--awb-border-radius-bottom-right:0px;--awb-border-radius-bottom-left:0px;--awb-padding-top:40px;--awb-padding-bottom:60px;--awb-flex-wrap:wrap;\" ><div class=\"fusion-builder-row fusion-row fusion-flex-align-items-flex-start fusion-flex-content-wrap\" style=\"max-width:1248px;margin-left: calc(-4% \/ 2 );margin-right: calc(-4% \/ 2 );\"><div class=\"fusion-layout-column fusion_builder_column fusion-builder-column-0 fusion_builder_column_1_1 1_1 fusion-flex-column\" style=\"--awb-padding-bottom:44px;--awb-bg-size:cover;--awb-width-large:100%;--awb-margin-top-large:0px;--awb-spacing-right-large:1.92%;--awb-margin-bottom-large:20px;--awb-spacing-left-large:1.92%;--awb-width-medium:100%;--awb-spacing-right-medium:1.92%;--awb-spacing-left-medium:1.92%;--awb-width-small:100%;--awb-spacing-right-small:1.92%;--awb-spacing-left-small:1.92%;\"><div class=\"fusion-column-wrapper fusion-flex-justify-content-flex-start fusion-content-layout-column\"><div class=\"fusion-title title fusion-title-1 fusion-sep-none fusion-title-center fusion-title-text fusion-title-size-two\" style=\"--awb-margin-bottom:30px;--awb-margin-top-small:10px;--awb-margin-right-small:0px;--awb-margin-bottom-small:10px;--awb-margin-left-small:0px;\"><h2 class=\"fusion-title-heading title-heading-center fusion-responsive-typography-calculated\" style=\"margin:0;--fontSize:28;line-height:1.2;\">Gemeinden der Armenischen Kirche in Deutschland<\/h2><\/div><\/div><\/div><div class=\"fusion-layout-column fusion_builder_column fusion-builder-column-1 fusion_builder_column_1_2 1_2 fusion-flex-column\" style=\"--awb-bg-size:cover;--awb-width-large:50%;--awb-margin-top-large:0px;--awb-spacing-right-large:3.84%;--awb-margin-bottom-large:20px;--awb-spacing-left-large:3.84%;--awb-width-medium:100%;--awb-spacing-right-medium:1.92%;--awb-spacing-left-medium:1.92%;--awb-width-small:100%;--awb-spacing-right-small:1.92%;--awb-spacing-left-small:1.92%;\"><div class=\"fusion-column-wrapper fusion-flex-justify-content-flex-start fusion-content-layout-column\"><div class=\"accordian fusion-accordian\" style=\"--awb-border-size:1px;--awb-icon-size:16px;--awb-content-font-size:18px;--awb-icon-alignment:left;--awb-hover-color:#f9f9fb;--awb-border-color:#e2e2e2;--awb-background-color:#ffffff;--awb-divider-color:#ffac00;--awb-divider-hover-color:#ffac00;--awb-icon-color:#ffffff;--awb-title-color:#0f4c81;--awb-content-color:#424242;--awb-icon-box-color:#212934;--awb-toggle-hover-accent-color:#ffa500;--awb-title-font-family:&quot;Zilla Slab&quot;;--awb-title-font-weight:400;--awb-title-font-style:normal;--awb-title-font-size:28px;--awb-content-font-family:&quot;Poppins&quot;;--awb-content-font-style:normal;--awb-content-font-weight:400;\"><div class=\"panel-group fusion-toggle-icon-boxed\" id=\"accordion-5221-1\"><div class=\"fusion-panel panel-default panel-f9dd6e96f702fc613 fusion-toggle-has-divider\"><div class=\"panel-heading\"><h4 class=\"panel-title toggle\" id=\"toggle_f9dd6e96f702fc613\"><a aria-expanded=\"false\" aria-controls=\"f9dd6e96f702fc613\" role=\"button\" data-toggle=\"collapse\" data-target=\"#f9dd6e96f702fc613\" href=\"#f9dd6e96f702fc613\"><span class=\"fusion-toggle-icon-wrapper\" aria-hidden=\"true\"><i class=\"fa-fusion-box active-icon awb-icon-minus\" aria-hidden=\"true\"><\/i><i class=\"fa-fusion-box inactive-icon awb-icon-plus\" aria-hidden=\"true\"><\/i><\/span><span class=\"fusion-toggle-heading\">Armenische Gemeinde Baden-W\u00fcrttemberg e.V.<\/span><\/a><\/h4><\/div><div id=\"f9dd6e96f702fc613\" class=\"panel-collapse collapse\" aria-labelledby=\"toggle_f9dd6e96f702fc613\"><div class=\"panel-body toggle-content fusion-clearfix\">\n<div class=\"panel-heading\">\n<p class=\"panel-title toggle fusion-responsive-typography-calculated\" data-fontsize=\"16\" data-lineheight=\"22.08px\"><strong>Armenische Hl. Kreuz Kirche<br \/>\n<\/strong><a href=\"https:\/\/goo.gl\/maps\/8TkvoDD3oWhnYfoGA\" target=\"_blank\" rel=\"noopener noreferrer\">Lerchenberger Str. 48, 73035 G\u00d6PPINGEN<\/a><\/p>\n<\/div>\n<div id=\"fee63203ca7a05b2b\" class=\"panel-collapse collapse in\">\n<div class=\"panel-body toggle-content fusion-clearfix\">\n<p><strong>Pfarrb\u00fcro &amp; Post:<br \/>\nArmenische Gemeinde Baden-W\u00fcrttemberg e.V.<br \/>\n<\/strong>Lerchenbergerstra\u00dfe 52, 73035 G\u00f6ppingen<br \/>\nTel.: 07161\/8084717; Fax: 07161\/8084709<br \/>\nE-Mail: bw (at) dakd.de, info (at) agbw.org<br \/>\n<a href=\"http:\/\/agbw.org\/am\/\">www.agbw.org<\/a><\/p>\n<\/div>\n<\/div>\n<\/div><\/div><\/div><div class=\"fusion-panel panel-default panel-95105e99a1782bee0 fusion-toggle-has-divider\"><div class=\"panel-heading\"><h4 class=\"panel-title toggle\" id=\"toggle_95105e99a1782bee0\"><a aria-expanded=\"false\" aria-controls=\"95105e99a1782bee0\" role=\"button\" data-toggle=\"collapse\" data-target=\"#95105e99a1782bee0\" href=\"#95105e99a1782bee0\"><span class=\"fusion-toggle-icon-wrapper\" aria-hidden=\"true\"><i class=\"fa-fusion-box active-icon awb-icon-minus\" aria-hidden=\"true\"><\/i><i class=\"fa-fusion-box inactive-icon awb-icon-plus\" aria-hidden=\"true\"><\/i><\/span><span class=\"fusion-toggle-heading\">Armenische Gemeinde Bielefeld e.V.<\/span><\/a><\/h4><\/div><div id=\"95105e99a1782bee0\" class=\"panel-collapse collapse\" aria-labelledby=\"toggle_95105e99a1782bee0\"><div class=\"panel-body toggle-content fusion-clearfix\">\n<p><strong>Kirche:\u00a0St. Bartholom\u00e4us<\/strong><br \/>\n<a href=\"https:\/\/goo.gl\/maps\/4Kk4JQi8qc3qsw419\" target=\"_blank\" rel=\"noopener noreferrer\">Wittestr. 6, 33659 BIELEFELD<\/a><\/p>\n<p><strong>Post: Armenische Gemeinde Bielefeld e.V.<br \/>\n<\/strong>c\/o Anayit Turanoglu<br \/>\nEnnigerloherstr. 50, 59302 OELDE<br \/>\nTel.: 02522\/61484; Fax: 02522\/8962036<br \/>\nE-Mail: bielefeld (at) dakd.de<br \/>\n<a href=\"http:\/\/www.armenier-bielefeld.de\/\">www.armenier-bielefeld.de<\/a><\/p>\n<\/div><\/div><\/div><div class=\"fusion-panel panel-default panel-42d914ee00244b838 fusion-toggle-has-divider\"><div class=\"panel-heading\"><h4 class=\"panel-title toggle\" id=\"toggle_42d914ee00244b838\"><a aria-expanded=\"false\" aria-controls=\"42d914ee00244b838\" role=\"button\" data-toggle=\"collapse\" data-target=\"#42d914ee00244b838\" href=\"#42d914ee00244b838\"><span class=\"fusion-toggle-icon-wrapper\" aria-hidden=\"true\"><i class=\"fa-fusion-box active-icon awb-icon-minus\" aria-hidden=\"true\"><\/i><i class=\"fa-fusion-box inactive-icon awb-icon-plus\" aria-hidden=\"true\"><\/i><\/span><span class=\"fusion-toggle-heading\">Armenische Gemeinde Braunschweig e.V.<\/span><\/a><\/h4><\/div><div id=\"42d914ee00244b838\" class=\"panel-collapse collapse\" aria-labelledby=\"toggle_42d914ee00244b838\"><div class=\"panel-body toggle-content fusion-clearfix\">\n<p><strong>Kirche:<\/strong>\u00a0<strong>St. Michaelis<\/strong><br \/>\n<a href=\"https:\/\/goo.gl\/maps\/6ShTFys2fQJzWsrLA\" target=\"_blank\" rel=\"noopener noreferrer\">Echternstr. 12, 38100 BRAUNSCHWEIG<\/a><\/p>\n<p><strong>Post:<\/strong> <strong>Armenische Gemeinde Braunschweig e.V.<\/strong><br \/>\nc\/o Herrn Ohannes KALUSTIAN<br \/>\nIm Emmerfeld 31, 38122 BRAUNSCHWEIG<br \/>\nTel.: 0531\/85137<br \/>\nE-Mail: bs (at) dakd.de<\/p>\n<\/div><\/div><\/div><div class=\"fusion-panel panel-default panel-abaa118cc18711ea8 fusion-toggle-has-divider\"><div class=\"panel-heading\"><h4 class=\"panel-title toggle\" id=\"toggle_abaa118cc18711ea8\"><a aria-expanded=\"false\" aria-controls=\"abaa118cc18711ea8\" role=\"button\" data-toggle=\"collapse\" data-target=\"#abaa118cc18711ea8\" href=\"#abaa118cc18711ea8\"><span class=\"fusion-toggle-icon-wrapper\" aria-hidden=\"true\"><i class=\"fa-fusion-box active-icon awb-icon-minus\" aria-hidden=\"true\"><\/i><i class=\"fa-fusion-box inactive-icon awb-icon-plus\" aria-hidden=\"true\"><\/i><\/span><span class=\"fusion-toggle-heading\">Armenische Gemeinde Bremen e.V.<\/span><\/a><\/h4><\/div><div id=\"abaa118cc18711ea8\" class=\"panel-collapse collapse\" aria-labelledby=\"toggle_abaa118cc18711ea8\"><div class=\"panel-body toggle-content fusion-clearfix\">\n<p><strong>Kirche<\/strong>: <strong>St. Pius Kirche<\/strong><br \/>\n<a href=\"https:\/\/goo.gl\/maps\/5RVXVefwfXyM4aSW6\" target=\"_blank\" rel=\"noopener noreferrer\">Willakedamm 6, 28259 BREMEN<\/a><\/p>\n<p><strong>Post:<\/strong> <strong>Armenische Gemeinde Bremen e.V.<\/strong><br \/>\nKirchhuchtinger Landstra\u00dfe 137, 28259 BREMEN<br \/>\nTel.: 0421\/84001871<br \/>\nE-Mail: bremen (at) dakd.de<\/p>\n<\/div><\/div><\/div><div class=\"fusion-panel panel-default panel-dc5d4e9b2889887f2 fusion-toggle-has-divider\"><div class=\"panel-heading\"><h4 class=\"panel-title toggle\" id=\"toggle_dc5d4e9b2889887f2\"><a aria-expanded=\"false\" aria-controls=\"dc5d4e9b2889887f2\" role=\"button\" data-toggle=\"collapse\" data-target=\"#dc5d4e9b2889887f2\" href=\"#dc5d4e9b2889887f2\"><span class=\"fusion-toggle-icon-wrapper\" aria-hidden=\"true\"><i class=\"fa-fusion-box active-icon awb-icon-minus\" aria-hidden=\"true\"><\/i><i class=\"fa-fusion-box inactive-icon awb-icon-plus\" aria-hidden=\"true\"><\/i><\/span><span class=\"fusion-toggle-heading\">Armenische Gemeinde im Ruhrgebiet (Duisburg) e.V.<\/span><\/a><\/h4><\/div><div id=\"dc5d4e9b2889887f2\" class=\"panel-collapse collapse\" aria-labelledby=\"toggle_dc5d4e9b2889887f2\"><div class=\"panel-body toggle-content fusion-clearfix\">\n<p><strong>Post:<\/strong> <strong>Armenische Gemeinde im Ruhrgebiet (Duisburg) e.V.<\/strong><br \/>\nc\/o Herrn Matevos Davtyan<br \/>\nSchl\u00e4gelstr. 67, 46045 Oberhausen<br \/>\nTel:0157\/83454518<br \/>\nE-Mail: duisburg (at) dakd.de<\/p>\n<\/div><\/div><\/div><div class=\"fusion-panel panel-default panel-04243a263bc42bd80 fusion-toggle-has-divider\"><div class=\"panel-heading\"><h4 class=\"panel-title toggle\" id=\"toggle_04243a263bc42bd80\"><a aria-expanded=\"false\" aria-controls=\"04243a263bc42bd80\" role=\"button\" data-toggle=\"collapse\" data-target=\"#04243a263bc42bd80\" href=\"#04243a263bc42bd80\"><span class=\"fusion-toggle-icon-wrapper\" aria-hidden=\"true\"><i class=\"fa-fusion-box active-icon awb-icon-minus\" aria-hidden=\"true\"><\/i><i class=\"fa-fusion-box inactive-icon awb-icon-plus\" aria-hidden=\"true\"><\/i><\/span><span class=\"fusion-toggle-heading\">Armenische Gemeinde Gie\u00dfen e.V.<\/span><\/a><\/h4><\/div><div id=\"04243a263bc42bd80\" class=\"panel-collapse collapse\" aria-labelledby=\"toggle_04243a263bc42bd80\"><div class=\"panel-body toggle-content fusion-clearfix\">\n<p><strong>Kirche:<\/strong>\u00a0<strong>Evang. Kirche<\/strong><br \/>\n<a href=\"https:\/\/goo.gl\/maps\/ZUTLxJ6XXeXqm4G28\" target=\"_blank\" rel=\"noopener noreferrer\">Pfarrstr. 5, 35435 Wettenberg<\/a><\/p>\n<p><strong>Post:<\/strong> <strong>Armenische Gemeinde Gie\u00dfen e.V.<\/strong><br \/>\nc\/o Abraham ABRAHAMIAN<br \/>\nSchubertstr. 3, 35440 Linden<br \/>\nTel.: 06403\/71197<br \/>\nE-Mail: giessen (at) dakd.de<br \/>\n<a href=\"http:\/\/www.a-rm.de\/\">www.a-rm.de<\/a><\/p>\n<\/div><\/div><\/div><div class=\"fusion-panel panel-default panel-49811d561de369616 fusion-toggle-has-divider\"><div class=\"panel-heading\"><h4 class=\"panel-title toggle\" id=\"toggle_49811d561de369616\"><a aria-expanded=\"false\" aria-controls=\"49811d561de369616\" role=\"button\" data-toggle=\"collapse\" data-target=\"#49811d561de369616\" href=\"#49811d561de369616\"><span class=\"fusion-toggle-icon-wrapper\" aria-hidden=\"true\"><i class=\"fa-fusion-box active-icon awb-icon-minus\" aria-hidden=\"true\"><\/i><i class=\"fa-fusion-box inactive-icon awb-icon-plus\" aria-hidden=\"true\"><\/i><\/span><span class=\"fusion-toggle-heading\">Armenische Gemeinde Hessen (Hanau) e.V.<\/span><\/a><\/h4><\/div><div id=\"49811d561de369616\" class=\"panel-collapse collapse\" aria-labelledby=\"toggle_49811d561de369616\"><div class=\"panel-body toggle-content fusion-clearfix\">\n<p><strong>Kirche<\/strong>: <strong>Wall.-Niederl. Kirche<\/strong><br \/>\n<a href=\"https:\/\/goo.gl\/maps\/C6ZThJbViAQ7DhAm8\" target=\"_blank\" rel=\"noopener noreferrer\">Franz\u00f6siche Allee, 63450 HANAU<\/a><\/p>\n<p><strong>Pfarrb\u00fcro &amp; Post:<\/strong><br \/>\n<strong>Armenische Gemeinde Hessen e.V.<\/strong><br \/>\nLangstr. 96-98, 63450 Hanau<br \/>\nE-Mail: hanau (at) dakd.de<br \/>\nwww.a-rm.de<\/p>\n<\/div><\/div><\/div><div class=\"fusion-panel panel-default panel-7a7ba6709d75ecfa2 fusion-toggle-has-divider\"><div class=\"panel-heading\"><h4 class=\"panel-title toggle\" id=\"toggle_7a7ba6709d75ecfa2\"><a aria-expanded=\"false\" aria-controls=\"7a7ba6709d75ecfa2\" role=\"button\" data-toggle=\"collapse\" data-target=\"#7a7ba6709d75ecfa2\" href=\"#7a7ba6709d75ecfa2\"><span class=\"fusion-toggle-icon-wrapper\" aria-hidden=\"true\"><i class=\"fa-fusion-box active-icon awb-icon-minus\" aria-hidden=\"true\"><\/i><i class=\"fa-fusion-box inactive-icon awb-icon-plus\" aria-hidden=\"true\"><\/i><\/span><span class=\"fusion-toggle-heading\">Armenische Gemeinde Kehl e.V.<\/span><\/a><\/h4><\/div><div id=\"7a7ba6709d75ecfa2\" class=\"panel-collapse collapse\" aria-labelledby=\"toggle_7a7ba6709d75ecfa2\"><div class=\"panel-body toggle-content fusion-clearfix\">\n<p><strong>Kirche<\/strong>: <strong>St. Maria-Kirche<\/strong><br \/>\n<a href=\"https:\/\/goo.gl\/maps\/nNgRg3xs2EzPToXM6\" target=\"_blank\" rel=\"noopener noreferrer\">Heidenstra\u00dfe 1, 77694 KEHL<\/a><\/p>\n<p><strong>Post:<\/strong> <strong>Armenische Gemeinde Kehl e.V.<\/strong><br \/>\nPostfach 1126, 77621 KEHL<br \/>\nTel.: 07851\/72821<br \/>\nE-Mail: kehl (at) dakd.de<\/p>\n<\/div><\/div><\/div><\/div><\/div><\/div><\/div><div class=\"fusion-layout-column fusion_builder_column fusion-builder-column-2 fusion_builder_column_1_2 1_2 fusion-flex-column\" style=\"--awb-bg-size:cover;--awb-width-large:50%;--awb-margin-top-large:0px;--awb-spacing-right-large:3.84%;--awb-margin-bottom-large:20px;--awb-spacing-left-large:3.84%;--awb-width-medium:100%;--awb-spacing-right-medium:1.92%;--awb-spacing-left-medium:1.92%;--awb-width-small:100%;--awb-spacing-right-small:1.92%;--awb-spacing-left-small:1.92%;\"><div class=\"fusion-column-wrapper fusion-flex-justify-content-flex-start fusion-content-layout-column\"><div class=\"accordian fusion-accordian\" style=\"--awb-border-size:1px;--awb-icon-size:16px;--awb-content-font-size:18px;--awb-icon-alignment:left;--awb-hover-color:#f9f9fb;--awb-border-color:#e2e2e2;--awb-background-color:#ffffff;--awb-divider-color:#ffac00;--awb-divider-hover-color:#ffac00;--awb-icon-color:#ffffff;--awb-title-color:#0f4c81;--awb-content-color:#424242;--awb-icon-box-color:#212934;--awb-toggle-hover-accent-color:#ffa500;--awb-title-font-family:&quot;Zilla Slab&quot;;--awb-title-font-weight:400;--awb-title-font-style:normal;--awb-title-font-size:28px;--awb-content-font-family:&quot;Poppins&quot;;--awb-content-font-style:normal;--awb-content-font-weight:400;\"><div class=\"panel-group fusion-toggle-icon-boxed\" id=\"accordion-5221-2\"><div class=\"fusion-panel panel-default panel-c9f60da3b2dffbfc8 fusion-toggle-has-divider\"><div class=\"panel-heading\"><h4 class=\"panel-title toggle\" id=\"toggle_c9f60da3b2dffbfc8\"><a aria-expanded=\"false\" aria-controls=\"c9f60da3b2dffbfc8\" role=\"button\" data-toggle=\"collapse\" data-target=\"#c9f60da3b2dffbfc8\" href=\"#c9f60da3b2dffbfc8\"><span class=\"fusion-toggle-icon-wrapper\" aria-hidden=\"true\"><i class=\"fa-fusion-box active-icon awb-icon-minus\" aria-hidden=\"true\"><\/i><i class=\"fa-fusion-box inactive-icon awb-icon-plus\" aria-hidden=\"true\"><\/i><\/span><span class=\"fusion-toggle-heading\">Armenische Gemeinde K\u00f6ln e.V.<\/span><\/a><\/h4><\/div><div id=\"c9f60da3b2dffbfc8\" class=\"panel-collapse collapse\" aria-labelledby=\"toggle_c9f60da3b2dffbfc8\"><div class=\"panel-body toggle-content fusion-clearfix\">\n<p><strong>Armenische Kirche Surp Sahag-Mesrop<br \/>\n<\/strong><a href=\"https:\/\/goo.gl\/maps\/S6UomZyVwYovpBjq5\" target=\"_blank\" rel=\"noopener noreferrer\">Allensteinerstr. 5, 50735 K\u00d6LN<\/a><\/p>\n<p><strong>Post:<\/strong> <strong>Armenische Gemeinde K\u00f6ln e.V.<\/strong><br \/>\nAllensteiner Str. 5, 50735 K\u00d6LN<br \/>\nTel.: 0221\/32018950<br \/>\nE-Mail: koeln (at) dakd.de<br \/>\n<a href=\"http:\/\/armenischegemeindekoeln.de\/\">www.armenischegemeindekoeln.de<\/a><\/p>\n<\/div><\/div><\/div><div class=\"fusion-panel panel-default panel-18a6a11dd318a1776 fusion-toggle-has-divider\"><div class=\"panel-heading\"><h4 class=\"panel-title toggle\" id=\"toggle_18a6a11dd318a1776\"><a aria-expanded=\"false\" aria-controls=\"18a6a11dd318a1776\" role=\"button\" data-toggle=\"collapse\" data-target=\"#18a6a11dd318a1776\" href=\"#18a6a11dd318a1776\"><span class=\"fusion-toggle-icon-wrapper\" aria-hidden=\"true\"><i class=\"fa-fusion-box active-icon awb-icon-minus\" aria-hidden=\"true\"><\/i><i class=\"fa-fusion-box inactive-icon awb-icon-plus\" aria-hidden=\"true\"><\/i><\/span><span class=\"fusion-toggle-heading\">Armenische Gemeinde Mainz e.V.<\/span><\/a><\/h4><\/div><div id=\"18a6a11dd318a1776\" class=\"panel-collapse collapse\" aria-labelledby=\"toggle_18a6a11dd318a1776\"><div class=\"panel-body toggle-content fusion-clearfix\">\n<p><strong>Kirche:<\/strong>\u00a0<strong>Altm\u00fcnsterkirche<\/strong><br \/>\n<a href=\"https:\/\/goo.gl\/maps\/zVsyxpj5Q9f266Za9\" target=\"_blank\" rel=\"noopener noreferrer\">M\u00fcnsterstr. 25, 55116 MAINZ<\/a><\/p>\n<p><strong>Post:<\/strong> <strong>Armenische Gemeinde Mainz e.V.<\/strong><br \/>\nc\/o Herrn Zaven ASA<br \/>\nGoldbrunnengasse 7-9, 55116 Mainz<br \/>\nTel.: 0176\/3 254 53 05<br \/>\nE-Mail: mainz (at) dakd.de<br \/>\nwww.a-rm.de<\/p>\n<\/div><\/div><\/div><div class=\"fusion-panel panel-default panel-9819c880d045095d4 fusion-toggle-has-divider\"><div class=\"panel-heading\"><h4 class=\"panel-title toggle\" id=\"toggle_9819c880d045095d4\"><a aria-expanded=\"false\" aria-controls=\"9819c880d045095d4\" role=\"button\" data-toggle=\"collapse\" data-target=\"#9819c880d045095d4\" href=\"#9819c880d045095d4\"><span class=\"fusion-toggle-icon-wrapper\" aria-hidden=\"true\"><i class=\"fa-fusion-box active-icon awb-icon-minus\" aria-hidden=\"true\"><\/i><i class=\"fa-fusion-box inactive-icon awb-icon-plus\" aria-hidden=\"true\"><\/i><\/span><span class=\"fusion-toggle-heading\">Armenische Gemeinde M\u00fcnchen e.V.<\/span><\/a><\/h4><\/div><div id=\"9819c880d045095d4\" class=\"panel-collapse collapse\" aria-labelledby=\"toggle_9819c880d045095d4\"><div class=\"panel-body toggle-content fusion-clearfix\">\n<p><strong>Kirche:<\/strong>\u00a0<strong>St. Anna<\/strong><br \/>\n<a href=\"https:\/\/goo.gl\/maps\/NYMJigT1Q6Tbdsuq7\" target=\"_blank\" rel=\"noopener noreferrer\">Damenstiftstr. 1, 80331 M\u00dcNCHEN<\/a><\/p>\n<p><strong>Post: Armenische Gemeinde M\u00fcnchen e.V.<br \/>\n<\/strong>c\/o Frau Silva GHOKAS<br \/>\nIchardinger Str. 45, 81671 M\u00fcnchen<br \/>\nTel.: 089\/68008180<br \/>\nE-Mail: muenchen (at) dakd.de<\/p>\n<\/div><\/div><\/div><div class=\"fusion-panel panel-default panel-3c36d519438dcf0cf fusion-toggle-has-divider\"><div class=\"panel-heading\"><h4 class=\"panel-title toggle\" id=\"toggle_3c36d519438dcf0cf\"><a aria-expanded=\"false\" aria-controls=\"3c36d519438dcf0cf\" role=\"button\" data-toggle=\"collapse\" data-target=\"#3c36d519438dcf0cf\" href=\"#3c36d519438dcf0cf\"><span class=\"fusion-toggle-icon-wrapper\" aria-hidden=\"true\"><i class=\"fa-fusion-box active-icon awb-icon-minus\" aria-hidden=\"true\"><\/i><i class=\"fa-fusion-box inactive-icon awb-icon-plus\" aria-hidden=\"true\"><\/i><\/span><span class=\"fusion-toggle-heading\">Armenische Gemeinde Neuwied e.V.<\/span><\/a><\/h4><\/div><div id=\"3c36d519438dcf0cf\" class=\"panel-collapse collapse\" aria-labelledby=\"toggle_3c36d519438dcf0cf\"><div class=\"panel-body toggle-content fusion-clearfix\">\n<p><strong>Kirche:<\/strong>\u00a0<strong>St. Bonifatius<\/strong><br \/>\n<a href=\"https:\/\/goo.gl\/maps\/tJ1bHz6TmBMc1iBT6\" target=\"_blank\" rel=\"noopener noreferrer\">Kurt-Schumacher-Str. 3, 56567 NEUWIED<\/a><\/p>\n<p><strong>Post:<\/strong> <strong>Armenische Gemeinde Neuwied e.V.<\/strong><br \/>\nPostfach 130206, 56534 NEUWIED<br \/>\nTel.: 02632\/934536<br \/>\nE-Mail: neuwied (at) dakd.de<\/p>\n<\/div><\/div><\/div><div class=\"fusion-panel panel-default panel-9695499005f1db678 fusion-toggle-has-divider\"><div class=\"panel-heading\"><h4 class=\"panel-title toggle\" id=\"toggle_9695499005f1db678\"><a aria-expanded=\"false\" aria-controls=\"9695499005f1db678\" role=\"button\" data-toggle=\"collapse\" data-target=\"#9695499005f1db678\" href=\"#9695499005f1db678\"><span class=\"fusion-toggle-icon-wrapper\" aria-hidden=\"true\"><i class=\"fa-fusion-box active-icon awb-icon-minus\" aria-hidden=\"true\"><\/i><i class=\"fa-fusion-box inactive-icon awb-icon-plus\" aria-hidden=\"true\"><\/i><\/span><span class=\"fusion-toggle-heading\">Armenische Gemeinde N\u00fcrnberg e.V.<\/span><\/a><\/h4><\/div><div id=\"9695499005f1db678\" class=\"panel-collapse collapse\" aria-labelledby=\"toggle_9695499005f1db678\"><div class=\"panel-body toggle-content fusion-clearfix\">\n<p><strong>Kirche:<\/strong>\u00a0<strong>Christuskirche<\/strong><br \/>\n<a href=\"https:\/\/goo.gl\/maps\/QSR18zhEPCLyNaPZ7\" target=\"_blank\" rel=\"noopener noreferrer\">Siemensplatz 2, 90443 N\u00dcRNBERG<\/a><\/p>\n<p><strong>Post:<\/strong> <strong>Armenische Gemeinde N\u00fcrnberg e.V.<\/strong><br \/>\nc\/o Frau Dr. Margaret ASSOIAN-LINK<br \/>\nAm Vogelherd 2, 91080 UTTENREUTH<br \/>\nTel.: 09131\/54429, Fax: 09131\/54677<br \/>\nE-Mail: nuernberg (at) dakd.de<br \/>\n<a href=\"https:\/\/www.armenier-nuernberg.de\/\">www.armenier-nuernberg.de<\/a><\/p>\n<\/div><\/div><\/div><div class=\"fusion-panel panel-default panel-b569bf979ff0b907f fusion-toggle-has-divider\"><div class=\"panel-heading\"><h4 class=\"panel-title toggle\" id=\"toggle_b569bf979ff0b907f\"><a aria-expanded=\"false\" aria-controls=\"b569bf979ff0b907f\" role=\"button\" data-toggle=\"collapse\" data-target=\"#b569bf979ff0b907f\" href=\"#b569bf979ff0b907f\"><span class=\"fusion-toggle-icon-wrapper\" aria-hidden=\"true\"><i class=\"fa-fusion-box active-icon awb-icon-minus\" aria-hidden=\"true\"><\/i><i class=\"fa-fusion-box inactive-icon awb-icon-plus\" aria-hidden=\"true\"><\/i><\/span><span class=\"fusion-toggle-heading\">Armenische Gemeinde Sachsen-Anhalt e.V.<\/span><\/a><\/h4><\/div><div id=\"b569bf979ff0b907f\" class=\"panel-collapse collapse\" aria-labelledby=\"toggle_b569bf979ff0b907f\"><div class=\"panel-body toggle-content fusion-clearfix\">\n<p><strong>Armenische Kirche Sb. Harutyun<br \/>\n<\/strong><a href=\"https:\/\/goo.gl\/maps\/DiF74im5WAmqCDDZ8\" target=\"_blank\" rel=\"noopener noreferrer\">Alfred-Reinhardt-Str. 8, 06132 HALLE\/SAALE<\/a><\/p>\n<p><strong>Post:<\/strong> <strong>Armenische Gemeinde Sachsen-Anhalt e.V.<\/strong><br \/>\nAlfred-Reinhardt-Str. 8, 06132 HALLE\/SAALE<br \/>\nTel.: 0345\/5163022; Fax: 0345\/5163024<br \/>\nE-Mail: halle (at) dakd.de<\/p>\n<\/div><\/div><\/div><div class=\"fusion-panel panel-default panel-7f6ffe94d951890f1 fusion-toggle-has-divider\"><div class=\"panel-heading\"><h4 class=\"panel-title toggle\" id=\"toggle_7f6ffe94d951890f1\"><a aria-expanded=\"false\" aria-controls=\"7f6ffe94d951890f1\" role=\"button\" data-toggle=\"collapse\" data-target=\"#7f6ffe94d951890f1\" href=\"#7f6ffe94d951890f1\"><span class=\"fusion-toggle-icon-wrapper\" aria-hidden=\"true\"><i class=\"fa-fusion-box active-icon awb-icon-minus\" aria-hidden=\"true\"><\/i><i class=\"fa-fusion-box inactive-icon awb-icon-plus\" aria-hidden=\"true\"><\/i><\/span><span class=\"fusion-toggle-heading\">Armenische Kirchen- und Kulturgemeinde Berlin e.V.<\/span><\/a><\/h4><\/div><div id=\"7f6ffe94d951890f1\" class=\"panel-collapse collapse\" aria-labelledby=\"toggle_7f6ffe94d951890f1\"><div class=\"panel-body toggle-content fusion-clearfix\">\n<p><strong>Kirche:<\/strong>\u00a0<strong>Luisenkirche<\/strong><br \/>\n<a href=\"https:\/\/goo.gl\/maps\/qPzPD9bemjmfS2Yy5\" target=\"_blank\" rel=\"noopener noreferrer\">Gierkeplatz 4, 10585 BERLIN-CHARLOT<\/a><\/p>\n<p><strong>Post:<\/strong> <strong>Armenische Kirchen- und Kulturgemeinde Berlin e.V.<\/strong><br \/>\nBehaimstr. 22, 10585 BERLIN<br \/>\nTel.: 030\/34508607\/8; Fax: 030\/34508609<br \/>\nE-Mail: berlin (at) dakd.de<br \/>\nwww.armenierberlin.de<\/p>\n<\/div><\/div><\/div><\/div><\/div><\/div><\/div><\/div><\/div>\n<div class=\"fusion-fullwidth fullwidth-box fusion-builder-row-2 fusion-flex-container nonhundred-percent-fullwidth non-hundred-percent-height-scrolling\" style=\"--awb-border-radius-top-left:0px;--awb-border-radius-top-right:0px;--awb-border-radius-bottom-right:0px;--awb-border-radius-bottom-left:0px;--awb-padding-top:30px;--awb-padding-bottom:60px;--awb-flex-wrap:wrap;\" ><div class=\"fusion-builder-row fusion-row fusion-flex-align-items-flex-start fusion-flex-content-wrap\" style=\"max-width:1248px;margin-left: calc(-4% \/ 2 );margin-right: calc(-4% \/ 2 );\"><div class=\"fusion-layout-column fusion_builder_column fusion-builder-column-3 fusion_builder_column_1_1 1_1 fusion-flex-column\" style=\"--awb-bg-size:cover;--awb-width-large:100%;--awb-margin-top-large:0px;--awb-spacing-right-large:1.92%;--awb-margin-bottom-large:20px;--awb-spacing-left-large:1.92%;--awb-width-medium:100%;--awb-spacing-right-medium:1.92%;--awb-spacing-left-medium:1.92%;--awb-width-small:100%;--awb-spacing-right-small:1.92%;--awb-spacing-left-small:1.92%;\"><div class=\"fusion-column-wrapper fusion-column-has-shadow fusion-flex-justify-content-flex-start fusion-content-layout-column\"><div class=\"fusion-title title fusion-title-2 fusion-sep-none fusion-title-center fusion-title-text fusion-title-size-two\" style=\"--awb-margin-bottom:30px;--awb-margin-top-small:10px;--awb-margin-right-small:0px;--awb-margin-bottom-small:10px;--awb-margin-left-small:0px;\"><h2 class=\"fusion-title-heading title-heading-center fusion-responsive-typography-calculated\" style=\"margin:0;--fontSize:28;line-height:1.2;\">Diplomatische Vertretungen<\/h2><\/div><\/div><\/div><div class=\"fusion-layout-column fusion_builder_column fusion-builder-column-4 fusion_builder_column_1_2 1_2 fusion-flex-column\" style=\"--awb-bg-size:cover;--awb-width-large:50%;--awb-margin-top-large:0px;--awb-spacing-right-large:3.84%;--awb-margin-bottom-large:20px;--awb-spacing-left-large:3.84%;--awb-width-medium:100%;--awb-spacing-right-medium:1.92%;--awb-spacing-left-medium:1.92%;--awb-width-small:100%;--awb-spacing-right-small:1.92%;--awb-spacing-left-small:1.92%;\"><div class=\"fusion-column-wrapper fusion-column-has-shadow fusion-flex-justify-content-flex-start fusion-content-layout-column\"><div class=\"accordian fusion-accordian\" style=\"--awb-border-size:1px;--awb-icon-size:16px;--awb-content-font-size:18px;--awb-icon-alignment:left;--awb-hover-color:#f9f9fb;--awb-border-color:#e2e2e2;--awb-background-color:#ffffff;--awb-divider-color:#ffac00;--awb-divider-hover-color:#ffac00;--awb-icon-color:#ffffff;--awb-title-color:#0f4c81;--awb-content-color:#424242;--awb-icon-box-color:#212934;--awb-toggle-hover-accent-color:#ffa500;--awb-title-font-family:&quot;Zilla Slab&quot;;--awb-title-font-weight:400;--awb-title-font-style:normal;--awb-title-font-size:28px;--awb-content-font-family:&quot;Poppins&quot;;--awb-content-font-style:normal;--awb-content-font-weight:400;\"><div class=\"panel-group fusion-toggle-icon-boxed\" id=\"accordion-5221-3\"><div class=\"fusion-panel panel-default panel-f5b40ef58ac1e6bed fusion-toggle-has-divider\"><div class=\"panel-heading\"><h4 class=\"panel-title toggle\" id=\"toggle_f5b40ef58ac1e6bed\"><a aria-expanded=\"false\" aria-controls=\"f5b40ef58ac1e6bed\" role=\"button\" data-toggle=\"collapse\" data-target=\"#f5b40ef58ac1e6bed\" href=\"#f5b40ef58ac1e6bed\"><span class=\"fusion-toggle-icon-wrapper\" aria-hidden=\"true\"><i class=\"fa-fusion-box active-icon awb-icon-minus\" aria-hidden=\"true\"><\/i><i class=\"fa-fusion-box inactive-icon awb-icon-plus\" aria-hidden=\"true\"><\/i><\/span><span class=\"fusion-toggle-heading\">BOTSCHAFT DER REPUBLIK ARMENIEN<\/span><\/a><\/h4><\/div><div id=\"f5b40ef58ac1e6bed\" class=\"panel-collapse collapse\" aria-labelledby=\"toggle_f5b40ef58ac1e6bed\"><div class=\"panel-body toggle-content fusion-clearfix\">\n<p>Nussbaumallee 4, 14050 BERLIN<br \/>\nTel.: 030-405091-0, Fax: 030-405091-25<br \/>\nTel. der Konsularabteilung: 030-405091-16<br \/>\nWeb: <a href=\"https:\/\/germany.mfa.am\/de\" target=\"_blank\" rel=\"noopener noreferrer\">www.germany.mfa.am\/de<\/a><br \/>\nE-Mail: armgermanyembassy (at) mfa.am<\/p>\n<\/div><\/div><\/div><div class=\"fusion-panel panel-default panel-3b3c408d009c439fb fusion-toggle-has-divider\"><div class=\"panel-heading\"><h4 class=\"panel-title toggle\" id=\"toggle_3b3c408d009c439fb\"><a aria-expanded=\"false\" aria-controls=\"3b3c408d009c439fb\" role=\"button\" data-toggle=\"collapse\" data-target=\"#3b3c408d009c439fb\" href=\"#3b3c408d009c439fb\"><span class=\"fusion-toggle-icon-wrapper\" aria-hidden=\"true\"><i class=\"fa-fusion-box active-icon awb-icon-minus\" aria-hidden=\"true\"><\/i><i class=\"fa-fusion-box inactive-icon awb-icon-plus\" aria-hidden=\"true\"><\/i><\/span><span class=\"fusion-toggle-heading\">HONORARKONSULAT IN BADEN-W\u00dcRTTEMBERG<\/span><\/a><\/h4><\/div><div id=\"3b3c408d009c439fb\" class=\"panel-collapse collapse\" aria-labelledby=\"toggle_3b3c408d009c439fb\"><div class=\"panel-body toggle-content fusion-clearfix\">\n<p>Honorarkonsul: Herr G\u00fcnter PILARSKY<br \/>\nS\u00fcdbeckenstr. 22, 76189 KARLSRUHE<br \/>\nTel.: 0721-471 78 71-182, Fax: 0721-471 78 71-188<br \/>\nWeb: <a href=\"http:\/\/www.honorarkonsulat-armenien.de\/\">www.honorarkonsulat-armenien.de<\/a><br \/>\nE-Mail: mail (at) honorarkonsulat-armenien.de<\/p>\n<\/div><\/div><\/div><div class=\"fusion-panel panel-default panel-97bbcf880c901ed7a fusion-toggle-has-divider\"><div class=\"panel-heading\"><h4 class=\"panel-title toggle\" id=\"toggle_97bbcf880c901ed7a\"><a aria-expanded=\"false\" aria-controls=\"97bbcf880c901ed7a\" role=\"button\" data-toggle=\"collapse\" data-target=\"#97bbcf880c901ed7a\" href=\"#97bbcf880c901ed7a\"><span class=\"fusion-toggle-icon-wrapper\" aria-hidden=\"true\"><i class=\"fa-fusion-box active-icon awb-icon-minus\" aria-hidden=\"true\"><\/i><i class=\"fa-fusion-box inactive-icon awb-icon-plus\" aria-hidden=\"true\"><\/i><\/span><span class=\"fusion-toggle-heading\">HONORARKONSULAT IN HESSEN<\/span><\/a><\/h4><\/div><div id=\"97bbcf880c901ed7a\" class=\"panel-collapse collapse\" aria-labelledby=\"toggle_97bbcf880c901ed7a\"><div class=\"panel-body toggle-content fusion-clearfix\">\n<p>Honorarkonsul: Herr Dr. Steven Brian FERA<br \/>\nAn der Welle 4, 60322 FRANKFURT AM MAIN<br \/>\nTel.: 069-75 93 84 47, Fax: 069-75 93 82 00<br \/>\nEmail: info\u00a0(at) armenien-honorarkonsulat-hessen.de<\/p>\n<\/div><\/div><\/div><\/div><\/div><\/div><\/div><div class=\"fusion-layout-column fusion_builder_column fusion-builder-column-5 fusion_builder_column_1_2 1_2 fusion-flex-column\" style=\"--awb-bg-size:cover;--awb-width-large:50%;--awb-margin-top-large:0px;--awb-spacing-right-large:3.84%;--awb-margin-bottom-large:20px;--awb-spacing-left-large:3.84%;--awb-width-medium:100%;--awb-spacing-right-medium:1.92%;--awb-spacing-left-medium:1.92%;--awb-width-small:100%;--awb-spacing-right-small:1.92%;--awb-spacing-left-small:1.92%;\"><div class=\"fusion-column-wrapper fusion-column-has-shadow fusion-flex-justify-content-flex-start fusion-content-layout-column\"><div class=\"accordian fusion-accordian\" style=\"--awb-border-size:1px;--awb-icon-size:16px;--awb-content-font-size:18px;--awb-icon-alignment:left;--awb-hover-color:#f9f9fb;--awb-border-color:#e2e2e2;--awb-background-color:#ffffff;--awb-divider-color:#ffac00;--awb-divider-hover-color:#ffac00;--awb-icon-color:#ffffff;--awb-title-color:#0f4c81;--awb-content-color:#424242;--awb-icon-box-color:#212934;--awb-toggle-hover-accent-color:#ffa500;--awb-title-font-family:&quot;Zilla Slab&quot;;--awb-title-font-weight:400;--awb-title-font-style:normal;--awb-title-font-size:28px;--awb-content-font-family:&quot;Poppins&quot;;--awb-content-font-style:normal;--awb-content-font-weight:400;\"><div class=\"panel-group fusion-toggle-icon-boxed\" id=\"accordion-5221-4\"><div class=\"fusion-panel panel-default panel-34fd3903616144e56 fusion-toggle-has-divider\"><div class=\"panel-heading\"><h4 class=\"panel-title toggle\" id=\"toggle_34fd3903616144e56\"><a aria-expanded=\"false\" aria-controls=\"34fd3903616144e56\" role=\"button\" data-toggle=\"collapse\" data-target=\"#34fd3903616144e56\" href=\"#34fd3903616144e56\"><span class=\"fusion-toggle-icon-wrapper\" aria-hidden=\"true\"><i class=\"fa-fusion-box active-icon awb-icon-minus\" aria-hidden=\"true\"><\/i><i class=\"fa-fusion-box inactive-icon awb-icon-plus\" aria-hidden=\"true\"><\/i><\/span><span class=\"fusion-toggle-heading\">HONORARKONSULAT IN SACHSEN-ANHALT<\/span><\/a><\/h4><\/div><div id=\"34fd3903616144e56\" class=\"panel-collapse collapse\" aria-labelledby=\"toggle_34fd3903616144e56\"><div class=\"panel-body toggle-content fusion-clearfix\">\n<p>Honorarkonsul: Herr Michael SCHMIDT<br \/>\nc\/o DEHOGA Sachsen-Anhalt<br \/>\nStieglitzweg 27, 39110 Magdeburg<br \/>\nTel.: 0391-56 39 06 06<\/p>\n<\/div><\/div><\/div><div class=\"fusion-panel panel-default panel-ec49a1964cd2db1f4 fusion-toggle-has-divider\"><div class=\"panel-heading\"><h4 class=\"panel-title toggle\" id=\"toggle_ec49a1964cd2db1f4\"><a aria-expanded=\"false\" aria-controls=\"ec49a1964cd2db1f4\" role=\"button\" data-toggle=\"collapse\" data-target=\"#ec49a1964cd2db1f4\" href=\"#ec49a1964cd2db1f4\"><span class=\"fusion-toggle-icon-wrapper\" aria-hidden=\"true\"><i class=\"fa-fusion-box active-icon awb-icon-minus\" aria-hidden=\"true\"><\/i><i class=\"fa-fusion-box inactive-icon awb-icon-plus\" aria-hidden=\"true\"><\/i><\/span><span class=\"fusion-toggle-heading\">HONORARKONSULAT IN BAYERN<\/span><\/a><\/h4><\/div><div id=\"ec49a1964cd2db1f4\" class=\"panel-collapse collapse\" aria-labelledby=\"toggle_ec49a1964cd2db1f4\"><div class=\"panel-body toggle-content fusion-clearfix\">\n<p>Honorarkonsulin: Frau Dr. Christine SASSE<br \/>\nWestpark 1, 81373 M\u00dcNCHEN<br \/>\nTel: 089-21 21 13 17, Fax: 089-21 21 13 49<br \/>\nE-Mail: info\u00a0(at) armenien-honorarkonsulat-bayern.de<\/p>\n<\/div><\/div><\/div><div class=\"fusion-panel panel-default panel-5e9a58cb45184b149 fusion-toggle-has-divider\"><div class=\"panel-heading\"><h4 class=\"panel-title toggle\" id=\"toggle_5e9a58cb45184b149\"><a aria-expanded=\"false\" aria-controls=\"5e9a58cb45184b149\" role=\"button\" data-toggle=\"collapse\" data-target=\"#5e9a58cb45184b149\" href=\"#5e9a58cb45184b149\"><span class=\"fusion-toggle-icon-wrapper\" aria-hidden=\"true\"><i class=\"fa-fusion-box active-icon awb-icon-minus\" aria-hidden=\"true\"><\/i><i class=\"fa-fusion-box inactive-icon awb-icon-plus\" aria-hidden=\"true\"><\/i><\/span><span class=\"fusion-toggle-heading\">HONORARKONSULAT IN HAMBURG <\/span><\/a><\/h4><\/div><div id=\"5e9a58cb45184b149\" class=\"panel-collapse collapse\" aria-labelledby=\"toggle_5e9a58cb45184b149\"><div class=\"panel-body toggle-content fusion-clearfix\">\n<p>Honorarkonsul:\u00a0Herr Heiko HECHT<br \/>\nNeuer Wall 71, 20354 HAMBURG<br \/>\nTel.: 040-300 6871 100, Fax: 040-300 6871 999<br \/>\nE-Mail: mail (at) konsulat-armenien-hamburg.de<\/p>\n<\/div><\/div><\/div><\/div><\/div><\/div><\/div><\/div><\/div><div class=\"fusion-fullwidth fullwidth-box fusion-builder-row-3 fusion-flex-container nonhundred-percent-fullwidth non-hundred-percent-height-scrolling\" style=\"--awb-border-radius-top-left:0px;--awb-border-radius-top-right:0px;--awb-border-radius-bottom-right:0px;--awb-border-radius-bottom-left:0px;--awb-padding-top:30px;--awb-padding-bottom:60px;--awb-flex-wrap:wrap;\" ><div class=\"fusion-builder-row fusion-row fusion-flex-align-items-flex-start fusion-flex-content-wrap\" style=\"max-width:1248px;margin-left: calc(-4% \/ 2 );margin-right: calc(-4% \/ 2 );\"><div class=\"fusion-layout-column fusion_builder_column fusion-builder-column-6 fusion_builder_column_1_1 1_1 fusion-flex-column\" style=\"--awb-bg-size:cover;--awb-width-large:100%;--awb-margin-top-large:0px;--awb-spacing-right-large:1.92%;--awb-margin-bottom-large:20px;--awb-spacing-left-large:1.92%;--awb-width-medium:100%;--awb-spacing-right-medium:1.92%;--awb-spacing-left-medium:1.92%;--awb-width-small:100%;--awb-spacing-right-small:1.92%;--awb-spacing-left-small:1.92%;\"><div class=\"fusion-column-wrapper fusion-column-has-shadow fusion-flex-justify-content-flex-start fusion-content-layout-column\"><div class=\"fusion-title title fusion-title-3 fusion-sep-none fusion-title-center fusion-title-text fusion-title-size-two\" style=\"--awb-margin-bottom:30px;--awb-margin-top-small:10px;--awb-margin-right-small:0px;--awb-margin-bottom-small:10px;--awb-margin-left-small:0px;\"><h2 class=\"fusion-title-heading title-heading-center fusion-responsive-typography-calculated\" style=\"margin:0;--fontSize:28;line-height:1.2;\">Armenische Vereine und Organisationen<\/h2><\/div><\/div><\/div><div class=\"fusion-layout-column fusion_builder_column fusion-builder-column-7 fusion_builder_column_1_2 1_2 fusion-flex-column\" style=\"--awb-bg-size:cover;--awb-width-large:50%;--awb-margin-top-large:0px;--awb-spacing-right-large:3.84%;--awb-margin-bottom-large:20px;--awb-spacing-left-large:3.84%;--awb-width-medium:100%;--awb-spacing-right-medium:1.92%;--awb-spacing-left-medium:1.92%;--awb-width-small:100%;--awb-spacing-right-small:1.92%;--awb-spacing-left-small:1.92%;\"><div class=\"fusion-column-wrapper fusion-column-has-shadow fusion-flex-justify-content-flex-start fusion-content-layout-column\"><div class=\"accordian fusion-accordian\" style=\"--awb-border-size:1px;--awb-icon-size:16px;--awb-content-font-size:18px;--awb-icon-alignment:left;--awb-hover-color:#f9f9fb;--awb-border-color:#e2e2e2;--awb-background-color:#ffffff;--awb-divider-color:#ffac00;--awb-divider-hover-color:#ffac00;--awb-icon-color:#ffffff;--awb-title-color:#0f4c81;--awb-content-color:#424242;--awb-icon-box-color:#212934;--awb-toggle-hover-accent-color:#ffa500;--awb-title-font-family:&quot;Zilla Slab&quot;;--awb-title-font-weight:400;--awb-title-font-style:normal;--awb-title-font-size:28px;--awb-content-font-family:&quot;Poppins&quot;;--awb-content-font-style:normal;--awb-content-font-weight:400;\"><div class=\"panel-group fusion-toggle-icon-boxed\" id=\"accordion-5221-5\"><div class=\"fusion-panel panel-default panel-520c51340bac9356f fusion-toggle-has-divider\"><div class=\"panel-heading\"><h4 class=\"panel-title toggle\" id=\"toggle_520c51340bac9356f\"><a aria-expanded=\"false\" aria-controls=\"520c51340bac9356f\" role=\"button\" data-toggle=\"collapse\" data-target=\"#520c51340bac9356f\" href=\"#520c51340bac9356f\"><span class=\"fusion-toggle-icon-wrapper\" aria-hidden=\"true\"><i class=\"fa-fusion-box active-icon awb-icon-minus\" aria-hidden=\"true\"><\/i><i class=\"fa-fusion-box inactive-icon awb-icon-plus\" aria-hidden=\"true\"><\/i><\/span><span class=\"fusion-toggle-heading\">ZENTRALRAT DER ARMENIER IN DEUTSCHLAND e. V.<\/span><\/a><\/h4><\/div><div id=\"520c51340bac9356f\" class=\"panel-collapse collapse\" aria-labelledby=\"toggle_520c51340bac9356f\"><div class=\"panel-body toggle-content fusion-clearfix\">\n<p>Zentralrat der Armenier<br \/>\nPostfach: 70 30 40, 60567 FRANKFURT a. M.<br \/>\nE-Mail: vorstand (at) zentralrat.org<br \/>\nWeb: www.zentralrat.org<\/p>\n<\/div><\/div><\/div><div class=\"fusion-panel panel-default panel-c9146d7d5442efb75 fusion-toggle-has-divider\"><div class=\"panel-heading\"><h4 class=\"panel-title toggle\" id=\"toggle_c9146d7d5442efb75\"><a aria-expanded=\"false\" aria-controls=\"c9146d7d5442efb75\" role=\"button\" data-toggle=\"collapse\" data-target=\"#c9146d7d5442efb75\" href=\"#c9146d7d5442efb75\"><span class=\"fusion-toggle-icon-wrapper\" aria-hidden=\"true\"><i class=\"fa-fusion-box active-icon awb-icon-minus\" aria-hidden=\"true\"><\/i><i class=\"fa-fusion-box inactive-icon awb-icon-plus\" aria-hidden=\"true\"><\/i><\/span><span class=\"fusion-toggle-heading\">ARMENIEN-FONDS HAYASTAN-FONDS e. V.<\/span><\/a><\/h4><\/div><div id=\"c9146d7d5442efb75\" class=\"panel-collapse collapse\" aria-labelledby=\"toggle_c9146d7d5442efb75\"><div class=\"panel-body toggle-content fusion-clearfix\">\n<p>Armenien-Fonds Hayastan-Fonds e.V.<br \/>\nPostfach 1102, 86382 STAGTBERGEN<br \/>\nE-Mail: vorstand (at) armenienfonds.de<br \/>\nWeb: <span style=\"color: #0000ff\"><a href=\"http:\/\/www.armenienfonds.de\/\">www.armenienfonds.de<\/a><br \/>\n<\/span><span style=\"color: #0000ff\"><br \/>\n<\/span><\/p>\n<\/div><\/div><\/div><div class=\"fusion-panel panel-default panel-3a66bb020ba76139a fusion-toggle-has-divider\"><div class=\"panel-heading\"><h4 class=\"panel-title toggle\" id=\"toggle_3a66bb020ba76139a\"><a aria-expanded=\"false\" aria-controls=\"3a66bb020ba76139a\" role=\"button\" data-toggle=\"collapse\" data-target=\"#3a66bb020ba76139a\" href=\"#3a66bb020ba76139a\"><span class=\"fusion-toggle-icon-wrapper\" aria-hidden=\"true\"><i class=\"fa-fusion-box active-icon awb-icon-minus\" aria-hidden=\"true\"><\/i><i class=\"fa-fusion-box inactive-icon awb-icon-plus\" aria-hidden=\"true\"><\/i><\/span><span class=\"fusion-toggle-heading\">DEUTSCH-ARMENISCHE GESELLSCHAFT e. V.<\/span><\/a><\/h4><\/div><div id=\"3a66bb020ba76139a\" class=\"panel-collapse collapse\" aria-labelledby=\"toggle_3a66bb020ba76139a\"><div class=\"panel-body toggle-content fusion-clearfix\">\n<p>Deutsch-Armenische Gesellschaft<br \/>\nc\/o Herrn Dr. Raffi KANTIAN<br \/>\nFerdinand-Wallbrecht-Str. 64, 30163 HANNOVER<br \/>\nTel.: 0511-624733, Fax: 0511-3941591<br \/>\nE-Mail: r.kantian (at) t-online.de<br \/>\nWeb: <a href=\"http:\/\/www.deutsch-armenische-gesellschaft.de\/\">www.deutsch-armenische-gesellschaft.de<\/a><\/p>\n<\/div><\/div><\/div><div class=\"fusion-panel panel-default panel-10d014ee5cbddfdfb fusion-toggle-has-divider\"><div class=\"panel-heading\"><h4 class=\"panel-title toggle\" id=\"toggle_10d014ee5cbddfdfb\"><a aria-expanded=\"false\" aria-controls=\"10d014ee5cbddfdfb\" role=\"button\" data-toggle=\"collapse\" data-target=\"#10d014ee5cbddfdfb\" href=\"#10d014ee5cbddfdfb\"><span class=\"fusion-toggle-icon-wrapper\" aria-hidden=\"true\"><i class=\"fa-fusion-box active-icon awb-icon-minus\" aria-hidden=\"true\"><\/i><i class=\"fa-fusion-box inactive-icon awb-icon-plus\" aria-hidden=\"true\"><\/i><\/span><span class=\"fusion-toggle-heading\">INFORMATIONS- UND DOKUMENTATIONSZENTRUM ARMENIEN BERLIN<\/span><\/a><\/h4><\/div><div id=\"10d014ee5cbddfdfb\" class=\"panel-collapse collapse\" aria-labelledby=\"toggle_10d014ee5cbddfdfb\"><div class=\"panel-body toggle-content fusion-clearfix\">\n<p>Informations- und Dokumentationszentrum Armenien<br \/>\nc\/o Frau Dr. Phil. Tessa HOFMANN<br \/>\nMainauer Str. 9\/2, 12161 BERLIN,<br \/>\nTel.: 030-8384208<br \/>\nE-Mail: tessa.hofmann (at) aga-online.org<br \/>\nWeb: <a href=\"http:\/\/aga-online.org\">aga-online.org<\/a><\/p>\n<\/div><\/div><\/div><div class=\"fusion-panel panel-default panel-26cab33ba78e72bbd fusion-toggle-has-divider\"><div class=\"panel-heading\"><h4 class=\"panel-title toggle\" id=\"toggle_26cab33ba78e72bbd\"><a aria-expanded=\"false\" aria-controls=\"26cab33ba78e72bbd\" role=\"button\" data-toggle=\"collapse\" data-target=\"#26cab33ba78e72bbd\" href=\"#26cab33ba78e72bbd\"><span class=\"fusion-toggle-icon-wrapper\" aria-hidden=\"true\"><i class=\"fa-fusion-box active-icon awb-icon-minus\" aria-hidden=\"true\"><\/i><i class=\"fa-fusion-box inactive-icon awb-icon-plus\" aria-hidden=\"true\"><\/i><\/span><span class=\"fusion-toggle-heading\">AGA - ARBEITSGRUPPE ANERKENNUNG<\/span><\/a><\/h4><\/div><div id=\"26cab33ba78e72bbd\" class=\"panel-collapse collapse\" aria-labelledby=\"toggle_26cab33ba78e72bbd\"><div class=\"panel-body toggle-content fusion-clearfix\">\n<p><b>Arbeitsgruppe Anerkennung &#8211; gegen Genozid,<br \/>\nf\u00fcr V\u00f6lkerverst\u00e4ndigung <\/b><b>e<\/b><b>. V.<br \/>\n<\/b>Postfach 41 10 24,12120 BERLIN<br \/>\nTel.:\u00a0\u00a0030-8516409, Fax: 030-8517974<br \/>\nE-Mail: info (at) aga-online.org<br \/>\nWeb: <a href=\"http:\/\/aga-online.org\">aga-online.org<\/a><\/p>\n<\/div><\/div><\/div><div class=\"fusion-panel panel-default panel-680430643138d1c31 fusion-toggle-has-divider\"><div class=\"panel-heading\"><h4 class=\"panel-title toggle\" id=\"toggle_680430643138d1c31\"><a aria-expanded=\"false\" aria-controls=\"680430643138d1c31\" role=\"button\" data-toggle=\"collapse\" data-target=\"#680430643138d1c31\" href=\"#680430643138d1c31\"><span class=\"fusion-toggle-icon-wrapper\" aria-hidden=\"true\"><i class=\"fa-fusion-box active-icon awb-icon-minus\" aria-hidden=\"true\"><\/i><i class=\"fa-fusion-box inactive-icon awb-icon-plus\" aria-hidden=\"true\"><\/i><\/span><span class=\"fusion-toggle-heading\">VADM<\/span><\/a><\/h4><\/div><div id=\"680430643138d1c31\" class=\"panel-collapse collapse\" aria-labelledby=\"toggle_680430643138d1c31\"><div class=\"panel-body toggle-content fusion-clearfix\">\n<p>Verein Armenisch-Deutscher Mediziner in Deutschland e.V<br \/>\nc\/o Srbuhi Martirosyan<br \/>\nLinienstrasse 126, 10115 Berlin<br \/>\nTelefon: +493083033416, +4917657091144<br \/>\nFax: +493083091144<br \/>\nE-Mail: 1990.vadm (at) gmail.com<br \/>\n<a href=\"http:\/\/vadm.eu\/de\/start\">http:\/\/vadm.eu\/de\/start\u00a0<\/a><\/p>\n<\/div><\/div><\/div><div class=\"fusion-panel panel-default panel-fd7b6e2bb030d2e1c fusion-toggle-has-divider\"><div class=\"panel-heading\"><h4 class=\"panel-title toggle\" id=\"toggle_fd7b6e2bb030d2e1c\"><a aria-expanded=\"false\" aria-controls=\"fd7b6e2bb030d2e1c\" role=\"button\" data-toggle=\"collapse\" data-target=\"#fd7b6e2bb030d2e1c\" href=\"#fd7b6e2bb030d2e1c\"><span class=\"fusion-toggle-icon-wrapper\" aria-hidden=\"true\"><i class=\"fa-fusion-box active-icon awb-icon-minus\" aria-hidden=\"true\"><\/i><i class=\"fa-fusion-box inactive-icon awb-icon-plus\" aria-hidden=\"true\"><\/i><\/span><span class=\"fusion-toggle-heading\">ARMENISCHER UNTERNEHMERVEREIN e. V.<\/span><\/a><\/h4><\/div><div id=\"fd7b6e2bb030d2e1c\" class=\"panel-collapse collapse\" aria-labelledby=\"toggle_fd7b6e2bb030d2e1c\"><div class=\"panel-body toggle-content fusion-clearfix\">\n<p>Allensteiner Str. 5, 50735 K\u00d6LN<br \/>\nTel.: 0221-4202013, 0157-75206303<br \/>\nFax: 0221-4210840<br \/>\nE-Mail: murat (at) akyueznet.de<\/p>\n<\/div><\/div><\/div><div class=\"fusion-panel panel-default panel-0ae176e650ff04a3e fusion-toggle-has-divider\"><div class=\"panel-heading\"><h4 class=\"panel-title toggle\" id=\"toggle_0ae176e650ff04a3e\"><a aria-expanded=\"false\" aria-controls=\"0ae176e650ff04a3e\" role=\"button\" data-toggle=\"collapse\" data-target=\"#0ae176e650ff04a3e\" href=\"#0ae176e650ff04a3e\"><span class=\"fusion-toggle-icon-wrapper\" aria-hidden=\"true\"><i class=\"fa-fusion-box active-icon awb-icon-minus\" aria-hidden=\"true\"><\/i><i class=\"fa-fusion-box inactive-icon awb-icon-plus\" aria-hidden=\"true\"><\/i><\/span><span class=\"fusion-toggle-heading\">INSTITUT F\u00dcR ARMENISCHE FRAGEN e. V<\/span><\/a><\/h4><\/div><div id=\"0ae176e650ff04a3e\" class=\"panel-collapse collapse\" aria-labelledby=\"toggle_0ae176e650ff04a3e\"><div class=\"panel-body toggle-content fusion-clearfix\">\n<p>E-Mail:<b>\u00a0<\/b>info (at) haydat-institut.org<br \/>\nWeb: haydat-institut.de<\/p>\n<\/div><\/div><\/div><div class=\"fusion-panel panel-default panel-a109e07d8a401c5b4 fusion-toggle-has-divider\"><div class=\"panel-heading\"><h4 class=\"panel-title toggle\" id=\"toggle_a109e07d8a401c5b4\"><a aria-expanded=\"false\" aria-controls=\"a109e07d8a401c5b4\" role=\"button\" data-toggle=\"collapse\" data-target=\"#a109e07d8a401c5b4\" href=\"#a109e07d8a401c5b4\"><span class=\"fusion-toggle-icon-wrapper\" aria-hidden=\"true\"><i class=\"fa-fusion-box active-icon awb-icon-minus\" aria-hidden=\"true\"><\/i><i class=\"fa-fusion-box inactive-icon awb-icon-plus\" aria-hidden=\"true\"><\/i><\/span><span class=\"fusion-toggle-heading\">F\u00d6RDERVEREIN LEPSIUS-HAUS POTSDAM e. V.<\/span><\/a><\/h4><\/div><div id=\"a109e07d8a401c5b4\" class=\"panel-collapse collapse\" aria-labelledby=\"toggle_a109e07d8a401c5b4\"><div class=\"panel-body toggle-content fusion-clearfix\">\n<p>Gro\u00dfe Weinmeisterstr. 45, 14469 POTSDAM<br \/>\nTel.: 0331-58164511, Fax: 0331-58164519<br \/>\nE-Mail: info (at) lepsiushaus-potsdam.de<br \/>\nWeb: <a href=\"http:\/\/www.lepsiushaus-potsdam.de\/\" target=\"_blank\" rel=\"noopener noreferrer\">lepsiushaus-potsdam.de<\/a><\/p>\n<\/div><\/div><\/div><div class=\"fusion-panel panel-default panel-98c73bcfac16cb75c fusion-toggle-has-divider\"><div class=\"panel-heading\"><h4 class=\"panel-title toggle\" id=\"toggle_98c73bcfac16cb75c\"><a aria-expanded=\"false\" aria-controls=\"98c73bcfac16cb75c\" role=\"button\" data-toggle=\"collapse\" data-target=\"#98c73bcfac16cb75c\" href=\"#98c73bcfac16cb75c\"><span class=\"fusion-toggle-icon-wrapper\" aria-hidden=\"true\"><i class=\"fa-fusion-box active-icon awb-icon-minus\" aria-hidden=\"true\"><\/i><i class=\"fa-fusion-box inactive-icon awb-icon-plus\" aria-hidden=\"true\"><\/i><\/span><span class=\"fusion-toggle-heading\">ARMEN. HILFSWERK IN DEUTSCHLAND e. V. - H.O.M<\/span><\/a><\/h4><\/div><div id=\"98c73bcfac16cb75c\" class=\"panel-collapse collapse\" aria-labelledby=\"toggle_98c73bcfac16cb75c\"><div class=\"panel-body toggle-content fusion-clearfix\">\n<p>c\/o Frau Lilit NAZARIAN<br \/>\nGarbenteicher Str. 7, 35415 POHLHEIM<br \/>\nTel.: 0179-7422478<br \/>\nE-Mail: lilitnazarian65 (at) gmail.com<\/p>\n<\/div><\/div><\/div><div class=\"fusion-panel panel-default panel-979ba3ea8f17cf785 fusion-toggle-has-divider\"><div class=\"panel-heading\"><h4 class=\"panel-title toggle\" id=\"toggle_979ba3ea8f17cf785\"><a aria-expanded=\"false\" aria-controls=\"979ba3ea8f17cf785\" role=\"button\" data-toggle=\"collapse\" data-target=\"#979ba3ea8f17cf785\" href=\"#979ba3ea8f17cf785\"><span class=\"fusion-toggle-icon-wrapper\" aria-hidden=\"true\"><i class=\"fa-fusion-box active-icon awb-icon-minus\" aria-hidden=\"true\"><\/i><i class=\"fa-fusion-box inactive-icon awb-icon-plus\" aria-hidden=\"true\"><\/i><\/span><span class=\"fusion-toggle-heading\">DEUTSCH-ARMENISCHE MUSIKGESELLSCHAFT e. V. <\/span><\/a><\/h4><\/div><div id=\"979ba3ea8f17cf785\" class=\"panel-collapse collapse\" aria-labelledby=\"toggle_979ba3ea8f17cf785\"><div class=\"panel-body toggle-content fusion-clearfix\">\n<p>c\/o Frau Ani AGHABEKYAN<br \/>\nKaiserallee 15 B, 76133 KARLSRUHE<br \/>\nTel.: 0176-22745078<br \/>\nE-Mail: info (at) da.mg<br \/>\nWeb: www.da.mg<\/p>\n<\/div><\/div><\/div><\/div><\/div><\/div><\/div><div class=\"fusion-layout-column fusion_builder_column fusion-builder-column-8 fusion_builder_column_1_2 1_2 fusion-flex-column\" style=\"--awb-bg-size:cover;--awb-width-large:50%;--awb-margin-top-large:0px;--awb-spacing-right-large:3.84%;--awb-margin-bottom-large:20px;--awb-spacing-left-large:3.84%;--awb-width-medium:100%;--awb-spacing-right-medium:1.92%;--awb-spacing-left-medium:1.92%;--awb-width-small:100%;--awb-spacing-right-small:1.92%;--awb-spacing-left-small:1.92%;\"><div class=\"fusion-column-wrapper fusion-column-has-shadow fusion-flex-justify-content-flex-start fusion-content-layout-column\"><div class=\"accordian fusion-accordian\" style=\"--awb-border-size:1px;--awb-icon-size:16px;--awb-content-font-size:18px;--awb-icon-alignment:left;--awb-hover-color:#f9f9fb;--awb-border-color:#e2e2e2;--awb-background-color:#ffffff;--awb-divider-color:#ffac00;--awb-divider-hover-color:#ffac00;--awb-icon-color:#ffffff;--awb-title-color:#0f4c81;--awb-content-color:#424242;--awb-icon-box-color:#212934;--awb-toggle-hover-accent-color:#ffa500;--awb-title-font-family:&quot;Zilla Slab&quot;;--awb-title-font-weight:400;--awb-title-font-style:normal;--awb-title-font-size:28px;--awb-content-font-family:&quot;Poppins&quot;;--awb-content-font-style:normal;--awb-content-font-weight:400;\"><div class=\"panel-group fusion-toggle-icon-boxed\" id=\"accordion-5221-6\"><div class=\"fusion-panel panel-default panel-7d4316a7e2c2a5594 fusion-toggle-has-divider\"><div class=\"panel-heading\"><h4 class=\"panel-title toggle\" id=\"toggle_7d4316a7e2c2a5594\"><a aria-expanded=\"false\" aria-controls=\"7d4316a7e2c2a5594\" role=\"button\" data-toggle=\"collapse\" data-target=\"#7d4316a7e2c2a5594\" href=\"#7d4316a7e2c2a5594\"><span class=\"fusion-toggle-icon-wrapper\" aria-hidden=\"true\"><i class=\"fa-fusion-box active-icon awb-icon-minus\" aria-hidden=\"true\"><\/i><i class=\"fa-fusion-box inactive-icon awb-icon-plus\" aria-hidden=\"true\"><\/i><\/span><span class=\"fusion-toggle-heading\">ARMENISCHE GEMEINDE AACHEN e. V.<\/span><\/a><\/h4><\/div><div id=\"7d4316a7e2c2a5594\" class=\"panel-collapse collapse\" aria-labelledby=\"toggle_7d4316a7e2c2a5594\"><div class=\"panel-body toggle-content fusion-clearfix\">\n<p>c\/o Herrn Razmik AVAKIAN<br \/>\nAuf dem Schiefer 27, 52223 Stolberg<br \/>\nTel.: 02402-936313, Fax: 02402-936427<br \/>\nE-Mail: razmikavakian (at) aol.com<br \/>\nWeb: <a href=\"http:\/\/armenische-gemeinde-aachen.de\/\" target=\"_blank\" rel=\"noopener noreferrer\">armenische-gemeinde-aachen.de<\/a><\/p>\n<\/div><\/div><\/div><div class=\"fusion-panel panel-default panel-fcf11792ed037c90b fusion-toggle-has-divider\"><div class=\"panel-heading\"><h4 class=\"panel-title toggle\" id=\"toggle_fcf11792ed037c90b\"><a aria-expanded=\"false\" aria-controls=\"fcf11792ed037c90b\" role=\"button\" data-toggle=\"collapse\" data-target=\"#fcf11792ed037c90b\" href=\"#fcf11792ed037c90b\"><span class=\"fusion-toggle-icon-wrapper\" aria-hidden=\"true\"><i class=\"fa-fusion-box active-icon awb-icon-minus\" aria-hidden=\"true\"><\/i><i class=\"fa-fusion-box inactive-icon awb-icon-plus\" aria-hidden=\"true\"><\/i><\/span><span class=\"fusion-toggle-heading\">ARM. - DEUTSCH. KULTURVEREIN e. V. NECKARSULM<\/span><\/a><\/h4><\/div><div id=\"fcf11792ed037c90b\" class=\"panel-collapse collapse\" aria-labelledby=\"toggle_fcf11792ed037c90b\"><div class=\"panel-body toggle-content fusion-clearfix\">\n<p>c\/o Herrn Artur KARAKAS<br \/>\nSchickhardtstr. 65, 74076 HEILBRONN<br \/>\nTel.: 07131-7903406<br \/>\nE-Mail: karakas.suzan.artur (at) gmail.com<\/p>\n<\/div><\/div><\/div><div class=\"fusion-panel panel-default panel-b2d5aa40b06140aff fusion-toggle-has-divider\"><div class=\"panel-heading\"><h4 class=\"panel-title toggle\" id=\"toggle_b2d5aa40b06140aff\"><a aria-expanded=\"false\" aria-controls=\"b2d5aa40b06140aff\" role=\"button\" data-toggle=\"collapse\" data-target=\"#b2d5aa40b06140aff\" href=\"#b2d5aa40b06140aff\"><span class=\"fusion-toggle-icon-wrapper\" aria-hidden=\"true\"><i class=\"fa-fusion-box active-icon awb-icon-minus\" aria-hidden=\"true\"><\/i><i class=\"fa-fusion-box inactive-icon awb-icon-plus\" aria-hidden=\"true\"><\/i><\/span><span class=\"fusion-toggle-heading\">ARMENISCHE GEMEINDE ZU BERLIN e. V.<\/span><\/a><\/h4><\/div><div id=\"b2d5aa40b06140aff\" class=\"panel-collapse collapse\" aria-labelledby=\"toggle_b2d5aa40b06140aff\"><div class=\"panel-body toggle-content fusion-clearfix\">\n<p>Postfach 12 02 38, 10592 BERLIN<br \/>\nGemeindehaus \u201eHay Dun\u201c<br \/>\nSophie-Charlotten-Str. 113 a, 14059 BERLIN<br \/>\nTel.: 030-3413965, Fax: 030-3482412<br \/>\nE-Mail: armenische-gemeinde-zu-berlin (at) web.de<br \/>\nWeb: <a href=\"https:\/\/www.armenische-gemeinde-zu-berlin.de\/\" target=\"_blank\" rel=\"noopener noreferrer\">armenische-gemeinde-zu-berlin.de<\/a><\/p>\n<\/div><\/div><\/div><div class=\"fusion-panel panel-default panel-bd0d624fe30ec8899 fusion-toggle-has-divider\"><div class=\"panel-heading\"><h4 class=\"panel-title toggle\" id=\"toggle_bd0d624fe30ec8899\"><a aria-expanded=\"false\" aria-controls=\"bd0d624fe30ec8899\" role=\"button\" data-toggle=\"collapse\" data-target=\"#bd0d624fe30ec8899\" href=\"#bd0d624fe30ec8899\"><span class=\"fusion-toggle-icon-wrapper\" aria-hidden=\"true\"><i class=\"fa-fusion-box active-icon awb-icon-minus\" aria-hidden=\"true\"><\/i><i class=\"fa-fusion-box inactive-icon awb-icon-plus\" aria-hidden=\"true\"><\/i><\/span><span class=\"fusion-toggle-heading\">ARMENISCHER KULTURVEREIN IN HESSEN e. V.<\/span><\/a><\/h4><\/div><div id=\"bd0d624fe30ec8899\" class=\"panel-collapse collapse\" aria-labelledby=\"toggle_bd0d624fe30ec8899\"><div class=\"panel-body toggle-content fusion-clearfix\">\n<p>Postfach 10 01 29, 60001 FRANKFURT\/MAIN<br \/>\nE-Mail: info (at) armenier-frankfurt.de<br \/>\nWeb: <a href=\"http:\/\/armenier-frankfurt.de\/\" target=\"_blank\" rel=\"noopener noreferrer\">armenier-frankfurt.de<\/a><\/p>\n<\/div><\/div><\/div><div class=\"fusion-panel panel-default panel-2cc59be271583b11f fusion-toggle-has-divider\"><div class=\"panel-heading\"><h4 class=\"panel-title toggle\" id=\"toggle_2cc59be271583b11f\"><a aria-expanded=\"false\" aria-controls=\"2cc59be271583b11f\" role=\"button\" data-toggle=\"collapse\" data-target=\"#2cc59be271583b11f\" href=\"#2cc59be271583b11f\"><span class=\"fusion-toggle-icon-wrapper\" aria-hidden=\"true\"><i class=\"fa-fusion-box active-icon awb-icon-minus\" aria-hidden=\"true\"><\/i><i class=\"fa-fusion-box inactive-icon awb-icon-plus\" aria-hidden=\"true\"><\/i><\/span><span class=\"fusion-toggle-heading\">ARMENISCHE GEMEINDE ZU HAMBURG e. V.<\/span><\/a><\/h4><\/div><div id=\"2cc59be271583b11f\" class=\"panel-collapse collapse\" aria-labelledby=\"toggle_2cc59be271583b11f\"><div class=\"panel-body toggle-content fusion-clearfix\">\n<p>Helbingstr. 50-52, 22047 HAMBURG<br \/>\nE-Mail: info (at) armenier-hamburg.de<br \/>\nWeb: <a href=\"http:\/\/www.armenier-hamburg.de\">www.armenier-hamburg.de<\/a><\/p>\n<\/div><\/div><\/div><div class=\"fusion-panel panel-default panel-9511c0b792caa2878 fusion-toggle-has-divider\"><div class=\"panel-heading\"><h4 class=\"panel-title toggle\" id=\"toggle_9511c0b792caa2878\"><a aria-expanded=\"false\" aria-controls=\"9511c0b792caa2878\" role=\"button\" data-toggle=\"collapse\" data-target=\"#9511c0b792caa2878\" href=\"#9511c0b792caa2878\"><span class=\"fusion-toggle-icon-wrapper\" aria-hidden=\"true\"><i class=\"fa-fusion-box active-icon awb-icon-minus\" aria-hidden=\"true\"><\/i><i class=\"fa-fusion-box inactive-icon awb-icon-plus\" aria-hidden=\"true\"><\/i><\/span><span class=\"fusion-toggle-heading\">SILVA KAPUTIKIAN- ARMEN. FRAUENVEREIN e. V.<\/span><\/a><\/h4><\/div><div id=\"9511c0b792caa2878\" class=\"panel-collapse collapse\" aria-labelledby=\"toggle_9511c0b792caa2878\"><div class=\"panel-body toggle-content fusion-clearfix\">\n<p>Postfach 19 01 07, 50498 K\u00d6LN<br \/>\nTel.: 0173-7227760,<br \/>\nE-Mail: info (at) silvakaputikian.com<br \/>\nWeb: <a href=\"http:\/\/www.silvakaputikian.com\">www.silvakaputikian.com<\/a><\/p>\n<\/div><\/div><\/div><div class=\"fusion-panel panel-default panel-d5bd491faed3fa7c7 fusion-toggle-has-divider\"><div class=\"panel-heading\"><h4 class=\"panel-title toggle\" id=\"toggle_d5bd491faed3fa7c7\"><a aria-expanded=\"false\" aria-controls=\"d5bd491faed3fa7c7\" role=\"button\" data-toggle=\"collapse\" data-target=\"#d5bd491faed3fa7c7\" href=\"#d5bd491faed3fa7c7\"><span class=\"fusion-toggle-icon-wrapper\" aria-hidden=\"true\"><i class=\"fa-fusion-box active-icon awb-icon-minus\" aria-hidden=\"true\"><\/i><i class=\"fa-fusion-box inactive-icon awb-icon-plus\" aria-hidden=\"true\"><\/i><\/span><span class=\"fusion-toggle-heading\">LUJS-VEREIN ZUR F\u00d6RDERUNG DER ARMENISCHEN KULTUR IN KAISERSLAUTERN e. V.<\/span><\/a><\/h4><\/div><div id=\"d5bd491faed3fa7c7\" class=\"panel-collapse collapse\" aria-labelledby=\"toggle_d5bd491faed3fa7c7\"><div class=\"panel-body toggle-content fusion-clearfix\">\n<p>Herrn Artur HARUTYUNYAN<br \/>\nSch\u00e4ferstr. 1, 65659 KAISERSLAUTERN<br \/>\nTel.: 0631-2054980,<br \/>\nE-Mail: lujs.ev.kl (at) gmail.com<\/p>\n<\/div><\/div><\/div><div class=\"fusion-panel panel-default panel-87665d1fdfbf5270d fusion-toggle-has-divider\"><div class=\"panel-heading\"><h4 class=\"panel-title toggle\" id=\"toggle_87665d1fdfbf5270d\"><a aria-expanded=\"false\" aria-controls=\"87665d1fdfbf5270d\" role=\"button\" data-toggle=\"collapse\" data-target=\"#87665d1fdfbf5270d\" href=\"#87665d1fdfbf5270d\"><span class=\"fusion-toggle-icon-wrapper\" aria-hidden=\"true\"><i class=\"fa-fusion-box active-icon awb-icon-minus\" aria-hidden=\"true\"><\/i><i class=\"fa-fusion-box inactive-icon awb-icon-plus\" aria-hidden=\"true\"><\/i><\/span><span class=\"fusion-toggle-heading\">ARMENISCHER ARARAT-KULTURVEREIN e. V.<\/span><\/a><\/h4><\/div><div id=\"87665d1fdfbf5270d\" class=\"panel-collapse collapse\" aria-labelledby=\"toggle_87665d1fdfbf5270d\"><div class=\"panel-body toggle-content fusion-clearfix\">\n<p>Postfach 420 103, 68280 MANNHEIM<br \/>\nFrau Rhoda Abrahamian, Tel.: 0170-4928382<br \/>\nE-Mail: ararat_mannheim (at) yahoo.de<br \/>\nWeb: <a href=\"http:\/\/www.ararat-mannheim.com\" target=\"_blank\" rel=\"noopener noreferrer\">www.ararat-mannheim.com<\/a><\/p>\n<\/div><\/div><\/div><div class=\"fusion-panel panel-default panel-c4be5f6ded88b51f8 fusion-toggle-has-divider\"><div class=\"panel-heading\"><h4 class=\"panel-title toggle\" id=\"toggle_c4be5f6ded88b51f8\"><a aria-expanded=\"false\" aria-controls=\"c4be5f6ded88b51f8\" role=\"button\" data-toggle=\"collapse\" data-target=\"#c4be5f6ded88b51f8\" href=\"#c4be5f6ded88b51f8\"><span class=\"fusion-toggle-icon-wrapper\" aria-hidden=\"true\"><i class=\"fa-fusion-box active-icon awb-icon-minus\" aria-hidden=\"true\"><\/i><i class=\"fa-fusion-box inactive-icon awb-icon-plus\" aria-hidden=\"true\"><\/i><\/span><span class=\"fusion-toggle-heading\">HOMENETMEN MUNICH e. V.<\/span><\/a><\/h4><\/div><div id=\"c4be5f6ded88b51f8\" class=\"panel-collapse collapse\" aria-labelledby=\"toggle_c4be5f6ded88b51f8\"><div class=\"panel-body toggle-content fusion-clearfix\">\n<p>AWO-M\u00fcnchen-Moosach<br \/>\nGubestr. 5, 80992 M\u00dcNCHEN<br \/>\nE-Mail: homenetmen.deutschland (at) gmail.com<\/p>\n<\/div><\/div><\/div><div class=\"fusion-panel panel-default panel-7ffa39051b661d99a fusion-toggle-has-divider\"><div class=\"panel-heading\"><h4 class=\"panel-title toggle\" id=\"toggle_7ffa39051b661d99a\"><a aria-expanded=\"false\" aria-controls=\"7ffa39051b661d99a\" role=\"button\" data-toggle=\"collapse\" data-target=\"#7ffa39051b661d99a\" href=\"#7ffa39051b661d99a\"><span class=\"fusion-toggle-icon-wrapper\" aria-hidden=\"true\"><i class=\"fa-fusion-box active-icon awb-icon-minus\" aria-hidden=\"true\"><\/i><i class=\"fa-fusion-box inactive-icon awb-icon-plus\" aria-hidden=\"true\"><\/i><\/span><span class=\"fusion-toggle-heading\">ARMENISCHE KULTURGEMEINDE LEIPZIG e. V.<\/span><\/a><\/h4><\/div><div id=\"7ffa39051b661d99a\" class=\"panel-collapse collapse\" aria-labelledby=\"toggle_7ffa39051b661d99a\"><div class=\"panel-body toggle-content fusion-clearfix\">\n<p>Riesaer Str. 66, 04328 Leipzig,<br \/>\nTel.: 0341-2289908<br \/>\nE-Mail: info (at) armenier-leipzig.com<\/p>\n<\/div><\/div><\/div><div class=\"fusion-panel panel-default panel-e59419a7b003844d7 fusion-toggle-has-divider\"><div class=\"panel-heading\"><h4 class=\"panel-title toggle\" id=\"toggle_e59419a7b003844d7\"><a aria-expanded=\"false\" aria-controls=\"e59419a7b003844d7\" role=\"button\" data-toggle=\"collapse\" data-target=\"#e59419a7b003844d7\" href=\"#e59419a7b003844d7\"><span class=\"fusion-toggle-icon-wrapper\" aria-hidden=\"true\"><i class=\"fa-fusion-box active-icon awb-icon-minus\" aria-hidden=\"true\"><\/i><i class=\"fa-fusion-box inactive-icon awb-icon-plus\" aria-hidden=\"true\"><\/i><\/span><span class=\"fusion-toggle-heading\">ARM. KULTURVEREIN IN BADEN-W\u00dcRTTEMBERG e. V.<\/span><\/a><\/h4><\/div><div id=\"e59419a7b003844d7\" class=\"panel-collapse collapse\" aria-labelledby=\"toggle_e59419a7b003844d7\"><div class=\"panel-body toggle-content fusion-clearfix\">\n<p>c\/o Herrn Kevork BEGZIAN<br \/>\nPostfach 100209, 70002 STUTTGART,<br \/>\nTel.: 0711-4708628<\/p>\n<\/div><\/div><\/div><\/div><\/div><\/div><\/div><div class=\"fusion-layout-column fusion_builder_column fusion-builder-column-9 fusion_builder_column_1_2 1_2 fusion-flex-column\" style=\"--awb-bg-size:cover;--awb-width-large:50%;--awb-margin-top-large:0px;--awb-spacing-right-large:3.84%;--awb-margin-bottom-large:20px;--awb-spacing-left-large:3.84%;--awb-width-medium:100%;--awb-spacing-right-medium:1.92%;--awb-spacing-left-medium:1.92%;--awb-width-small:100%;--awb-spacing-right-small:1.92%;--awb-spacing-left-small:1.92%;\"><div class=\"fusion-column-wrapper fusion-column-has-shadow fusion-flex-justify-content-flex-start fusion-content-layout-column\"><div class=\"accordian fusion-accordian\" style=\"--awb-border-size:1px;--awb-icon-size:16px;--awb-content-font-size:18px;--awb-icon-alignment:left;--awb-hover-color:#f9f9fb;--awb-border-color:#e2e2e2;--awb-background-color:#ffffff;--awb-divider-color:#ffac00;--awb-divider-hover-color:#ffac00;--awb-icon-color:#ffffff;--awb-title-color:#0f4c81;--awb-content-color:#424242;--awb-icon-box-color:#212934;--awb-toggle-hover-accent-color:#ffa500;--awb-title-font-family:&quot;Zilla Slab&quot;;--awb-title-font-weight:400;--awb-title-font-style:normal;--awb-title-font-size:28px;--awb-content-font-family:&quot;Poppins&quot;;--awb-content-font-style:normal;--awb-content-font-weight:400;\"><div class=\"panel-group fusion-toggle-icon-boxed\" id=\"accordion-5221-7\"><div class=\"fusion-panel panel-default panel-0dc56b01ecdb3ae44 fusion-toggle-has-divider\"><div class=\"panel-heading\"><h4 class=\"panel-title toggle\" id=\"toggle_0dc56b01ecdb3ae44\"><a aria-expanded=\"false\" aria-controls=\"0dc56b01ecdb3ae44\" role=\"button\" data-toggle=\"collapse\" data-target=\"#0dc56b01ecdb3ae44\" href=\"#0dc56b01ecdb3ae44\"><span class=\"fusion-toggle-icon-wrapper\" aria-hidden=\"true\"><i class=\"fa-fusion-box active-icon awb-icon-minus\" aria-hidden=\"true\"><\/i><i class=\"fa-fusion-box inactive-icon awb-icon-plus\" aria-hidden=\"true\"><\/i><\/span><span class=\"fusion-toggle-heading\">ARMENISCHE LANDSMANNSCHAFT ZU BAYERN e. V.<\/span><\/a><\/h4><\/div><div id=\"0dc56b01ecdb3ae44\" class=\"panel-collapse collapse\" aria-labelledby=\"toggle_0dc56b01ecdb3ae44\"><div class=\"panel-body toggle-content fusion-clearfix\">\n<p>c\/o Ani Telian<br \/>\nFritz-Kortner-Bogen 11, 81739 M\u00dcNCHEN<br \/>\nTel.: 0179-5934306,<br \/>\nE-Mail: info (at) armenier-muenchen.de<br \/>\nWeb: www.armenier-muenchen.de<\/p>\n<\/div><\/div><\/div><div class=\"fusion-panel panel-default panel-a7987f6cd15108952 fusion-toggle-has-divider\"><div class=\"panel-heading\"><h4 class=\"panel-title toggle\" id=\"toggle_a7987f6cd15108952\"><a aria-expanded=\"false\" aria-controls=\"a7987f6cd15108952\" role=\"button\" data-toggle=\"collapse\" data-target=\"#a7987f6cd15108952\" href=\"#a7987f6cd15108952\"><span class=\"fusion-toggle-icon-wrapper\" aria-hidden=\"true\"><i class=\"fa-fusion-box active-icon awb-icon-minus\" aria-hidden=\"true\"><\/i><i class=\"fa-fusion-box inactive-icon awb-icon-plus\" aria-hidden=\"true\"><\/i><\/span><span class=\"fusion-toggle-heading\">DEUTSCH-ARMENISCHER STUDENTENCLUB HAIK e. V. <\/span><\/a><\/h4><\/div><div id=\"a7987f6cd15108952\" class=\"panel-collapse collapse\" aria-labelledby=\"toggle_a7987f6cd15108952\"><div class=\"panel-body toggle-content fusion-clearfix\">\n<p>Olof-Palme Stra\u00dfe 13, 60439 Frankfurt\/Main<br \/>\nTel.: 0173-3557315<br \/>\nE-Mail: office (at) haiknet.de<br \/>\nWeb: www.haiknet.de<\/p>\n<\/div><\/div><\/div><div class=\"fusion-panel panel-default panel-b22952ef91bce4a8c fusion-toggle-has-divider\"><div class=\"panel-heading\"><h4 class=\"panel-title toggle\" id=\"toggle_b22952ef91bce4a8c\"><a aria-expanded=\"false\" aria-controls=\"b22952ef91bce4a8c\" role=\"button\" data-toggle=\"collapse\" data-target=\"#b22952ef91bce4a8c\" href=\"#b22952ef91bce4a8c\"><span class=\"fusion-toggle-icon-wrapper\" aria-hidden=\"true\"><i class=\"fa-fusion-box active-icon awb-icon-minus\" aria-hidden=\"true\"><\/i><i class=\"fa-fusion-box inactive-icon awb-icon-plus\" aria-hidden=\"true\"><\/i><\/span><span class=\"fusion-toggle-heading\">ASSOCIATION OF THE EUROPEAN &amp; ARMENIAN EXPERTS e. V.<\/span><\/a><\/h4><\/div><div id=\"b22952ef91bce4a8c\" class=\"panel-collapse collapse\" aria-labelledby=\"toggle_b22952ef91bce4a8c\"><div class=\"panel-body toggle-content fusion-clearfix\">\n<p>Linienstr. 126, 10115 BERLIN<br \/>\nTel.: 030-83033416, Fax: 030-83033416<br \/>\nE-Mail: info (at) aeae.eu<br \/>\nWeb: www.aeae.eu<\/p>\n<\/div><\/div><\/div><div class=\"fusion-panel panel-default panel-bc180e31a19d71edb fusion-toggle-has-divider\"><div class=\"panel-heading\"><h4 class=\"panel-title toggle\" id=\"toggle_bc180e31a19d71edb\"><a aria-expanded=\"false\" aria-controls=\"bc180e31a19d71edb\" role=\"button\" data-toggle=\"collapse\" data-target=\"#bc180e31a19d71edb\" href=\"#bc180e31a19d71edb\"><span class=\"fusion-toggle-icon-wrapper\" aria-hidden=\"true\"><i class=\"fa-fusion-box active-icon awb-icon-minus\" aria-hidden=\"true\"><\/i><i class=\"fa-fusion-box inactive-icon awb-icon-plus\" aria-hidden=\"true\"><\/i><\/span><span class=\"fusion-toggle-heading\">ARI-JUGENDVERBAND e. V.<\/span><\/a><\/h4><\/div><div id=\"bc180e31a19d71edb\" class=\"panel-collapse collapse\" aria-labelledby=\"toggle_bc180e31a19d71edb\"><div class=\"panel-body toggle-content fusion-clearfix\">\n<p>c\/o Herrn Albert GRIGORYAN<br \/>\nHolzh\u00e4user Weg 12, 65321 HEIDENROD<br \/>\nE-Mail: info (at) arijt.de<\/p>\n<\/div><\/div><\/div><\/div><\/div><\/div><\/div><div class=\"fusion-layout-column fusion_builder_column fusion-builder-column-10 fusion_builder_column_1_2 1_2 fusion-flex-column\" style=\"--awb-bg-size:cover;--awb-width-large:50%;--awb-margin-top-large:0px;--awb-spacing-right-large:3.84%;--awb-margin-bottom-large:20px;--awb-spacing-left-large:3.84%;--awb-width-medium:100%;--awb-spacing-right-medium:1.92%;--awb-spacing-left-medium:1.92%;--awb-width-small:100%;--awb-spacing-right-small:1.92%;--awb-spacing-left-small:1.92%;\"><div class=\"fusion-column-wrapper fusion-column-has-shadow fusion-flex-justify-content-flex-start fusion-content-layout-column\"><div class=\"accordian fusion-accordian\" style=\"--awb-border-size:1px;--awb-icon-size:16px;--awb-content-font-size:18px;--awb-icon-alignment:left;--awb-hover-color:#f9f9fb;--awb-border-color:#e2e2e2;--awb-background-color:#ffffff;--awb-divider-color:#ffac00;--awb-divider-hover-color:#ffac00;--awb-icon-color:#ffffff;--awb-title-color:#0f4c81;--awb-content-color:#424242;--awb-icon-box-color:#212934;--awb-toggle-hover-accent-color:#ffa500;--awb-title-font-family:&quot;Zilla Slab&quot;;--awb-title-font-weight:400;--awb-title-font-style:normal;--awb-title-font-size:28px;--awb-content-font-family:&quot;Poppins&quot;;--awb-content-font-style:normal;--awb-content-font-weight:400;\"><div class=\"panel-group fusion-toggle-icon-boxed\" id=\"accordion-5221-8\"><div class=\"fusion-panel panel-default panel-83c262f6c1a9c1e20 fusion-toggle-has-divider\"><div class=\"panel-heading\"><h4 class=\"panel-title toggle\" id=\"toggle_83c262f6c1a9c1e20\"><a aria-expanded=\"false\" aria-controls=\"83c262f6c1a9c1e20\" role=\"button\" data-toggle=\"collapse\" data-target=\"#83c262f6c1a9c1e20\" href=\"#83c262f6c1a9c1e20\"><span class=\"fusion-toggle-icon-wrapper\" aria-hidden=\"true\"><i class=\"fa-fusion-box active-icon awb-icon-minus\" aria-hidden=\"true\"><\/i><i class=\"fa-fusion-box inactive-icon awb-icon-plus\" aria-hidden=\"true\"><\/i><\/span><span class=\"fusion-toggle-heading\">ARMENISCHE GEMEINDE TH\u00dcRINGEN e. V.<\/span><\/a><\/h4><\/div><div id=\"83c262f6c1a9c1e20\" class=\"panel-collapse collapse\" aria-labelledby=\"toggle_83c262f6c1a9c1e20\"><div class=\"panel-body toggle-content fusion-clearfix\">\n<p>c\/o Herrn Andranik VARDANYAN<br \/>\nPrager Str. 2\/0605, 99091 ERFURT,<br \/>\nTel.: 0176-312 263 87<br \/>\nE-Mail: info (at) armenier-thueringen.de<\/p>\n<\/div><\/div><\/div><div class=\"fusion-panel panel-default panel-e0ac520935a29a982 fusion-toggle-has-divider\"><div class=\"panel-heading\"><h4 class=\"panel-title toggle\" id=\"toggle_e0ac520935a29a982\"><a aria-expanded=\"false\" aria-controls=\"e0ac520935a29a982\" role=\"button\" data-toggle=\"collapse\" data-target=\"#e0ac520935a29a982\" href=\"#e0ac520935a29a982\"><span class=\"fusion-toggle-icon-wrapper\" aria-hidden=\"true\"><i class=\"fa-fusion-box active-icon awb-icon-minus\" aria-hidden=\"true\"><\/i><i class=\"fa-fusion-box inactive-icon awb-icon-plus\" aria-hidden=\"true\"><\/i><\/span><span class=\"fusion-toggle-heading\">ARMENISCHER FRAUENVEREIN 2015 e. V.<\/span><\/a><\/h4><\/div><div id=\"e0ac520935a29a982\" class=\"panel-collapse collapse\" aria-labelledby=\"toggle_e0ac520935a29a982\"><div class=\"panel-body toggle-content fusion-clearfix\">\n<p>Bergerstr. 269 A, 60385 FRANKFURT<br \/>\nE-Mail: a.akyuez (at) t-online.de<\/p>\n<\/div><\/div><\/div><div class=\"fusion-panel panel-default panel-28507f66a58c89bee fusion-toggle-has-divider\"><div class=\"panel-heading\"><h4 class=\"panel-title toggle\" id=\"toggle_28507f66a58c89bee\"><a aria-expanded=\"false\" aria-controls=\"28507f66a58c89bee\" role=\"button\" data-toggle=\"collapse\" data-target=\"#28507f66a58c89bee\" href=\"#28507f66a58c89bee\"><span class=\"fusion-toggle-icon-wrapper\" aria-hidden=\"true\"><i class=\"fa-fusion-box active-icon awb-icon-minus\" aria-hidden=\"true\"><\/i><i class=\"fa-fusion-box inactive-icon awb-icon-plus\" aria-hidden=\"true\"><\/i><\/span><span class=\"fusion-toggle-heading\">EUROPEAN CENTER FOR ARTSAKH e. V.<\/span><\/a><\/h4><\/div><div id=\"28507f66a58c89bee\" class=\"panel-collapse collapse\" aria-labelledby=\"toggle_28507f66a58c89bee\"><div class=\"panel-body toggle-content fusion-clearfix\">\n<p>Herrn H. GRIGORYAN, c\/o ZIEHER<br \/>\nRosenstr. 2, 10178 BERLIN, Tel.: 030-99216553<br \/>\nWeb: www.eucfa.eu<br \/>\nE-Mail: info (at) eucfa.eu<\/p>\n<\/div><\/div><\/div><div class=\"fusion-panel panel-default panel-62765fb5607d30eed fusion-toggle-has-divider\"><div class=\"panel-heading\"><h4 class=\"panel-title toggle\" id=\"toggle_62765fb5607d30eed\"><a aria-expanded=\"false\" aria-controls=\"62765fb5607d30eed\" role=\"button\" data-toggle=\"collapse\" data-target=\"#62765fb5607d30eed\" href=\"#62765fb5607d30eed\"><span class=\"fusion-toggle-icon-wrapper\" aria-hidden=\"true\"><i class=\"fa-fusion-box active-icon awb-icon-minus\" aria-hidden=\"true\"><\/i><i class=\"fa-fusion-box inactive-icon awb-icon-plus\" aria-hidden=\"true\"><\/i><\/span><span class=\"fusion-toggle-heading\">ARMENISCH - DEUTSCHE KORRESPONDENZ (ADK)<\/span><\/a><\/h4><\/div><div id=\"62765fb5607d30eed\" class=\"panel-collapse collapse\" aria-labelledby=\"toggle_62765fb5607d30eed\"><div class=\"panel-body toggle-content fusion-clearfix\">\n<p>c\/o Herrn Dr. Raffi KANTIAN<br \/>\nFerdinand-Wallbrecht-Str. 64, 30163 HANNOVER<br \/>\nTel.: 0511-62 47 33, Fax: 0511-394 15 91<br \/>\nE-Mail: r.kantian (at) t-online.de<\/p>\n<\/div><\/div><\/div><\/div><\/div><\/div><\/div><\/div><\/div><\/p>","protected":false},"excerpt":{"rendered":"","protected":false},"author":1,"featured_media":0,"parent":0,"menu_order":0,"comment_status":"closed","ping_status":"closed","template":"","meta":{"footnotes":""},"class_list":["post-5221","page","type-page","status-publish","hentry"],"_links":{"self":[{"href":"https:\/\/agbw.org\/am\/wp-json\/wp\/v2\/pages\/5221","targetHints":{"allow":["GET"]}}],"collection":[{"href":"https:\/\/agbw.org\/am\/wp-json\/wp\/v2\/pages"}],"about":[{"href":"https:\/\/agbw.org\/am\/wp-json\/wp\/v2\/types\/page"}],"author":[{"embeddable":true,"href":"https:\/\/agbw.org\/am\/wp-json\/wp\/v2\/users\/1"}],"replies":[{"embeddable":true,"href":"https:\/\/agbw.org\/am\/wp-json\/wp\/v2\/comments?post=5221"}],"version-history":[{"count":0,"href":"https:\/\/agbw.org\/am\/wp-json\/wp\/v2\/pages\/5221\/revisions"}],"wp:attachment":[{"href":"https:\/\/agbw.org\/am\/wp-json\/wp\/v2\/media?parent=5221"}],"curies":[{"name":"wp","href":"https:\/\/api.w.org\/{rel}","templated":true}]}}